{"id":3116,"date":"2026-01-25T01:58:12","date_gmt":"2026-01-25T00:58:12","guid":{"rendered":"https:\/\/operaeucharistica.org\/home\/?page_id=3116"},"modified":"2026-04-02T16:00:03","modified_gmt":"2026-04-02T15:00:03","slug":"bibliografia","status":"publish","type":"page","link":"https:\/\/operaeucharistica.org\/home\/bibliografia\/","title":{"rendered":"bibliografia"},"content":{"rendered":"\t\t<div data-elementor-type=\"wp-page\" data-elementor-id=\"3116\" class=\"elementor elementor-3116\" data-elementor-post-type=\"page\">\n\t\t\t\t<div class=\"elementor-element elementor-element-60bd1d8 e-flex e-con-boxed e-con e-parent\" data-id=\"60bd1d8\" data-element_type=\"container\" data-e-type=\"container\" data-settings=\"{&quot;background_background&quot;:&quot;classic&quot;}\">\n\t\t\t\t\t<div class=\"e-con-inner\">\n\t\t\t\t<div class=\"elementor-element elementor-element-4d50414 elementor-widget__width-initial elementor-widget elementor-widget-heading\" data-id=\"4d50414\" data-element_type=\"widget\" data-e-type=\"widget\" data-widget_type=\"heading.default\">\n\t\t\t\t<div class=\"elementor-widget-container\">\n\t\t\t\t\t<h1 class=\"elementor-heading-title elementor-size-default\">Bibliografia <\/h1>\t\t\t\t<\/div>\n\t\t\t\t<\/div>\n\t\t\t\t<div class=\"elementor-element elementor-element-1d4a817 elementor-widget elementor-widget-text-editor\" data-id=\"1d4a817\" data-element_type=\"widget\" data-e-type=\"widget\" data-widget_type=\"text-editor.default\">\n\t\t\t\t<div class=\"elementor-widget-container\">\n\t\t\t\t\t\t\t\t\t<p><strong>Adoremos in Aeternum Sanctissimum Sacramentum<\/strong><\/p>\t\t\t\t\t\t\t\t<\/div>\n\t\t\t\t<\/div>\n\t\t\t\t\t<\/div>\n\t\t\t\t<\/div>\n\t\t<div class=\"elementor-element elementor-element-4a0c4fb e-flex e-con-boxed e-con e-parent\" data-id=\"4a0c4fb\" data-element_type=\"container\" data-e-type=\"container\">\n\t\t\t\t\t<div class=\"e-con-inner\">\n\t\t\t\t<div class=\"elementor-element elementor-element-1d92081 elementor-widget-divider--view-line elementor-widget elementor-widget-divider\" data-id=\"1d92081\" data-element_type=\"widget\" data-e-type=\"widget\" data-widget_type=\"divider.default\">\n\t\t\t\t<div class=\"elementor-widget-container\">\n\t\t\t\t\t\t\t<div class=\"elementor-divider\">\n\t\t\t<span class=\"elementor-divider-separator\">\n\t\t\t\t\t\t<\/span>\n\t\t<\/div>\n\t\t\t\t\t\t<\/div>\n\t\t\t\t<\/div>\n\t\t\t\t<div class=\"elementor-element elementor-element-50dfdc0 elementor-widget__width-inherit elementor-widget elementor-widget-heading\" data-id=\"50dfdc0\" data-element_type=\"widget\" data-e-type=\"widget\" data-widget_type=\"heading.default\">\n\t\t\t\t<div class=\"elementor-widget-container\">\n\t\t\t\t\t<h3 class=\"elementor-heading-title elementor-size-default\">Bibliografia de la FMOEI<\/h3>\t\t\t\t<\/div>\n\t\t\t\t<\/div>\n\t\t\t\t<div class=\"elementor-element elementor-element-e6113b5 elementor-widget__width-initial elementor-position-top elementor-widget elementor-widget-image-box\" data-id=\"e6113b5\" data-element_type=\"widget\" data-e-type=\"widget\" data-widget_type=\"image-box.default\">\n\t\t\t\t<div class=\"elementor-widget-container\">\n\t\t\t\t\t<div class=\"elementor-image-box-wrapper\"><figure class=\"elementor-image-box-img\"><a href=\"https:\/\/www.vatican.va\/content\/john-paul-ii\/es\/encyclicals\/documents\/hf_jp-ii_enc_20030417_eccl-de-euch.html\" tabindex=\"-1\"><img fetchpriority=\"high\" decoding=\"async\" width=\"1080\" height=\"1350\" src=\"https:\/\/operaeucharistica.org\/wp-content\/uploads\/2026\/01\/1.jpg\" class=\"attachment-full size-full wp-image-3122\" alt=\"\" srcset=\"https:\/\/operaeucharistica.org\/wp-content\/uploads\/2026\/01\/1.jpg 1080w, https:\/\/operaeucharistica.org\/wp-content\/uploads\/2026\/01\/1-240x300.jpg 240w, https:\/\/operaeucharistica.org\/wp-content\/uploads\/2026\/01\/1-819x1024.jpg 819w, https:\/\/operaeucharistica.org\/wp-content\/uploads\/2026\/01\/1-768x960.jpg 768w\" sizes=\"(max-width: 1080px) 100vw, 1080px\" \/><\/a><\/figure><div class=\"elementor-image-box-content\"><h3 class=\"elementor-image-box-title\"><a href=\"https:\/\/www.vatican.va\/content\/john-paul-ii\/es\/encyclicals\/documents\/hf_jp-ii_enc_20030417_eccl-de-euch.html\">Enc\u00edclica Ecclesia <br>de Eucharistia<\/a><\/h3><p class=\"elementor-image-box-description\">San Juan Pablo II<\/p><\/div><\/div>\t\t\t\t<\/div>\n\t\t\t\t<\/div>\n\t\t\t\t<div class=\"elementor-element elementor-element-de84cc8 elementor-widget__width-initial elementor-position-top elementor-widget elementor-widget-image-box\" data-id=\"de84cc8\" data-element_type=\"widget\" data-e-type=\"widget\" data-widget_type=\"image-box.default\">\n\t\t\t\t<div class=\"elementor-widget-container\">\n\t\t\t\t\t<div class=\"elementor-image-box-wrapper\"><figure class=\"elementor-image-box-img\"><a href=\"https:\/\/www.vatican.va\/content\/benedict-xvi\/es\/apost_exhortations\/documents\/hf_ben-xvi_exh_20070222_sacramentum-caritatis.html\" tabindex=\"-1\"><img decoding=\"async\" width=\"1080\" height=\"1350\" src=\"https:\/\/operaeucharistica.org\/wp-content\/uploads\/2026\/01\/2.jpg\" class=\"attachment-full size-full wp-image-3123\" alt=\"\" srcset=\"https:\/\/operaeucharistica.org\/wp-content\/uploads\/2026\/01\/2.jpg 1080w, https:\/\/operaeucharistica.org\/wp-content\/uploads\/2026\/01\/2-240x300.jpg 240w, https:\/\/operaeucharistica.org\/wp-content\/uploads\/2026\/01\/2-819x1024.jpg 819w, https:\/\/operaeucharistica.org\/wp-content\/uploads\/2026\/01\/2-768x960.jpg 768w\" sizes=\"(max-width: 1080px) 100vw, 1080px\" \/><\/a><\/figure><div class=\"elementor-image-box-content\"><h3 class=\"elementor-image-box-title\"><a href=\"https:\/\/www.vatican.va\/content\/benedict-xvi\/es\/apost_exhortations\/documents\/hf_ben-xvi_exh_20070222_sacramentum-caritatis.html\">Enc\u00edclica Sacramentum Caritatis<\/a><\/h3><p class=\"elementor-image-box-description\">Benedicto XVI<\/p><\/div><\/div>\t\t\t\t<\/div>\n\t\t\t\t<\/div>\n\t\t\t\t<div class=\"elementor-element elementor-element-9580f8c elementor-widget__width-initial elementor-position-top elementor-widget elementor-widget-image-box\" data-id=\"9580f8c\" data-element_type=\"widget\" data-e-type=\"widget\" data-widget_type=\"image-box.default\">\n\t\t\t\t<div class=\"elementor-widget-container\">\n\t\t\t\t\t<div class=\"elementor-image-box-wrapper\"><figure class=\"elementor-image-box-img\"><a href=\"https:\/\/www.rialp.com\/libro\/visitas-al-santisimo-sacramento-y-a-maria-santisima_92429\/\" tabindex=\"-1\"><img decoding=\"async\" width=\"1080\" height=\"1350\" src=\"https:\/\/operaeucharistica.org\/wp-content\/uploads\/2026\/01\/Copia-de-Semana-Santa-Jerusalem-.jpg\" class=\"attachment-full size-full wp-image-3132\" alt=\"\" srcset=\"https:\/\/operaeucharistica.org\/wp-content\/uploads\/2026\/01\/Copia-de-Semana-Santa-Jerusalem-.jpg 1080w, https:\/\/operaeucharistica.org\/wp-content\/uploads\/2026\/01\/Copia-de-Semana-Santa-Jerusalem--240x300.jpg 240w, https:\/\/operaeucharistica.org\/wp-content\/uploads\/2026\/01\/Copia-de-Semana-Santa-Jerusalem--819x1024.jpg 819w, https:\/\/operaeucharistica.org\/wp-content\/uploads\/2026\/01\/Copia-de-Semana-Santa-Jerusalem--768x960.jpg 768w\" sizes=\"(max-width: 1080px) 100vw, 1080px\" \/><\/a><\/figure><div class=\"elementor-image-box-content\"><h3 class=\"elementor-image-box-title\"><a href=\"https:\/\/www.rialp.com\/libro\/visitas-al-santisimo-sacramento-y-a-maria-santisima_92429\/\"> Visitas al Sant\u00edsimo Sacramento y a Mar\u00eda Sant\u00edsima<\/a><\/h3><p class=\"elementor-image-box-description\">San Alfonso Mar\u00eda de Ligorio<\/p><\/div><\/div>\t\t\t\t<\/div>\n\t\t\t\t<\/div>\n\t\t\t\t<div class=\"elementor-element elementor-element-ce59e8b elementor-widget__width-initial elementor-position-top elementor-widget elementor-widget-image-box\" data-id=\"ce59e8b\" data-element_type=\"widget\" data-e-type=\"widget\" data-widget_type=\"image-box.default\">\n\t\t\t\t<div class=\"elementor-widget-container\">\n\t\t\t\t\t<div class=\"elementor-image-box-wrapper\"><figure class=\"elementor-image-box-img\"><a href=\"https:\/\/libreria.sanpablo.es\/libro\/asi-ama-el_270977\" tabindex=\"-1\"><img loading=\"lazy\" decoding=\"async\" width=\"1080\" height=\"1350\" src=\"https:\/\/operaeucharistica.org\/wp-content\/uploads\/2026\/01\/Copia-de-Semana-Santa-Jerusalem-1.jpg\" class=\"attachment-full size-full wp-image-3133\" alt=\"\" srcset=\"https:\/\/operaeucharistica.org\/wp-content\/uploads\/2026\/01\/Copia-de-Semana-Santa-Jerusalem-1.jpg 1080w, https:\/\/operaeucharistica.org\/wp-content\/uploads\/2026\/01\/Copia-de-Semana-Santa-Jerusalem-1-240x300.jpg 240w, https:\/\/operaeucharistica.org\/wp-content\/uploads\/2026\/01\/Copia-de-Semana-Santa-Jerusalem-1-819x1024.jpg 819w, https:\/\/operaeucharistica.org\/wp-content\/uploads\/2026\/01\/Copia-de-Semana-Santa-Jerusalem-1-768x960.jpg 768w\" sizes=\"(max-width: 1080px) 100vw, 1080px\" \/><\/a><\/figure><div class=\"elementor-image-box-content\"><h3 class=\"elementor-image-box-title\"><a href=\"https:\/\/libreria.sanpablo.es\/libro\/asi-ama-el_270977\">As\u00ed <br>ama \u00c9l<\/a><\/h3><p class=\"elementor-image-box-description\">Manuel Gonz\u00e1lez Garc\u00eda<\/p><\/div><\/div>\t\t\t\t<\/div>\n\t\t\t\t<\/div>\n\t\t\t\t<div class=\"elementor-element elementor-element-1e49cad elementor-widget__width-initial elementor-position-top elementor-widget elementor-widget-image-box\" data-id=\"1e49cad\" data-element_type=\"widget\" data-e-type=\"widget\" data-widget_type=\"image-box.default\">\n\t\t\t\t<div class=\"elementor-widget-container\">\n\t\t\t\t\t<div class=\"elementor-image-box-wrapper\"><figure class=\"elementor-image-box-img\"><a href=\"https:\/\/libreria.sanpablo.es\/libro\/asi-ama-el_270977\" tabindex=\"-1\"><img loading=\"lazy\" decoding=\"async\" width=\"1080\" height=\"1350\" src=\"https:\/\/operaeucharistica.org\/wp-content\/uploads\/2026\/01\/Copia-de-Semana-Santa-Jerusalem-2.jpg\" class=\"attachment-full size-full wp-image-3134\" alt=\"\" srcset=\"https:\/\/operaeucharistica.org\/wp-content\/uploads\/2026\/01\/Copia-de-Semana-Santa-Jerusalem-2.jpg 1080w, https:\/\/operaeucharistica.org\/wp-content\/uploads\/2026\/01\/Copia-de-Semana-Santa-Jerusalem-2-240x300.jpg 240w, https:\/\/operaeucharistica.org\/wp-content\/uploads\/2026\/01\/Copia-de-Semana-Santa-Jerusalem-2-819x1024.jpg 819w, https:\/\/operaeucharistica.org\/wp-content\/uploads\/2026\/01\/Copia-de-Semana-Santa-Jerusalem-2-768x960.jpg 768w\" sizes=\"(max-width: 1080px) 100vw, 1080px\" \/><\/a><\/figure><div class=\"elementor-image-box-content\"><h3 class=\"elementor-image-box-title\"><a href=\"https:\/\/libreria.sanpablo.es\/libro\/asi-ama-el_270977\">Qu\u00e9 hace y qu\u00e9 dice el Coraz\u00f3n de Jes\u00fas en el Sagrario<\/a><\/h3><p class=\"elementor-image-box-description\"> San Manuel Gonz\u00e1lez Garc\u00eda<\/p><\/div><\/div>\t\t\t\t<\/div>\n\t\t\t\t<\/div>\n\t\t\t\t<div class=\"elementor-element elementor-element-7962b7b elementor-widget__width-initial elementor-position-top elementor-widget elementor-widget-image-box\" data-id=\"7962b7b\" data-element_type=\"widget\" data-e-type=\"widget\" data-widget_type=\"image-box.default\">\n\t\t\t\t<div class=\"elementor-widget-container\">\n\t\t\t\t\t<div class=\"elementor-image-box-wrapper\"><figure class=\"elementor-image-box-img\"><a href=\"https:\/\/www.testimonio.net\/tienda\/El-tesoro-escondido-de-la-santa-misa-San-Leonardo-de-Porto-Maurizio-Tapa-Blanda-p184904327\" tabindex=\"-1\"><img loading=\"lazy\" decoding=\"async\" width=\"1080\" height=\"1350\" src=\"https:\/\/operaeucharistica.org\/wp-content\/uploads\/2026\/01\/Copia-de-Semana-Santa-Jerusalem-3.jpg\" class=\"attachment-full size-full wp-image-3138\" alt=\"\" srcset=\"https:\/\/operaeucharistica.org\/wp-content\/uploads\/2026\/01\/Copia-de-Semana-Santa-Jerusalem-3.jpg 1080w, https:\/\/operaeucharistica.org\/wp-content\/uploads\/2026\/01\/Copia-de-Semana-Santa-Jerusalem-3-240x300.jpg 240w, https:\/\/operaeucharistica.org\/wp-content\/uploads\/2026\/01\/Copia-de-Semana-Santa-Jerusalem-3-819x1024.jpg 819w, https:\/\/operaeucharistica.org\/wp-content\/uploads\/2026\/01\/Copia-de-Semana-Santa-Jerusalem-3-768x960.jpg 768w\" sizes=\"(max-width: 1080px) 100vw, 1080px\" \/><\/a><\/figure><div class=\"elementor-image-box-content\"><h3 class=\"elementor-image-box-title\"><a href=\"https:\/\/www.testimonio.net\/tienda\/El-tesoro-escondido-de-la-santa-misa-San-Leonardo-de-Porto-Maurizio-Tapa-Blanda-p184904327\">El tesoro escondido de la Santa Misa<\/a><\/h3><p class=\"elementor-image-box-description\">San Leonardo de Porto-Maurizio<\/p><\/div><\/div>\t\t\t\t<\/div>\n\t\t\t\t<\/div>\n\t\t\t\t<div class=\"elementor-element elementor-element-a401cb8 elementor-widget__width-initial elementor-position-top elementor-widget elementor-widget-image-box\" data-id=\"a401cb8\" data-element_type=\"widget\" data-e-type=\"widget\" data-widget_type=\"image-box.default\">\n\t\t\t\t<div class=\"elementor-widget-container\">\n\t\t\t\t\t<div class=\"elementor-image-box-wrapper\"><figure class=\"elementor-image-box-img\"><a href=\"https:\/\/fundaciontrelles.org\/bibliografia-2\/\" tabindex=\"-1\"><img loading=\"lazy\" decoding=\"async\" width=\"1080\" height=\"1350\" src=\"https:\/\/operaeucharistica.org\/wp-content\/uploads\/2026\/01\/Copia-de-Semana-Santa-Jerusalem-4.jpg\" class=\"attachment-full size-full wp-image-3142\" alt=\"\" srcset=\"https:\/\/operaeucharistica.org\/wp-content\/uploads\/2026\/01\/Copia-de-Semana-Santa-Jerusalem-4.jpg 1080w, https:\/\/operaeucharistica.org\/wp-content\/uploads\/2026\/01\/Copia-de-Semana-Santa-Jerusalem-4-240x300.jpg 240w, https:\/\/operaeucharistica.org\/wp-content\/uploads\/2026\/01\/Copia-de-Semana-Santa-Jerusalem-4-819x1024.jpg 819w, https:\/\/operaeucharistica.org\/wp-content\/uploads\/2026\/01\/Copia-de-Semana-Santa-Jerusalem-4-768x960.jpg 768w\" sizes=\"(max-width: 1080px) 100vw, 1080px\" \/><\/a><\/figure><div class=\"elementor-image-box-content\"><h3 class=\"elementor-image-box-title\"><a href=\"https:\/\/fundaciontrelles.org\/bibliografia-2\/\">Fundaci\u00f3n Luis de Trelles y Noguerol<\/a><\/h3><p class=\"elementor-image-box-description\">Luis de Trelles Bibliografia<\/p><\/div><\/div>\t\t\t\t<\/div>\n\t\t\t\t<\/div>\n\t\t\t\t<div class=\"elementor-element elementor-element-eb12591 elementor-widget__width-initial elementor-position-top elementor-widget elementor-widget-image-box\" data-id=\"eb12591\" data-element_type=\"widget\" data-e-type=\"widget\" data-widget_type=\"image-box.default\">\n\t\t\t\t<div class=\"elementor-widget-container\">\n\t\t\t\t\t<div class=\"elementor-image-box-wrapper\"><figure class=\"elementor-image-box-img\"><a href=\"https:\/\/www.rialp.com\/libro\/la-cena-del-cordero_92876\/\" tabindex=\"-1\"><img loading=\"lazy\" decoding=\"async\" width=\"490\" height=\"658\" src=\"https:\/\/operaeucharistica.org\/wp-content\/uploads\/2026\/04\/Captura-de-pantalla-2026-04-02-a-las-16.52.29.png\" class=\"attachment-full size-full wp-image-3428\" alt=\"\" srcset=\"https:\/\/operaeucharistica.org\/wp-content\/uploads\/2026\/04\/Captura-de-pantalla-2026-04-02-a-las-16.52.29.png 490w, https:\/\/operaeucharistica.org\/wp-content\/uploads\/2026\/04\/Captura-de-pantalla-2026-04-02-a-las-16.52.29-223x300.png 223w\" sizes=\"(max-width: 490px) 100vw, 490px\" \/><\/a><\/figure><div class=\"elementor-image-box-content\"><h3 class=\"elementor-image-box-title\"><a href=\"https:\/\/www.rialp.com\/libro\/la-cena-del-cordero_92876\/\">La Cena <br>del Cordero<\/a><\/h3><p class=\"elementor-image-box-description\">Scott Hahn<\/p><\/div><\/div>\t\t\t\t<\/div>\n\t\t\t\t<\/div>\n\t\t\t\t<div class=\"elementor-element elementor-element-4f038ac elementor-widget__width-initial elementor-position-top elementor-widget elementor-widget-image-box\" data-id=\"4f038ac\" data-element_type=\"widget\" data-e-type=\"widget\" data-widget_type=\"image-box.default\">\n\t\t\t\t<div class=\"elementor-widget-container\">\n\t\t\t\t\t<div class=\"elementor-image-box-wrapper\"><figure class=\"elementor-image-box-img\"><a href=\"https:\/\/homolegens.com\/libro\/divino-amor-hecho-carne\/\" tabindex=\"-1\"><img loading=\"lazy\" decoding=\"async\" width=\"1080\" height=\"1350\" src=\"https:\/\/operaeucharistica.org\/wp-content\/uploads\/2026\/01\/Copia-de-Semana-Santa-Jerusalem-6.jpg\" class=\"attachment-full size-full wp-image-3154\" alt=\"\" srcset=\"https:\/\/operaeucharistica.org\/wp-content\/uploads\/2026\/01\/Copia-de-Semana-Santa-Jerusalem-6.jpg 1080w, https:\/\/operaeucharistica.org\/wp-content\/uploads\/2026\/01\/Copia-de-Semana-Santa-Jerusalem-6-240x300.jpg 240w, https:\/\/operaeucharistica.org\/wp-content\/uploads\/2026\/01\/Copia-de-Semana-Santa-Jerusalem-6-819x1024.jpg 819w, https:\/\/operaeucharistica.org\/wp-content\/uploads\/2026\/01\/Copia-de-Semana-Santa-Jerusalem-6-768x960.jpg 768w\" sizes=\"(max-width: 1080px) 100vw, 1080px\" \/><\/a><\/figure><div class=\"elementor-image-box-content\"><h3 class=\"elementor-image-box-title\"><a href=\"https:\/\/homolegens.com\/libro\/divino-amor-hecho-carne\/\">Divino amor hecho carne<\/a><\/h3><p class=\"elementor-image-box-description\">Cardenal Raymond Burke<\/p><\/div><\/div>\t\t\t\t<\/div>\n\t\t\t\t<\/div>\n\t\t\t\t<div class=\"elementor-element elementor-element-5569166 elementor-widget__width-initial elementor-position-top elementor-widget elementor-widget-image-box\" data-id=\"5569166\" data-element_type=\"widget\" data-e-type=\"widget\" data-widget_type=\"image-box.default\">\n\t\t\t\t<div class=\"elementor-widget-container\">\n\t\t\t\t\t<div class=\"elementor-image-box-wrapper\"><figure class=\"elementor-image-box-img\"><a href=\"https:\/\/www.edicionescoriesu.es\/producto\/la-adoracion-en-el-corazon-del-mundo\/\" tabindex=\"-1\"><img loading=\"lazy\" decoding=\"async\" width=\"1080\" height=\"1350\" src=\"https:\/\/operaeucharistica.org\/wp-content\/uploads\/2026\/01\/Copia-de-Semana-Santa-Jerusalem-7.jpg\" class=\"attachment-full size-full wp-image-3158\" alt=\"\" srcset=\"https:\/\/operaeucharistica.org\/wp-content\/uploads\/2026\/01\/Copia-de-Semana-Santa-Jerusalem-7.jpg 1080w, https:\/\/operaeucharistica.org\/wp-content\/uploads\/2026\/01\/Copia-de-Semana-Santa-Jerusalem-7-240x300.jpg 240w, https:\/\/operaeucharistica.org\/wp-content\/uploads\/2026\/01\/Copia-de-Semana-Santa-Jerusalem-7-819x1024.jpg 819w, https:\/\/operaeucharistica.org\/wp-content\/uploads\/2026\/01\/Copia-de-Semana-Santa-Jerusalem-7-768x960.jpg 768w\" sizes=\"(max-width: 1080px) 100vw, 1080px\" \/><\/a><\/figure><div class=\"elementor-image-box-content\"><h3 class=\"elementor-image-box-title\"><a href=\"https:\/\/www.edicionescoriesu.es\/producto\/la-adoracion-en-el-corazon-del-mundo\/\">La Adoraci\u00f3n en el coraz\u00f3n del mundo<\/a><\/h3><p class=\"elementor-image-box-description\">Dominique Rey<\/p><\/div><\/div>\t\t\t\t<\/div>\n\t\t\t\t<\/div>\n\t\t\t\t<div class=\"elementor-element elementor-element-3e3906b elementor-widget__width-initial elementor-position-top elementor-widget elementor-widget-image-box\" data-id=\"3e3906b\" data-element_type=\"widget\" data-e-type=\"widget\" data-widget_type=\"image-box.default\">\n\t\t\t\t<div class=\"elementor-widget-container\">\n\t\t\t\t\t<div class=\"elementor-image-box-wrapper\"><figure class=\"elementor-image-box-img\"><a href=\"https:\/\/palabra.es\/libro\/eucaristia_166307\/\" tabindex=\"-1\"><img loading=\"lazy\" decoding=\"async\" width=\"1080\" height=\"1350\" src=\"https:\/\/operaeucharistica.org\/wp-content\/uploads\/2026\/01\/Copia-de-Semana-Santa-Jerusalem-8.jpg\" class=\"attachment-full size-full wp-image-3159\" alt=\"\" srcset=\"https:\/\/operaeucharistica.org\/wp-content\/uploads\/2026\/01\/Copia-de-Semana-Santa-Jerusalem-8.jpg 1080w, https:\/\/operaeucharistica.org\/wp-content\/uploads\/2026\/01\/Copia-de-Semana-Santa-Jerusalem-8-240x300.jpg 240w, https:\/\/operaeucharistica.org\/wp-content\/uploads\/2026\/01\/Copia-de-Semana-Santa-Jerusalem-8-819x1024.jpg 819w, https:\/\/operaeucharistica.org\/wp-content\/uploads\/2026\/01\/Copia-de-Semana-Santa-Jerusalem-8-768x960.jpg 768w\" sizes=\"(max-width: 1080px) 100vw, 1080px\" \/><\/a><\/figure><div class=\"elementor-image-box-content\"><h3 class=\"elementor-image-box-title\"><a href=\"https:\/\/palabra.es\/libro\/eucaristia_166307\/\">Eucarist\u00eda<\/a><\/h3><p class=\"elementor-image-box-description\">Robert <br>Baron<\/p><\/div><\/div>\t\t\t\t<\/div>\n\t\t\t\t<\/div>\n\t\t\t\t<div class=\"elementor-element elementor-element-69aa16d elementor-widget__width-initial elementor-position-top elementor-widget elementor-widget-image-box\" data-id=\"69aa16d\" data-element_type=\"widget\" data-e-type=\"widget\" data-widget_type=\"image-box.default\">\n\t\t\t\t<div class=\"elementor-widget-container\">\n\t\t\t\t\t<div class=\"elementor-image-box-wrapper\"><figure class=\"elementor-image-box-img\"><a href=\"https:\/\/www.rialp.com\/libro\/el-sacrificio-de-la-misa_133992\/\" tabindex=\"-1\"><img loading=\"lazy\" decoding=\"async\" width=\"1080\" height=\"1350\" src=\"https:\/\/operaeucharistica.org\/wp-content\/uploads\/2026\/01\/Copia-de-Semana-Santa-Jerusalem-9.jpg\" class=\"attachment-full size-full wp-image-3168\" alt=\"\" srcset=\"https:\/\/operaeucharistica.org\/wp-content\/uploads\/2026\/01\/Copia-de-Semana-Santa-Jerusalem-9.jpg 1080w, https:\/\/operaeucharistica.org\/wp-content\/uploads\/2026\/01\/Copia-de-Semana-Santa-Jerusalem-9-240x300.jpg 240w, https:\/\/operaeucharistica.org\/wp-content\/uploads\/2026\/01\/Copia-de-Semana-Santa-Jerusalem-9-819x1024.jpg 819w, https:\/\/operaeucharistica.org\/wp-content\/uploads\/2026\/01\/Copia-de-Semana-Santa-Jerusalem-9-768x960.jpg 768w\" sizes=\"(max-width: 1080px) 100vw, 1080px\" \/><\/a><\/figure><div class=\"elementor-image-box-content\"><h3 class=\"elementor-image-box-title\"><a href=\"https:\/\/www.rialp.com\/libro\/el-sacrificio-de-la-misa_133992\/\">El sacrificio <br>de la Misa<\/a><\/h3><p class=\"elementor-image-box-description\">Juan Bona<\/p><\/div><\/div>\t\t\t\t<\/div>\n\t\t\t\t<\/div>\n\t\t\t\t<div class=\"elementor-element elementor-element-494b7ab elementor-widget__width-initial elementor-position-top elementor-widget elementor-widget-image-box\" data-id=\"494b7ab\" data-element_type=\"widget\" data-e-type=\"widget\" data-widget_type=\"image-box.default\">\n\t\t\t\t<div class=\"elementor-widget-container\">\n\t\t\t\t\t<div class=\"elementor-image-box-wrapper\"><figure class=\"elementor-image-box-img\"><a href=\"https:\/\/www.loslibrosdelabuelo.org\/product-page\/subir\u00e9-al-monte-santo-la-misa-nicolau-miguel\" tabindex=\"-1\"><img loading=\"lazy\" decoding=\"async\" width=\"1080\" height=\"1350\" src=\"https:\/\/operaeucharistica.org\/wp-content\/uploads\/2026\/01\/Copia-de-Semana-Santa-Jerusalem-10.jpg\" class=\"attachment-full size-full wp-image-3170\" alt=\"\" srcset=\"https:\/\/operaeucharistica.org\/wp-content\/uploads\/2026\/01\/Copia-de-Semana-Santa-Jerusalem-10.jpg 1080w, https:\/\/operaeucharistica.org\/wp-content\/uploads\/2026\/01\/Copia-de-Semana-Santa-Jerusalem-10-240x300.jpg 240w, https:\/\/operaeucharistica.org\/wp-content\/uploads\/2026\/01\/Copia-de-Semana-Santa-Jerusalem-10-819x1024.jpg 819w, https:\/\/operaeucharistica.org\/wp-content\/uploads\/2026\/01\/Copia-de-Semana-Santa-Jerusalem-10-768x960.jpg 768w\" sizes=\"(max-width: 1080px) 100vw, 1080px\" \/><\/a><\/figure><div class=\"elementor-image-box-content\"><h3 class=\"elementor-image-box-title\"><a href=\"https:\/\/www.loslibrosdelabuelo.org\/product-page\/subir\u00e9-al-monte-santo-la-misa-nicolau-miguel\">Subire al Monte Santo: <br>La Misa<\/a><\/h3><p class=\"elementor-image-box-description\">Miguel Nicolau, S.I<\/p><\/div><\/div>\t\t\t\t<\/div>\n\t\t\t\t<\/div>\n\t\t\t\t<div class=\"elementor-element elementor-element-0e4d09b elementor-widget__width-initial elementor-position-top elementor-widget elementor-widget-image-box\" data-id=\"0e4d09b\" data-element_type=\"widget\" data-e-type=\"widget\" data-widget_type=\"image-box.default\">\n\t\t\t\t<div class=\"elementor-widget-container\">\n\t\t\t\t\t<div class=\"elementor-image-box-wrapper\"><figure class=\"elementor-image-box-img\"><a href=\"https:\/\/www.cruzelvira.com\/libro\/la-eucaristia-nuestra-santificacion_232\" tabindex=\"-1\"><img loading=\"lazy\" decoding=\"async\" width=\"1080\" height=\"1350\" src=\"https:\/\/operaeucharistica.org\/wp-content\/uploads\/2026\/01\/Copia-de-Semana-Santa-Jerusalem-11.jpg\" class=\"attachment-full size-full wp-image-3171\" alt=\"\" srcset=\"https:\/\/operaeucharistica.org\/wp-content\/uploads\/2026\/01\/Copia-de-Semana-Santa-Jerusalem-11.jpg 1080w, https:\/\/operaeucharistica.org\/wp-content\/uploads\/2026\/01\/Copia-de-Semana-Santa-Jerusalem-11-240x300.jpg 240w, https:\/\/operaeucharistica.org\/wp-content\/uploads\/2026\/01\/Copia-de-Semana-Santa-Jerusalem-11-819x1024.jpg 819w, https:\/\/operaeucharistica.org\/wp-content\/uploads\/2026\/01\/Copia-de-Semana-Santa-Jerusalem-11-768x960.jpg 768w\" sizes=\"(max-width: 1080px) 100vw, 1080px\" \/><\/a><\/figure><div class=\"elementor-image-box-content\"><h3 class=\"elementor-image-box-title\"><a href=\"https:\/\/www.cruzelvira.com\/libro\/la-eucaristia-nuestra-santificacion_232\">La Eucarist\u00eda, nuestra santificaci\u00f3n<\/a><\/h3><p class=\"elementor-image-box-description\">Raniero Cantalamessa<\/p><\/div><\/div>\t\t\t\t<\/div>\n\t\t\t\t<\/div>\n\t\t\t\t<div class=\"elementor-element elementor-element-3e2804e elementor-widget__width-initial elementor-position-top elementor-widget elementor-widget-image-box\" data-id=\"3e2804e\" data-element_type=\"widget\" data-e-type=\"widget\" data-widget_type=\"image-box.default\">\n\t\t\t\t<div class=\"elementor-widget-container\">\n\t\t\t\t\t<div class=\"elementor-image-box-wrapper\"><figure class=\"elementor-image-box-img\"><a href=\"https:\/\/www.amazon.es\/Si-supi\u00e9ramos-adorar-Encuentros-Eucarist\u00eda\/dp\/8472399257\" tabindex=\"-1\"><img loading=\"lazy\" decoding=\"async\" width=\"1080\" height=\"1350\" src=\"https:\/\/operaeucharistica.org\/wp-content\/uploads\/2026\/01\/Copia-de-Semana-Santa-Jerusalem-12.jpg\" class=\"attachment-full size-full wp-image-3177\" alt=\"\" srcset=\"https:\/\/operaeucharistica.org\/wp-content\/uploads\/2026\/01\/Copia-de-Semana-Santa-Jerusalem-12.jpg 1080w, https:\/\/operaeucharistica.org\/wp-content\/uploads\/2026\/01\/Copia-de-Semana-Santa-Jerusalem-12-240x300.jpg 240w, https:\/\/operaeucharistica.org\/wp-content\/uploads\/2026\/01\/Copia-de-Semana-Santa-Jerusalem-12-819x1024.jpg 819w, https:\/\/operaeucharistica.org\/wp-content\/uploads\/2026\/01\/Copia-de-Semana-Santa-Jerusalem-12-768x960.jpg 768w\" sizes=\"(max-width: 1080px) 100vw, 1080px\" \/><\/a><\/figure><div class=\"elementor-image-box-content\"><h3 class=\"elementor-image-box-title\"><a href=\"https:\/\/www.amazon.es\/Si-supi\u00e9ramos-adorar-Encuentros-Eucarist\u00eda\/dp\/8472399257\">Si supi\u00e9ramos... <br>\u00a1Adorar!<\/a><\/h3><p class=\"elementor-image-box-description\">Francisco Cerro Ch\u00e1ves<\/p><\/div><\/div>\t\t\t\t<\/div>\n\t\t\t\t<\/div>\n\t\t\t\t<div class=\"elementor-element elementor-element-5cc713d elementor-widget__width-initial elementor-position-top elementor-widget elementor-widget-image-box\" data-id=\"5cc713d\" data-element_type=\"widget\" data-e-type=\"widget\" data-widget_type=\"image-box.default\">\n\t\t\t\t<div class=\"elementor-widget-container\">\n\t\t\t\t\t<div class=\"elementor-image-box-wrapper\"><figure class=\"elementor-image-box-img\"><a href=\"https:\/\/montecarmelo.com\/product\/411-orar-con-el-obispo-de-la-eucaristia-html\/\" tabindex=\"-1\"><img loading=\"lazy\" decoding=\"async\" width=\"1080\" height=\"1350\" src=\"https:\/\/operaeucharistica.org\/wp-content\/uploads\/2026\/01\/Copia-de-Semana-Santa-Jerusalem-13.jpg\" class=\"attachment-full size-full wp-image-3181\" alt=\"\" srcset=\"https:\/\/operaeucharistica.org\/wp-content\/uploads\/2026\/01\/Copia-de-Semana-Santa-Jerusalem-13.jpg 1080w, https:\/\/operaeucharistica.org\/wp-content\/uploads\/2026\/01\/Copia-de-Semana-Santa-Jerusalem-13-240x300.jpg 240w, https:\/\/operaeucharistica.org\/wp-content\/uploads\/2026\/01\/Copia-de-Semana-Santa-Jerusalem-13-819x1024.jpg 819w, https:\/\/operaeucharistica.org\/wp-content\/uploads\/2026\/01\/Copia-de-Semana-Santa-Jerusalem-13-768x960.jpg 768w\" sizes=\"(max-width: 1080px) 100vw, 1080px\" \/><\/a><\/figure><div class=\"elementor-image-box-content\"><h3 class=\"elementor-image-box-title\"><a href=\"https:\/\/montecarmelo.com\/product\/411-orar-con-el-obispo-de-la-eucaristia-html\/\">Orar con el Obispo de la Eucarist\u00eda<\/a><\/h3><p class=\"elementor-image-box-description\">Don Manuel Gonz\u00e1lez<\/p><\/div><\/div>\t\t\t\t<\/div>\n\t\t\t\t<\/div>\n\t\t\t\t<div class=\"elementor-element elementor-element-0463a5a elementor-widget__width-initial elementor-position-top elementor-widget elementor-widget-image-box\" data-id=\"0463a5a\" data-element_type=\"widget\" data-e-type=\"widget\" data-widget_type=\"image-box.default\">\n\t\t\t\t<div class=\"elementor-widget-container\">\n\t\t\t\t\t<div class=\"elementor-image-box-wrapper\"><figure class=\"elementor-image-box-img\"><a href=\"https:\/\/www.rialp.com\/libro\/el-libro-de-la-eucaristia_92212\/\" tabindex=\"-1\"><img loading=\"lazy\" decoding=\"async\" width=\"1080\" height=\"1350\" src=\"https:\/\/operaeucharistica.org\/wp-content\/uploads\/2026\/01\/Copia-de-Semana-Santa-Jerusalem-14.jpg\" class=\"attachment-full size-full wp-image-3183\" alt=\"\" srcset=\"https:\/\/operaeucharistica.org\/wp-content\/uploads\/2026\/01\/Copia-de-Semana-Santa-Jerusalem-14.jpg 1080w, https:\/\/operaeucharistica.org\/wp-content\/uploads\/2026\/01\/Copia-de-Semana-Santa-Jerusalem-14-240x300.jpg 240w, https:\/\/operaeucharistica.org\/wp-content\/uploads\/2026\/01\/Copia-de-Semana-Santa-Jerusalem-14-819x1024.jpg 819w, https:\/\/operaeucharistica.org\/wp-content\/uploads\/2026\/01\/Copia-de-Semana-Santa-Jerusalem-14-768x960.jpg 768w\" sizes=\"(max-width: 1080px) 100vw, 1080px\" \/><\/a><\/figure><div class=\"elementor-image-box-content\"><h3 class=\"elementor-image-box-title\"><a href=\"https:\/\/www.rialp.com\/libro\/el-libro-de-la-eucaristia_92212\/\">El libro de la <br>Eucarist\u00eda<\/a><\/h3><p class=\"elementor-image-box-description\">Lawrence Lovasik<\/p><\/div><\/div>\t\t\t\t<\/div>\n\t\t\t\t<\/div>\n\t\t\t\t<div class=\"elementor-element elementor-element-b24e9db elementor-widget__width-initial elementor-position-top elementor-widget elementor-widget-image-box\" data-id=\"b24e9db\" data-element_type=\"widget\" data-e-type=\"widget\" data-widget_type=\"image-box.default\">\n\t\t\t\t<div class=\"elementor-widget-container\">\n\t\t\t\t\t<div class=\"elementor-image-box-wrapper\"><figure class=\"elementor-image-box-img\"><a href=\"https:\/\/39312033.servicio-online.net\/libro.php?id=19840\" tabindex=\"-1\"><img loading=\"lazy\" decoding=\"async\" width=\"1080\" height=\"1350\" src=\"https:\/\/operaeucharistica.org\/wp-content\/uploads\/2026\/01\/Copia-de-Semana-Santa-Jerusalem-15.jpg\" class=\"attachment-full size-full wp-image-3191\" alt=\"\" srcset=\"https:\/\/operaeucharistica.org\/wp-content\/uploads\/2026\/01\/Copia-de-Semana-Santa-Jerusalem-15.jpg 1080w, https:\/\/operaeucharistica.org\/wp-content\/uploads\/2026\/01\/Copia-de-Semana-Santa-Jerusalem-15-240x300.jpg 240w, https:\/\/operaeucharistica.org\/wp-content\/uploads\/2026\/01\/Copia-de-Semana-Santa-Jerusalem-15-819x1024.jpg 819w, https:\/\/operaeucharistica.org\/wp-content\/uploads\/2026\/01\/Copia-de-Semana-Santa-Jerusalem-15-768x960.jpg 768w\" sizes=\"(max-width: 1080px) 100vw, 1080px\" \/><\/a><\/figure><div class=\"elementor-image-box-content\"><h3 class=\"elementor-image-box-title\"><a href=\"https:\/\/39312033.servicio-online.net\/libro.php?id=19840\">La eucarist\u00eda medicina de inmortalidad<\/a><\/h3><p class=\"elementor-image-box-description\">Tom\u00e1\u0161 \u0160pidl\u00edk<\/p><\/div><\/div>\t\t\t\t<\/div>\n\t\t\t\t<\/div>\n\t\t\t\t<div class=\"elementor-element elementor-element-5be733d elementor-widget__width-initial elementor-position-top elementor-widget elementor-widget-image-box\" data-id=\"5be733d\" data-element_type=\"widget\" data-e-type=\"widget\" data-widget_type=\"image-box.default\">\n\t\t\t\t<div class=\"elementor-widget-container\">\n\t\t\t\t\t<div class=\"elementor-image-box-wrapper\"><figure class=\"elementor-image-box-img\"><a href=\"https:\/\/www.rialp.com\/libro\/jesus-y-las-raices-judias-de-la-eucaristia_139084\/\" tabindex=\"-1\"><img loading=\"lazy\" decoding=\"async\" width=\"1080\" height=\"1350\" src=\"https:\/\/operaeucharistica.org\/wp-content\/uploads\/2026\/01\/Copia-de-Semana-Santa-Jerusalem-16.jpg\" class=\"attachment-full size-full wp-image-3192\" alt=\"\" srcset=\"https:\/\/operaeucharistica.org\/wp-content\/uploads\/2026\/01\/Copia-de-Semana-Santa-Jerusalem-16.jpg 1080w, https:\/\/operaeucharistica.org\/wp-content\/uploads\/2026\/01\/Copia-de-Semana-Santa-Jerusalem-16-240x300.jpg 240w, https:\/\/operaeucharistica.org\/wp-content\/uploads\/2026\/01\/Copia-de-Semana-Santa-Jerusalem-16-819x1024.jpg 819w, https:\/\/operaeucharistica.org\/wp-content\/uploads\/2026\/01\/Copia-de-Semana-Santa-Jerusalem-16-768x960.jpg 768w\" sizes=\"(max-width: 1080px) 100vw, 1080px\" \/><\/a><\/figure><div class=\"elementor-image-box-content\"><h3 class=\"elementor-image-box-title\"><a href=\"https:\/\/www.rialp.com\/libro\/jesus-y-las-raices-judias-de-la-eucaristia_139084\/\">Jes\u00fas y las ra\u00edces jud\u00edas de la Eucarist\u00eda<\/a><\/h3><p class=\"elementor-image-box-description\">Brant Pitre<\/p><\/div><\/div>\t\t\t\t<\/div>\n\t\t\t\t<\/div>\n\t\t\t\t<div class=\"elementor-element elementor-element-4bf98c7 elementor-widget__width-initial elementor-position-top elementor-widget elementor-widget-image-box\" data-id=\"4bf98c7\" data-element_type=\"widget\" data-e-type=\"widget\" data-widget_type=\"image-box.default\">\n\t\t\t\t<div class=\"elementor-widget-container\">\n\t\t\t\t\t<div class=\"elementor-image-box-wrapper\"><figure class=\"elementor-image-box-img\"><a href=\"https:\/\/www.rialp.com\/libro\/el-deseo-ardiente-de-jesus_139137\/\" tabindex=\"-1\"><img loading=\"lazy\" decoding=\"async\" width=\"1080\" height=\"1350\" src=\"https:\/\/operaeucharistica.org\/wp-content\/uploads\/2026\/01\/Copia-de-Semana-Santa-Jerusalem-17.jpg\" class=\"attachment-full size-full wp-image-3193\" alt=\"\" srcset=\"https:\/\/operaeucharistica.org\/wp-content\/uploads\/2026\/01\/Copia-de-Semana-Santa-Jerusalem-17.jpg 1080w, https:\/\/operaeucharistica.org\/wp-content\/uploads\/2026\/01\/Copia-de-Semana-Santa-Jerusalem-17-240x300.jpg 240w, https:\/\/operaeucharistica.org\/wp-content\/uploads\/2026\/01\/Copia-de-Semana-Santa-Jerusalem-17-819x1024.jpg 819w, https:\/\/operaeucharistica.org\/wp-content\/uploads\/2026\/01\/Copia-de-Semana-Santa-Jerusalem-17-768x960.jpg 768w\" sizes=\"(max-width: 1080px) 100vw, 1080px\" \/><\/a><\/figure><div class=\"elementor-image-box-content\"><h3 class=\"elementor-image-box-title\"><a href=\"https:\/\/www.rialp.com\/libro\/el-deseo-ardiente-de-jesus_139137\/\">El deseo ardiente de <br>Jes\u00fas<\/a><\/h3><p class=\"elementor-image-box-description\">Andrea Mardegan<\/p><\/div><\/div>\t\t\t\t<\/div>\n\t\t\t\t<\/div>\n\t\t\t\t<div class=\"elementor-element elementor-element-5a4f73c elementor-widget__width-initial elementor-position-top elementor-widget elementor-widget-image-box\" data-id=\"5a4f73c\" data-element_type=\"widget\" data-e-type=\"widget\" data-widget_type=\"image-box.default\">\n\t\t\t\t<div class=\"elementor-widget-container\">\n\t\t\t\t\t<div class=\"elementor-image-box-wrapper\"><figure class=\"elementor-image-box-img\"><a href=\"https:\/\/bac-editorial.es\/obras-liturgicas\/1800-el-arte-de-celebrar-la-eucaristia.html\" tabindex=\"-1\"><img loading=\"lazy\" decoding=\"async\" width=\"1080\" height=\"1350\" src=\"https:\/\/operaeucharistica.org\/wp-content\/uploads\/2026\/01\/Copia-de-Semana-Santa-Jerusalem-18.jpg\" class=\"attachment-full size-full wp-image-3194\" alt=\"\" srcset=\"https:\/\/operaeucharistica.org\/wp-content\/uploads\/2026\/01\/Copia-de-Semana-Santa-Jerusalem-18.jpg 1080w, https:\/\/operaeucharistica.org\/wp-content\/uploads\/2026\/01\/Copia-de-Semana-Santa-Jerusalem-18-240x300.jpg 240w, https:\/\/operaeucharistica.org\/wp-content\/uploads\/2026\/01\/Copia-de-Semana-Santa-Jerusalem-18-819x1024.jpg 819w, https:\/\/operaeucharistica.org\/wp-content\/uploads\/2026\/01\/Copia-de-Semana-Santa-Jerusalem-18-768x960.jpg 768w\" sizes=\"(max-width: 1080px) 100vw, 1080px\" \/><\/a><\/figure><div class=\"elementor-image-box-content\"><h3 class=\"elementor-image-box-title\"><a href=\"https:\/\/bac-editorial.es\/obras-liturgicas\/1800-el-arte-de-celebrar-la-eucaristia.html\">El arte de celebrar la <br>Eucarist\u00eda<\/a><\/h3><p class=\"elementor-image-box-description\">F\u00e9lix Mar\u00eda Arocena y Alberto Portol\u00e9s<\/p><\/div><\/div>\t\t\t\t<\/div>\n\t\t\t\t<\/div>\n\t\t\t\t<div class=\"elementor-element elementor-element-f68e7f2 elementor-widget__width-initial elementor-position-top elementor-widget elementor-widget-image-box\" data-id=\"f68e7f2\" data-element_type=\"widget\" data-e-type=\"widget\" data-widget_type=\"image-box.default\">\n\t\t\t\t<div class=\"elementor-widget-container\">\n\t\t\t\t\t<div class=\"elementor-image-box-wrapper\"><figure class=\"elementor-image-box-img\"><a href=\"https:\/\/bac-editorial.es\/obras-liturgicas\/1904-hora-santa-doce-horas-santas-para-cada-mes-del-ano.html\" tabindex=\"-1\"><img loading=\"lazy\" decoding=\"async\" width=\"1080\" height=\"1350\" src=\"https:\/\/operaeucharistica.org\/wp-content\/uploads\/2026\/01\/Copia-de-Semana-Santa-Jerusalem-19.jpg\" class=\"attachment-full size-full wp-image-3195\" alt=\"\" srcset=\"https:\/\/operaeucharistica.org\/wp-content\/uploads\/2026\/01\/Copia-de-Semana-Santa-Jerusalem-19.jpg 1080w, https:\/\/operaeucharistica.org\/wp-content\/uploads\/2026\/01\/Copia-de-Semana-Santa-Jerusalem-19-240x300.jpg 240w, https:\/\/operaeucharistica.org\/wp-content\/uploads\/2026\/01\/Copia-de-Semana-Santa-Jerusalem-19-819x1024.jpg 819w, https:\/\/operaeucharistica.org\/wp-content\/uploads\/2026\/01\/Copia-de-Semana-Santa-Jerusalem-19-768x960.jpg 768w\" sizes=\"(max-width: 1080px) 100vw, 1080px\" \/><\/a><\/figure><div class=\"elementor-image-box-content\"><h3 class=\"elementor-image-box-title\"><a href=\"https:\/\/bac-editorial.es\/obras-liturgicas\/1904-hora-santa-doce-horas-santas-para-cada-mes-del-ano.html\">Hora Santa: Doce horas santas para cada mes del a\u00f1o<\/a><\/h3><p class=\"elementor-image-box-description\">Francisco C. Chavez y Pablo C. Barranco<\/p><\/div><\/div>\t\t\t\t<\/div>\n\t\t\t\t<\/div>\n\t\t\t\t<div class=\"elementor-element elementor-element-a720d0d elementor-widget__width-initial elementor-position-top elementor-widget elementor-widget-image-box\" data-id=\"a720d0d\" data-element_type=\"widget\" data-e-type=\"widget\" data-widget_type=\"image-box.default\">\n\t\t\t\t<div class=\"elementor-widget-container\">\n\t\t\t\t\t<div class=\"elementor-image-box-wrapper\"><figure class=\"elementor-image-box-img\"><a href=\"https:\/\/www.amazon.es\/arte-adorar-culto-eucar\u00edstico-diaria\/dp\/B0B7QDV3XK\" tabindex=\"-1\"><img loading=\"lazy\" decoding=\"async\" width=\"1080\" height=\"1350\" src=\"https:\/\/operaeucharistica.org\/wp-content\/uploads\/2026\/01\/Copia-de-Semana-Santa-Jerusalem-20.jpg\" class=\"attachment-full size-full wp-image-3199\" alt=\"\" srcset=\"https:\/\/operaeucharistica.org\/wp-content\/uploads\/2026\/01\/Copia-de-Semana-Santa-Jerusalem-20.jpg 1080w, https:\/\/operaeucharistica.org\/wp-content\/uploads\/2026\/01\/Copia-de-Semana-Santa-Jerusalem-20-240x300.jpg 240w, https:\/\/operaeucharistica.org\/wp-content\/uploads\/2026\/01\/Copia-de-Semana-Santa-Jerusalem-20-819x1024.jpg 819w, https:\/\/operaeucharistica.org\/wp-content\/uploads\/2026\/01\/Copia-de-Semana-Santa-Jerusalem-20-768x960.jpg 768w\" sizes=\"(max-width: 1080px) 100vw, 1080px\" \/><\/a><\/figure><div class=\"elementor-image-box-content\"><h3 class=\"elementor-image-box-title\"><a href=\"https:\/\/www.amazon.es\/arte-adorar-culto-eucar\u00edstico-diaria\/dp\/B0B7QDV3XK\">El arte de adorar bien: En el culto eucar\u00edstico y la vida di\u00e1ria<\/a><\/h3><p class=\"elementor-image-box-description\">Germ\u00e1n Gasc\u00f3n Osorio<\/p><\/div><\/div>\t\t\t\t<\/div>\n\t\t\t\t<\/div>\n\t\t\t\t<div class=\"elementor-element elementor-element-f739a8d elementor-widget__width-initial elementor-position-top elementor-widget elementor-widget-image-box\" data-id=\"f739a8d\" data-element_type=\"widget\" data-e-type=\"widget\" data-widget_type=\"image-box.default\">\n\t\t\t\t<div class=\"elementor-widget-container\">\n\t\t\t\t\t<div class=\"elementor-image-box-wrapper\"><figure class=\"elementor-image-box-img\"><a href=\"https:\/\/nuevaeva.es\/milagros-eucaristicos\/\" tabindex=\"-1\"><img loading=\"lazy\" decoding=\"async\" width=\"1080\" height=\"1350\" src=\"https:\/\/operaeucharistica.org\/wp-content\/uploads\/2026\/01\/Copia-de-Semana-Santa-Jerusalem-21.jpg\" class=\"attachment-full size-full wp-image-3208\" alt=\"\" srcset=\"https:\/\/operaeucharistica.org\/wp-content\/uploads\/2026\/01\/Copia-de-Semana-Santa-Jerusalem-21.jpg 1080w, https:\/\/operaeucharistica.org\/wp-content\/uploads\/2026\/01\/Copia-de-Semana-Santa-Jerusalem-21-240x300.jpg 240w, https:\/\/operaeucharistica.org\/wp-content\/uploads\/2026\/01\/Copia-de-Semana-Santa-Jerusalem-21-819x1024.jpg 819w, https:\/\/operaeucharistica.org\/wp-content\/uploads\/2026\/01\/Copia-de-Semana-Santa-Jerusalem-21-768x960.jpg 768w\" sizes=\"(max-width: 1080px) 100vw, 1080px\" \/><\/a><\/figure><div class=\"elementor-image-box-content\"><h3 class=\"elementor-image-box-title\"><a href=\"https:\/\/nuevaeva.es\/milagros-eucaristicos\/\">Milagros eucar\u00edsticos: Se\u00f1ales de la presencia real de Cristo<\/a><\/h3><p class=\"elementor-image-box-description\">Santiago Mata<\/p><\/div><\/div>\t\t\t\t<\/div>\n\t\t\t\t<\/div>\n\t\t\t\t<div class=\"elementor-element elementor-element-2611880 elementor-widget__width-initial elementor-position-top elementor-widget elementor-widget-image-box\" data-id=\"2611880\" data-element_type=\"widget\" data-e-type=\"widget\" data-widget_type=\"image-box.default\">\n\t\t\t\t<div class=\"elementor-widget-container\">\n\t\t\t\t\t<div class=\"elementor-image-box-wrapper\"><figure class=\"elementor-image-box-img\"><a href=\"https:\/\/www.rialp.com\/libro\/eucaristia_92106\/\" tabindex=\"-1\"><img loading=\"lazy\" decoding=\"async\" width=\"1080\" height=\"1350\" src=\"https:\/\/operaeucharistica.org\/wp-content\/uploads\/2026\/01\/Copia-de-Semana-Santa-Jerusalem-22.jpg\" class=\"attachment-full size-full wp-image-3209\" alt=\"\" srcset=\"https:\/\/operaeucharistica.org\/wp-content\/uploads\/2026\/01\/Copia-de-Semana-Santa-Jerusalem-22.jpg 1080w, https:\/\/operaeucharistica.org\/wp-content\/uploads\/2026\/01\/Copia-de-Semana-Santa-Jerusalem-22-240x300.jpg 240w, https:\/\/operaeucharistica.org\/wp-content\/uploads\/2026\/01\/Copia-de-Semana-Santa-Jerusalem-22-819x1024.jpg 819w, https:\/\/operaeucharistica.org\/wp-content\/uploads\/2026\/01\/Copia-de-Semana-Santa-Jerusalem-22-768x960.jpg 768w\" sizes=\"(max-width: 1080px) 100vw, 1080px\" \/><\/a><\/figure><div class=\"elementor-image-box-content\"><h3 class=\"elementor-image-box-title\"><a href=\"https:\/\/www.rialp.com\/libro\/eucaristia_92106\/\">Germ\u00e1n<br>Mart\u00ednez<\/a><\/h3><p class=\"elementor-image-box-description\">Eucarist\u00eda\nVeinte siglos en veinte grandes textos<\/p><\/div><\/div>\t\t\t\t<\/div>\n\t\t\t\t<\/div>\n\t\t\t\t<div class=\"elementor-element elementor-element-dd73c4e elementor-widget__width-initial elementor-position-top elementor-widget elementor-widget-image-box\" data-id=\"dd73c4e\" data-element_type=\"widget\" data-e-type=\"widget\" data-widget_type=\"image-box.default\">\n\t\t\t\t<div class=\"elementor-widget-container\">\n\t\t\t\t\t<div class=\"elementor-image-box-wrapper\"><figure class=\"elementor-image-box-img\"><a href=\"https:\/\/www.rialp.com\/libro\/consejos-para-vivir-la-santa-misa_97961\/\" tabindex=\"-1\"><img loading=\"lazy\" decoding=\"async\" width=\"1080\" height=\"1350\" src=\"https:\/\/operaeucharistica.org\/wp-content\/uploads\/2026\/01\/Copia-de-Semana-Santa-Jerusalem-23.jpg\" class=\"attachment-full size-full wp-image-3210\" alt=\"\" srcset=\"https:\/\/operaeucharistica.org\/wp-content\/uploads\/2026\/01\/Copia-de-Semana-Santa-Jerusalem-23.jpg 1080w, https:\/\/operaeucharistica.org\/wp-content\/uploads\/2026\/01\/Copia-de-Semana-Santa-Jerusalem-23-240x300.jpg 240w, https:\/\/operaeucharistica.org\/wp-content\/uploads\/2026\/01\/Copia-de-Semana-Santa-Jerusalem-23-819x1024.jpg 819w, https:\/\/operaeucharistica.org\/wp-content\/uploads\/2026\/01\/Copia-de-Semana-Santa-Jerusalem-23-768x960.jpg 768w\" sizes=\"(max-width: 1080px) 100vw, 1080px\" \/><\/a><\/figure><div class=\"elementor-image-box-content\"><h3 class=\"elementor-image-box-title\"><a href=\"https:\/\/www.rialp.com\/libro\/consejos-para-vivir-la-santa-misa_97961\/\">Ricardo Sada<br>Fern\u00e1ndez<\/a><\/h3><p class=\"elementor-image-box-description\">Consejos para vivir la <br>Santa Misa<\/p><\/div><\/div>\t\t\t\t<\/div>\n\t\t\t\t<\/div>\n\t\t\t\t<div class=\"elementor-element elementor-element-5e40b29 elementor-widget__width-initial elementor-position-top elementor-widget elementor-widget-image-box\" data-id=\"5e40b29\" data-element_type=\"widget\" data-e-type=\"widget\" data-widget_type=\"image-box.default\">\n\t\t\t\t<div class=\"elementor-widget-container\">\n\t\t\t\t\t<div class=\"elementor-image-box-wrapper\"><figure class=\"elementor-image-box-img\"><a href=\"https:\/\/www.rialp.com\/libro\/el-sacrificio-del-altar_91994\/\" tabindex=\"-1\"><img loading=\"lazy\" decoding=\"async\" width=\"1080\" height=\"1350\" src=\"https:\/\/operaeucharistica.org\/wp-content\/uploads\/2026\/01\/Copia-de-Semana-Santa-Jerusalem-24.jpg\" class=\"attachment-full size-full wp-image-3211\" alt=\"\" srcset=\"https:\/\/operaeucharistica.org\/wp-content\/uploads\/2026\/01\/Copia-de-Semana-Santa-Jerusalem-24.jpg 1080w, https:\/\/operaeucharistica.org\/wp-content\/uploads\/2026\/01\/Copia-de-Semana-Santa-Jerusalem-24-240x300.jpg 240w, https:\/\/operaeucharistica.org\/wp-content\/uploads\/2026\/01\/Copia-de-Semana-Santa-Jerusalem-24-819x1024.jpg 819w, https:\/\/operaeucharistica.org\/wp-content\/uploads\/2026\/01\/Copia-de-Semana-Santa-Jerusalem-24-768x960.jpg 768w\" sizes=\"(max-width: 1080px) 100vw, 1080px\" \/><\/a><\/figure><div class=\"elementor-image-box-content\"><h3 class=\"elementor-image-box-title\"><a href=\"https:\/\/www.rialp.com\/libro\/el-sacrificio-del-altar_91994\/\">Federico Su\u00e1rez <br>Verdeguer<\/a><\/h3><p class=\"elementor-image-box-description\">El sacrificio <br>del altar<\/p><\/div><\/div>\t\t\t\t<\/div>\n\t\t\t\t<\/div>\n\t\t\t\t<div class=\"elementor-element elementor-element-09c1471 elementor-widget__width-initial elementor-position-top elementor-widget elementor-widget-image-box\" data-id=\"09c1471\" data-element_type=\"widget\" data-e-type=\"widget\" data-widget_type=\"image-box.default\">\n\t\t\t\t<div class=\"elementor-widget-container\">\n\t\t\t\t\t<div class=\"elementor-image-box-wrapper\"><figure class=\"elementor-image-box-img\"><a href=\"https:\/\/palabra.es\/libro\/devocionario-eucaristico_154801\/\" tabindex=\"-1\"><img loading=\"lazy\" decoding=\"async\" width=\"245\" height=\"329\" src=\"https:\/\/operaeucharistica.org\/wp-content\/uploads\/2026\/04\/Captura-de-pantalla-2026-04-02-a-las-16.57.26.png\" class=\"attachment-full size-full wp-image-3442\" alt=\"\" srcset=\"https:\/\/operaeucharistica.org\/wp-content\/uploads\/2026\/04\/Captura-de-pantalla-2026-04-02-a-las-16.57.26.png 245w, https:\/\/operaeucharistica.org\/wp-content\/uploads\/2026\/04\/Captura-de-pantalla-2026-04-02-a-las-16.57.26-223x300.png 223w\" sizes=\"(max-width: 245px) 100vw, 245px\" \/><\/a><\/figure><div class=\"elementor-image-box-content\"><h3 class=\"elementor-image-box-title\"><a href=\"https:\/\/palabra.es\/libro\/devocionario-eucaristico_154801\/\">Juan Moya <br>Corredor<\/a><\/h3><p class=\"elementor-image-box-description\">Devocionario Eucaristico <br>Con 50 momentos de adoraci\u00f3n<\/p><\/div><\/div>\t\t\t\t<\/div>\n\t\t\t\t<\/div>\n\t\t\t\t<div class=\"elementor-element elementor-element-90b29a7 elementor-widget__width-initial elementor-position-top elementor-widget elementor-widget-image-box\" data-id=\"90b29a7\" data-element_type=\"widget\" data-e-type=\"widget\" data-widget_type=\"image-box.default\">\n\t\t\t\t<div class=\"elementor-widget-container\">\n\t\t\t\t\t<div class=\"elementor-image-box-wrapper\"><figure class=\"elementor-image-box-img\"><a href=\"https:\/\/adadp.es\/la-adoracion-eucaristica-puerta-al-cielo\/\" tabindex=\"-1\"><img loading=\"lazy\" decoding=\"async\" width=\"1080\" height=\"1350\" src=\"https:\/\/operaeucharistica.org\/wp-content\/uploads\/2026\/01\/Copia-de-Semana-Santa-Jerusalem-26.jpg\" class=\"attachment-full size-full wp-image-3222\" alt=\"\" srcset=\"https:\/\/operaeucharistica.org\/wp-content\/uploads\/2026\/01\/Copia-de-Semana-Santa-Jerusalem-26.jpg 1080w, https:\/\/operaeucharistica.org\/wp-content\/uploads\/2026\/01\/Copia-de-Semana-Santa-Jerusalem-26-240x300.jpg 240w, https:\/\/operaeucharistica.org\/wp-content\/uploads\/2026\/01\/Copia-de-Semana-Santa-Jerusalem-26-819x1024.jpg 819w, https:\/\/operaeucharistica.org\/wp-content\/uploads\/2026\/01\/Copia-de-Semana-Santa-Jerusalem-26-768x960.jpg 768w\" sizes=\"(max-width: 1080px) 100vw, 1080px\" \/><\/a><\/figure><div class=\"elementor-image-box-content\"><h3 class=\"elementor-image-box-title\"><a href=\"https:\/\/adadp.es\/la-adoracion-eucaristica-puerta-al-cielo\/\">Mart\u00edn<br>Luc\u00eda<\/a><\/h3><p class=\"elementor-image-box-description\">La adoraci\u00f3n Eucaristica <br>Puerta del cielo<\/p><\/div><\/div>\t\t\t\t<\/div>\n\t\t\t\t<\/div>\n\t\t\t\t<div class=\"elementor-element elementor-element-d00de44 elementor-widget__width-initial elementor-position-top elementor-widget elementor-widget-image-box\" data-id=\"d00de44\" data-element_type=\"widget\" data-e-type=\"widget\" data-widget_type=\"image-box.default\">\n\t\t\t\t<div class=\"elementor-widget-container\">\n\t\t\t\t\t<div class=\"elementor-image-box-wrapper\"><figure class=\"elementor-image-box-img\"><a href=\"https:\/\/www.rialp.com\/libro\/amar-la-misa_92085\/\" tabindex=\"-1\"><img loading=\"lazy\" decoding=\"async\" width=\"1080\" height=\"1350\" src=\"https:\/\/operaeucharistica.org\/wp-content\/uploads\/2026\/01\/Copia-de-Semana-Santa-Jerusalem-27.jpg\" class=\"attachment-full size-full wp-image-3224\" alt=\"\" srcset=\"https:\/\/operaeucharistica.org\/wp-content\/uploads\/2026\/01\/Copia-de-Semana-Santa-Jerusalem-27.jpg 1080w, https:\/\/operaeucharistica.org\/wp-content\/uploads\/2026\/01\/Copia-de-Semana-Santa-Jerusalem-27-240x300.jpg 240w, https:\/\/operaeucharistica.org\/wp-content\/uploads\/2026\/01\/Copia-de-Semana-Santa-Jerusalem-27-819x1024.jpg 819w, https:\/\/operaeucharistica.org\/wp-content\/uploads\/2026\/01\/Copia-de-Semana-Santa-Jerusalem-27-768x960.jpg 768w\" sizes=\"(max-width: 1080px) 100vw, 1080px\" \/><\/a><\/figure><div class=\"elementor-image-box-content\"><h3 class=\"elementor-image-box-title\"><a href=\"https:\/\/www.rialp.com\/libro\/amar-la-misa_92085\/\">Didier Van <br>Havre<\/a><\/h3><p class=\"elementor-image-box-description\">Amar a la<br>Misa<\/p><\/div><\/div>\t\t\t\t<\/div>\n\t\t\t\t<\/div>\n\t\t\t\t<div class=\"elementor-element elementor-element-bdd1cc9 elementor-widget__width-initial elementor-position-top elementor-widget elementor-widget-image-box\" data-id=\"bdd1cc9\" data-element_type=\"widget\" data-e-type=\"widget\" data-widget_type=\"image-box.default\">\n\t\t\t\t<div class=\"elementor-widget-container\">\n\t\t\t\t\t<div class=\"elementor-image-box-wrapper\"><figure class=\"elementor-image-box-img\"><a href=\"https:\/\/adadp.es\/maria-la-eucaristia-y-el-final-de-los-tiempos\/\" tabindex=\"-1\"><img loading=\"lazy\" decoding=\"async\" width=\"1080\" height=\"1350\" src=\"https:\/\/operaeucharistica.org\/wp-content\/uploads\/2026\/01\/Copia-de-Semana-Santa-Jerusalem-28.jpg\" class=\"attachment-full size-full wp-image-3225\" alt=\"\" srcset=\"https:\/\/operaeucharistica.org\/wp-content\/uploads\/2026\/01\/Copia-de-Semana-Santa-Jerusalem-28.jpg 1080w, https:\/\/operaeucharistica.org\/wp-content\/uploads\/2026\/01\/Copia-de-Semana-Santa-Jerusalem-28-240x300.jpg 240w, https:\/\/operaeucharistica.org\/wp-content\/uploads\/2026\/01\/Copia-de-Semana-Santa-Jerusalem-28-819x1024.jpg 819w, https:\/\/operaeucharistica.org\/wp-content\/uploads\/2026\/01\/Copia-de-Semana-Santa-Jerusalem-28-768x960.jpg 768w\" sizes=\"(max-width: 1080px) 100vw, 1080px\" \/><\/a><\/figure><div class=\"elementor-image-box-content\"><h3 class=\"elementor-image-box-title\"><a href=\"https:\/\/adadp.es\/maria-la-eucaristia-y-el-final-de-los-tiempos\/\">Mar\u00eda, la Eucarist\u00eda<br>y el final de los tiempos<\/a><\/h3><p class=\"elementor-image-box-description\">Justo Antonio <br>Lofeudo<\/p><\/div><\/div>\t\t\t\t<\/div>\n\t\t\t\t<\/div>\n\t\t\t\t<div class=\"elementor-element elementor-element-88d589f elementor-widget__width-initial elementor-position-top elementor-widget elementor-widget-image-box\" data-id=\"88d589f\" data-element_type=\"widget\" data-e-type=\"widget\" data-widget_type=\"image-box.default\">\n\t\t\t\t<div class=\"elementor-widget-container\">\n\t\t\t\t\t<div class=\"elementor-image-box-wrapper\"><figure class=\"elementor-image-box-img\"><a href=\"https:\/\/www.rialp.com\/libro\/el-poder-oculto-del-silencio-en-la-misa_139341\/\" tabindex=\"-1\"><img loading=\"lazy\" decoding=\"async\" width=\"1080\" height=\"1350\" src=\"https:\/\/operaeucharistica.org\/wp-content\/uploads\/2026\/01\/Copia-de-Semana-Santa-Jerusalem-29.jpg\" class=\"attachment-full size-full wp-image-3229\" alt=\"\" srcset=\"https:\/\/operaeucharistica.org\/wp-content\/uploads\/2026\/01\/Copia-de-Semana-Santa-Jerusalem-29.jpg 1080w, https:\/\/operaeucharistica.org\/wp-content\/uploads\/2026\/01\/Copia-de-Semana-Santa-Jerusalem-29-240x300.jpg 240w, https:\/\/operaeucharistica.org\/wp-content\/uploads\/2026\/01\/Copia-de-Semana-Santa-Jerusalem-29-819x1024.jpg 819w, https:\/\/operaeucharistica.org\/wp-content\/uploads\/2026\/01\/Copia-de-Semana-Santa-Jerusalem-29-768x960.jpg 768w\" sizes=\"(max-width: 1080px) 100vw, 1080px\" \/><\/a><\/figure><div class=\"elementor-image-box-content\"><h3 class=\"elementor-image-box-title\"><a href=\"https:\/\/www.rialp.com\/libro\/el-poder-oculto-del-silencio-en-la-misa_139341\/\">El poder oculto<br>del silencio en la Misa<\/a><\/h3><p class=\"elementor-image-box-description\">Boniface <br>Hicks<\/p><\/div><\/div>\t\t\t\t<\/div>\n\t\t\t\t<\/div>\n\t\t\t\t<div class=\"elementor-element elementor-element-2fea4f9 elementor-widget__width-initial elementor-position-top elementor-widget elementor-widget-image-box\" data-id=\"2fea4f9\" data-element_type=\"widget\" data-e-type=\"widget\" data-widget_type=\"image-box.default\">\n\t\t\t\t<div class=\"elementor-widget-container\">\n\t\t\t\t\t<div class=\"elementor-image-box-wrapper\"><figure class=\"elementor-image-box-img\"><a href=\"https:\/\/homolegens.com\/libro\/guia-adoracion-eucaristica\/\" tabindex=\"-1\"><img loading=\"lazy\" decoding=\"async\" width=\"1080\" height=\"1350\" src=\"https:\/\/operaeucharistica.org\/wp-content\/uploads\/2026\/01\/Copia-de-Semana-Santa-Jerusalem-30.jpg\" class=\"attachment-full size-full wp-image-3233\" alt=\"\" srcset=\"https:\/\/operaeucharistica.org\/wp-content\/uploads\/2026\/01\/Copia-de-Semana-Santa-Jerusalem-30.jpg 1080w, https:\/\/operaeucharistica.org\/wp-content\/uploads\/2026\/01\/Copia-de-Semana-Santa-Jerusalem-30-240x300.jpg 240w, https:\/\/operaeucharistica.org\/wp-content\/uploads\/2026\/01\/Copia-de-Semana-Santa-Jerusalem-30-819x1024.jpg 819w, https:\/\/operaeucharistica.org\/wp-content\/uploads\/2026\/01\/Copia-de-Semana-Santa-Jerusalem-30-768x960.jpg 768w\" sizes=\"(max-width: 1080px) 100vw, 1080px\" \/><\/a><\/figure><div class=\"elementor-image-box-content\"><h3 class=\"elementor-image-box-title\"><a href=\"https:\/\/homolegens.com\/libro\/guia-adoracion-eucaristica\/\">Gu\u00eda de adoraci\u00f3n eucar\u00edstica con ni\u00f1os<\/a><\/h3><p class=\"elementor-image-box-description\">G\u00e9nesis V. Garc\u00eda y<br> Pedro de la Herr\u00e1n<\/p><\/div><\/div>\t\t\t\t<\/div>\n\t\t\t\t<\/div>\n\t\t\t\t<div class=\"elementor-element elementor-element-e32b122 elementor-widget__width-initial elementor-position-top elementor-widget elementor-widget-image-box\" data-id=\"e32b122\" data-element_type=\"widget\" data-e-type=\"widget\" data-widget_type=\"image-box.default\">\n\t\t\t\t<div class=\"elementor-widget-container\">\n\t\t\t\t\t<div class=\"elementor-image-box-wrapper\"><figure class=\"elementor-image-box-img\"><a href=\"https:\/\/www.rialp.com\/libro\/la-santa-misa_92507\/\" tabindex=\"-1\"><img loading=\"lazy\" decoding=\"async\" width=\"245\" height=\"317\" src=\"https:\/\/operaeucharistica.org\/wp-content\/uploads\/2026\/04\/Captura-de-pantalla-2026-04-02-a-las-16.58.48.png\" class=\"attachment-full size-full wp-image-3446\" alt=\"\" srcset=\"https:\/\/operaeucharistica.org\/wp-content\/uploads\/2026\/04\/Captura-de-pantalla-2026-04-02-a-las-16.58.48.png 245w, https:\/\/operaeucharistica.org\/wp-content\/uploads\/2026\/04\/Captura-de-pantalla-2026-04-02-a-las-16.58.48-232x300.png 232w\" sizes=\"(max-width: 245px) 100vw, 245px\" \/><\/a><\/figure><div class=\"elementor-image-box-content\"><h3 class=\"elementor-image-box-title\"><a href=\"https:\/\/www.rialp.com\/libro\/la-santa-misa_92507\/\">La Santa Misa:<br>El rito de la celebraci\u00f3n Eucar\u00edstica<\/a><\/h3><p class=\"elementor-image-box-description\">Juan Jos\u00e9 <br>Silvestre Valor<\/p><\/div><\/div>\t\t\t\t<\/div>\n\t\t\t\t<\/div>\n\t\t\t\t<div class=\"elementor-element elementor-element-64eedf6 elementor-widget__width-initial elementor-position-top elementor-widget elementor-widget-image-box\" data-id=\"64eedf6\" data-element_type=\"widget\" data-e-type=\"widget\" data-widget_type=\"image-box.default\">\n\t\t\t\t<div class=\"elementor-widget-container\">\n\t\t\t\t\t<div class=\"elementor-image-box-wrapper\"><figure class=\"elementor-image-box-img\"><a href=\"https:\/\/behakuna.com\/products\/la-misa-el-beso-de-dios\" tabindex=\"-1\"><img loading=\"lazy\" decoding=\"async\" width=\"245\" height=\"317\" src=\"https:\/\/operaeucharistica.org\/wp-content\/uploads\/2026\/04\/Captura-de-pantalla-2026-04-02-a-las-16.59.39.png\" class=\"attachment-full size-full wp-image-3450\" alt=\"\" srcset=\"https:\/\/operaeucharistica.org\/wp-content\/uploads\/2026\/04\/Captura-de-pantalla-2026-04-02-a-las-16.59.39.png 245w, https:\/\/operaeucharistica.org\/wp-content\/uploads\/2026\/04\/Captura-de-pantalla-2026-04-02-a-las-16.59.39-232x300.png 232w\" sizes=\"(max-width: 245px) 100vw, 245px\" \/><\/a><\/figure><div class=\"elementor-image-box-content\"><h3 class=\"elementor-image-box-title\"><a href=\"https:\/\/behakuna.com\/products\/la-misa-el-beso-de-dios\">La Misa el beso de Dios: Entrar desde afectividad<\/a><\/h3><p class=\"elementor-image-box-description\">Jos\u00e9 Pedro<br>Manglano<\/p><\/div><\/div>\t\t\t\t<\/div>\n\t\t\t\t<\/div>\n\t\t\t\t<div class=\"elementor-element elementor-element-d1f376c elementor-widget__width-initial elementor-position-top elementor-widget elementor-widget-image-box\" data-id=\"d1f376c\" data-element_type=\"widget\" data-e-type=\"widget\" data-widget_type=\"image-box.default\">\n\t\t\t\t<div class=\"elementor-widget-container\">\n\t\t\t\t\t<div class=\"elementor-image-box-wrapper\"><figure class=\"elementor-image-box-img\"><a href=\"https:\/\/palabra.es\/libro\/eucaristia-y-union-con-dios_154152\/\" tabindex=\"-1\"><img loading=\"lazy\" decoding=\"async\" width=\"1080\" height=\"1350\" src=\"https:\/\/operaeucharistica.org\/wp-content\/uploads\/2026\/01\/Copia-de-Semana-Santa-Jerusalem-33.jpg\" class=\"attachment-full size-full wp-image-3253\" alt=\"\" srcset=\"https:\/\/operaeucharistica.org\/wp-content\/uploads\/2026\/01\/Copia-de-Semana-Santa-Jerusalem-33.jpg 1080w, https:\/\/operaeucharistica.org\/wp-content\/uploads\/2026\/01\/Copia-de-Semana-Santa-Jerusalem-33-240x300.jpg 240w, https:\/\/operaeucharistica.org\/wp-content\/uploads\/2026\/01\/Copia-de-Semana-Santa-Jerusalem-33-819x1024.jpg 819w, https:\/\/operaeucharistica.org\/wp-content\/uploads\/2026\/01\/Copia-de-Semana-Santa-Jerusalem-33-768x960.jpg 768w\" sizes=\"(max-width: 1080px) 100vw, 1080px\" \/><\/a><\/figure><div class=\"elementor-image-box-content\"><h3 class=\"elementor-image-box-title\"><a href=\"https:\/\/palabra.es\/libro\/eucaristia-y-union-con-dios_154152\/\">Eucarist\u00eda<br>y uni\u00f3n con Dios<\/a><\/h3><p class=\"elementor-image-box-description\">Manuel Ordeig<br>Corsini<\/p><\/div><\/div>\t\t\t\t<\/div>\n\t\t\t\t<\/div>\n\t\t\t\t<div class=\"elementor-element elementor-element-3e3fde0 elementor-widget__width-initial elementor-position-top elementor-widget elementor-widget-image-box\" data-id=\"3e3fde0\" data-element_type=\"widget\" data-e-type=\"widget\" data-widget_type=\"image-box.default\">\n\t\t\t\t<div class=\"elementor-widget-container\">\n\t\t\t\t\t<div class=\"elementor-image-box-wrapper\"><figure class=\"elementor-image-box-img\"><a href=\"https:\/\/www.ociohispano.es\/libro\/al-comulgar\" tabindex=\"-1\"><img loading=\"lazy\" decoding=\"async\" width=\"1080\" height=\"1350\" src=\"https:\/\/operaeucharistica.org\/wp-content\/uploads\/2026\/01\/Copia-de-Semana-Santa-Jerusalem-34.jpg\" class=\"attachment-full size-full wp-image-3257\" alt=\"\" srcset=\"https:\/\/operaeucharistica.org\/wp-content\/uploads\/2026\/01\/Copia-de-Semana-Santa-Jerusalem-34.jpg 1080w, https:\/\/operaeucharistica.org\/wp-content\/uploads\/2026\/01\/Copia-de-Semana-Santa-Jerusalem-34-240x300.jpg 240w, https:\/\/operaeucharistica.org\/wp-content\/uploads\/2026\/01\/Copia-de-Semana-Santa-Jerusalem-34-819x1024.jpg 819w, https:\/\/operaeucharistica.org\/wp-content\/uploads\/2026\/01\/Copia-de-Semana-Santa-Jerusalem-34-768x960.jpg 768w\" sizes=\"(max-width: 1080px) 100vw, 1080px\" \/><\/a><\/figure><div class=\"elementor-image-box-content\"><h3 class=\"elementor-image-box-title\"><a href=\"https:\/\/www.ociohispano.es\/libro\/al-comulgar\">Al comungar: la Eucarist\u00eda en la vida Cristiana<\/a><\/h3><p class=\"elementor-image-box-description\">Fernando L\u00f3pez <br>de Rego<\/p><\/div><\/div>\t\t\t\t<\/div>\n\t\t\t\t<\/div>\n\t\t\t\t<div class=\"elementor-element elementor-element-ab2a6b7 elementor-widget__width-initial elementor-position-top elementor-widget elementor-widget-image-box\" data-id=\"ab2a6b7\" data-element_type=\"widget\" data-e-type=\"widget\" data-widget_type=\"image-box.default\">\n\t\t\t\t<div class=\"elementor-widget-container\">\n\t\t\t\t\t<div class=\"elementor-image-box-wrapper\"><figure class=\"elementor-image-box-img\"><a href=\"https:\/\/www.libreriawelba.es\/en-la-escuela-eucaristica-de-don-manuel-gonzalez-p9788485084739\" tabindex=\"-1\"><img loading=\"lazy\" decoding=\"async\" width=\"1080\" height=\"1350\" src=\"https:\/\/operaeucharistica.org\/wp-content\/uploads\/2026\/01\/Copia-de-Semana-Santa-Jerusalem-35.jpg\" class=\"attachment-full size-full wp-image-3259\" alt=\"\" srcset=\"https:\/\/operaeucharistica.org\/wp-content\/uploads\/2026\/01\/Copia-de-Semana-Santa-Jerusalem-35.jpg 1080w, https:\/\/operaeucharistica.org\/wp-content\/uploads\/2026\/01\/Copia-de-Semana-Santa-Jerusalem-35-240x300.jpg 240w, https:\/\/operaeucharistica.org\/wp-content\/uploads\/2026\/01\/Copia-de-Semana-Santa-Jerusalem-35-819x1024.jpg 819w, https:\/\/operaeucharistica.org\/wp-content\/uploads\/2026\/01\/Copia-de-Semana-Santa-Jerusalem-35-768x960.jpg 768w\" sizes=\"(max-width: 1080px) 100vw, 1080px\" \/><\/a><\/figure><div class=\"elementor-image-box-content\"><h3 class=\"elementor-image-box-title\"><a href=\"https:\/\/www.libreriawelba.es\/en-la-escuela-eucaristica-de-don-manuel-gonzalez-p9788485084739\">La Escuela Eucar\u00edstica de Don Manuel Gonz\u00e1lez <\/a><\/h3><p class=\"elementor-image-box-description\">Andr\u00e9s Molina<br>Prieto<\/p><\/div><\/div>\t\t\t\t<\/div>\n\t\t\t\t<\/div>\n\t\t\t\t<div class=\"elementor-element elementor-element-4d0133f elementor-widget__width-initial elementor-position-top elementor-widget elementor-widget-image-box\" data-id=\"4d0133f\" data-element_type=\"widget\" data-e-type=\"widget\" data-widget_type=\"image-box.default\">\n\t\t\t\t<div class=\"elementor-widget-container\">\n\t\t\t\t\t<div class=\"elementor-image-box-wrapper\"><figure class=\"elementor-image-box-img\"><a href=\"https:\/\/bac-editorial.es\/popular\/1078-vivamos-la-santa-misa.html\" tabindex=\"-1\"><img loading=\"lazy\" decoding=\"async\" width=\"1080\" height=\"1350\" src=\"https:\/\/operaeucharistica.org\/wp-content\/uploads\/2026\/01\/Copia-de-Semana-Santa-Jerusalem-36.jpg\" class=\"attachment-full size-full wp-image-3263\" alt=\"\" srcset=\"https:\/\/operaeucharistica.org\/wp-content\/uploads\/2026\/01\/Copia-de-Semana-Santa-Jerusalem-36.jpg 1080w, https:\/\/operaeucharistica.org\/wp-content\/uploads\/2026\/01\/Copia-de-Semana-Santa-Jerusalem-36-240x300.jpg 240w, https:\/\/operaeucharistica.org\/wp-content\/uploads\/2026\/01\/Copia-de-Semana-Santa-Jerusalem-36-819x1024.jpg 819w, https:\/\/operaeucharistica.org\/wp-content\/uploads\/2026\/01\/Copia-de-Semana-Santa-Jerusalem-36-768x960.jpg 768w\" sizes=\"(max-width: 1080px) 100vw, 1080px\" \/><\/a><\/figure><div class=\"elementor-image-box-content\"><h3 class=\"elementor-image-box-title\"><a href=\"https:\/\/bac-editorial.es\/popular\/1078-vivamos-la-santa-misa.html\">Vivamos la <br>Santa Misa<\/a><\/h3><p class=\"elementor-image-box-description\">Bernardo <br>Velado Gra\u00f1a <\/p><\/div><\/div>\t\t\t\t<\/div>\n\t\t\t\t<\/div>\n\t\t\t\t<div class=\"elementor-element elementor-element-e0c1a46 elementor-widget__width-initial elementor-position-top elementor-widget elementor-widget-image-box\" data-id=\"e0c1a46\" data-element_type=\"widget\" data-e-type=\"widget\" data-widget_type=\"image-box.default\">\n\t\t\t\t<div class=\"elementor-widget-container\">\n\t\t\t\t\t<div class=\"elementor-image-box-wrapper\"><figure class=\"elementor-image-box-img\"><a href=\"https:\/\/www.edicionescristiandad.es\/wp-content\/uploads\/2019\/06\/La-Misa-segun-Benedicto-XVI-SAMPLE.pdf\" tabindex=\"-1\"><img loading=\"lazy\" decoding=\"async\" width=\"1080\" height=\"1350\" src=\"https:\/\/operaeucharistica.org\/wp-content\/uploads\/2026\/01\/Copia-de-Semana-Santa-Jerusalem-37.jpg\" class=\"attachment-full size-full wp-image-3271\" alt=\"\" srcset=\"https:\/\/operaeucharistica.org\/wp-content\/uploads\/2026\/01\/Copia-de-Semana-Santa-Jerusalem-37.jpg 1080w, https:\/\/operaeucharistica.org\/wp-content\/uploads\/2026\/01\/Copia-de-Semana-Santa-Jerusalem-37-240x300.jpg 240w, https:\/\/operaeucharistica.org\/wp-content\/uploads\/2026\/01\/Copia-de-Semana-Santa-Jerusalem-37-819x1024.jpg 819w, https:\/\/operaeucharistica.org\/wp-content\/uploads\/2026\/01\/Copia-de-Semana-Santa-Jerusalem-37-768x960.jpg 768w\" sizes=\"(max-width: 1080px) 100vw, 1080px\" \/><\/a><\/figure><div class=\"elementor-image-box-content\"><h3 class=\"elementor-image-box-title\"><a href=\"https:\/\/www.edicionescristiandad.es\/wp-content\/uploads\/2019\/06\/La-Misa-segun-Benedicto-XVI-SAMPLE.pdf\">La Misa seg\u00fan<br>Benedicto XVI<\/a><\/h3><p class=\"elementor-image-box-description\">Rudy Albino<br>de Assun\u00e7ao <\/p><\/div><\/div>\t\t\t\t<\/div>\n\t\t\t\t<\/div>\n\t\t\t\t<div class=\"elementor-element elementor-element-e1598a5 elementor-widget__width-initial elementor-position-top elementor-widget elementor-widget-image-box\" data-id=\"e1598a5\" data-element_type=\"widget\" data-e-type=\"widget\" data-widget_type=\"image-box.default\">\n\t\t\t\t<div class=\"elementor-widget-container\">\n\t\t\t\t\t<div class=\"elementor-image-box-wrapper\"><figure class=\"elementor-image-box-img\"><a href=\"https:\/\/www.secretariadotrinitario.org\/catalogo\/libros\/mundo-y-dios\/acoger-la-presencia\/\" tabindex=\"-1\"><img loading=\"lazy\" decoding=\"async\" width=\"1080\" height=\"1350\" src=\"https:\/\/operaeucharistica.org\/wp-content\/uploads\/2026\/01\/Copia-de-Semana-Santa-Jerusalem-38.jpg\" class=\"attachment-full size-full wp-image-3272\" alt=\"\" srcset=\"https:\/\/operaeucharistica.org\/wp-content\/uploads\/2026\/01\/Copia-de-Semana-Santa-Jerusalem-38.jpg 1080w, https:\/\/operaeucharistica.org\/wp-content\/uploads\/2026\/01\/Copia-de-Semana-Santa-Jerusalem-38-240x300.jpg 240w, https:\/\/operaeucharistica.org\/wp-content\/uploads\/2026\/01\/Copia-de-Semana-Santa-Jerusalem-38-819x1024.jpg 819w, https:\/\/operaeucharistica.org\/wp-content\/uploads\/2026\/01\/Copia-de-Semana-Santa-Jerusalem-38-768x960.jpg 768w\" sizes=\"(max-width: 1080px) 100vw, 1080px\" \/><\/a><\/figure><div class=\"elementor-image-box-content\"><h3 class=\"elementor-image-box-title\"><a href=\"https:\/\/www.secretariadotrinitario.org\/catalogo\/libros\/mundo-y-dios\/acoger-la-presencia\/\">Acoger<br>la Presencia<\/a><\/h3><p class=\"elementor-image-box-description\">Lino Emilio <br>D\u00edez Valladares<\/p><\/div><\/div>\t\t\t\t<\/div>\n\t\t\t\t<\/div>\n\t\t\t\t<div class=\"elementor-element elementor-element-05bf126 elementor-widget__width-initial elementor-position-top elementor-widget elementor-widget-image-box\" data-id=\"05bf126\" data-element_type=\"widget\" data-e-type=\"widget\" data-widget_type=\"image-box.default\">\n\t\t\t\t<div class=\"elementor-widget-container\">\n\t\t\t\t\t<div class=\"elementor-image-box-wrapper\"><figure class=\"elementor-image-box-img\"><a href=\"https:\/\/libreria.sanpablo.es\/libro\/la-eucaristia_286694\" tabindex=\"-1\"><img loading=\"lazy\" decoding=\"async\" width=\"1080\" height=\"1350\" src=\"https:\/\/operaeucharistica.org\/wp-content\/uploads\/2026\/01\/Copia-de-Semana-Santa-Jerusalem-39.jpg\" class=\"attachment-full size-full wp-image-3273\" alt=\"\" srcset=\"https:\/\/operaeucharistica.org\/wp-content\/uploads\/2026\/01\/Copia-de-Semana-Santa-Jerusalem-39.jpg 1080w, https:\/\/operaeucharistica.org\/wp-content\/uploads\/2026\/01\/Copia-de-Semana-Santa-Jerusalem-39-240x300.jpg 240w, https:\/\/operaeucharistica.org\/wp-content\/uploads\/2026\/01\/Copia-de-Semana-Santa-Jerusalem-39-819x1024.jpg 819w, https:\/\/operaeucharistica.org\/wp-content\/uploads\/2026\/01\/Copia-de-Semana-Santa-Jerusalem-39-768x960.jpg 768w\" sizes=\"(max-width: 1080px) 100vw, 1080px\" \/><\/a><\/figure><div class=\"elementor-image-box-content\"><h3 class=\"elementor-image-box-title\"><a href=\"https:\/\/libreria.sanpablo.es\/libro\/la-eucaristia_286694\">La Eucarist\u00eda: El que coma de este pan vicir\u00e1 para siempre<\/a><\/h3><p class=\"elementor-image-box-description\">Vicente <br>Borrag\u00e1n Mata<\/p><\/div><\/div>\t\t\t\t<\/div>\n\t\t\t\t<\/div>\n\t\t\t\t<div class=\"elementor-element elementor-element-8f9e08e elementor-widget__width-initial elementor-position-top elementor-widget elementor-widget-image-box\" data-id=\"8f9e08e\" data-element_type=\"widget\" data-e-type=\"widget\" data-widget_type=\"image-box.default\">\n\t\t\t\t<div class=\"elementor-widget-container\">\n\t\t\t\t\t<div class=\"elementor-image-box-wrapper\"><figure class=\"elementor-image-box-img\"><a href=\"https:\/\/www.eunsa.es\/libro\/adorar-a-dios-en-la-liturgia_102312\/\" tabindex=\"-1\"><img loading=\"lazy\" decoding=\"async\" width=\"1080\" height=\"1350\" src=\"https:\/\/operaeucharistica.org\/wp-content\/uploads\/2026\/01\/Copia-de-Semana-Santa-Jerusalem-40.jpg\" class=\"attachment-full size-full wp-image-3274\" alt=\"\" srcset=\"https:\/\/operaeucharistica.org\/wp-content\/uploads\/2026\/01\/Copia-de-Semana-Santa-Jerusalem-40.jpg 1080w, https:\/\/operaeucharistica.org\/wp-content\/uploads\/2026\/01\/Copia-de-Semana-Santa-Jerusalem-40-240x300.jpg 240w, https:\/\/operaeucharistica.org\/wp-content\/uploads\/2026\/01\/Copia-de-Semana-Santa-Jerusalem-40-819x1024.jpg 819w, https:\/\/operaeucharistica.org\/wp-content\/uploads\/2026\/01\/Copia-de-Semana-Santa-Jerusalem-40-768x960.jpg 768w\" sizes=\"(max-width: 1080px) 100vw, 1080px\" \/><\/a><\/figure><div class=\"elementor-image-box-content\"><h3 class=\"elementor-image-box-title\"><a href=\"https:\/\/www.eunsa.es\/libro\/adorar-a-dios-en-la-liturgia_102312\/\">Adorar a Dios<br>en la liturgia<\/a><\/h3><p class=\"elementor-image-box-description\">Alfonso Berlanga<br>Gaona<\/p><\/div><\/div>\t\t\t\t<\/div>\n\t\t\t\t<\/div>\n\t\t\t\t<div class=\"elementor-element elementor-element-9a5998d elementor-widget__width-initial elementor-position-top elementor-widget elementor-widget-image-box\" data-id=\"9a5998d\" data-element_type=\"widget\" data-e-type=\"widget\" data-widget_type=\"image-box.default\">\n\t\t\t\t<div class=\"elementor-widget-container\">\n\t\t\t\t\t<div class=\"elementor-image-box-wrapper\"><figure class=\"elementor-image-box-img\"><a href=\"https:\/\/www.amazon.es\/historia-CUADERNOS-Andreas-Jungmann-blanda\/dp\/B011MLCGA2\" tabindex=\"-1\"><img loading=\"lazy\" decoding=\"async\" width=\"1080\" height=\"1350\" src=\"https:\/\/operaeucharistica.org\/wp-content\/uploads\/2026\/01\/Copia-de-Semana-Santa-Jerusalem-41.jpg\" class=\"attachment-full size-full wp-image-3275\" alt=\"\" srcset=\"https:\/\/operaeucharistica.org\/wp-content\/uploads\/2026\/01\/Copia-de-Semana-Santa-Jerusalem-41.jpg 1080w, https:\/\/operaeucharistica.org\/wp-content\/uploads\/2026\/01\/Copia-de-Semana-Santa-Jerusalem-41-240x300.jpg 240w, https:\/\/operaeucharistica.org\/wp-content\/uploads\/2026\/01\/Copia-de-Semana-Santa-Jerusalem-41-819x1024.jpg 819w, https:\/\/operaeucharistica.org\/wp-content\/uploads\/2026\/01\/Copia-de-Semana-Santa-Jerusalem-41-768x960.jpg 768w\" sizes=\"(max-width: 1080px) 100vw, 1080px\" \/><\/a><\/figure><div class=\"elementor-image-box-content\"><h3 class=\"elementor-image-box-title\"><a href=\"https:\/\/www.amazon.es\/historia-CUADERNOS-Andreas-Jungmann-blanda\/dp\/B011MLCGA2\">Breve historia de la <br>Misa<\/a><\/h3><p class=\"elementor-image-box-description\">Josef Andreas<br>Jungmann<\/p><\/div><\/div>\t\t\t\t<\/div>\n\t\t\t\t<\/div>\n\t\t\t\t<div class=\"elementor-element elementor-element-f2f5978 elementor-widget__width-initial elementor-position-top elementor-widget elementor-widget-image-box\" data-id=\"f2f5978\" data-element_type=\"widget\" data-e-type=\"widget\" data-widget_type=\"image-box.default\">\n\t\t\t\t<div class=\"elementor-widget-container\">\n\t\t\t\t\t<div class=\"elementor-image-box-wrapper\"><figure class=\"elementor-image-box-img\"><a href=\"https:\/\/www.todocoleccion.net\/libros-segunda-mano-religion\/la-adoracion-eucaristica-concepcion-gonzalez-ediciones-paulinas~x481152712\" tabindex=\"-1\"><img loading=\"lazy\" decoding=\"async\" width=\"1080\" height=\"1350\" src=\"https:\/\/operaeucharistica.org\/wp-content\/uploads\/2026\/01\/Copia-de-Semana-Santa-Jerusalem-42.jpg\" class=\"attachment-full size-full wp-image-3279\" alt=\"\" srcset=\"https:\/\/operaeucharistica.org\/wp-content\/uploads\/2026\/01\/Copia-de-Semana-Santa-Jerusalem-42.jpg 1080w, https:\/\/operaeucharistica.org\/wp-content\/uploads\/2026\/01\/Copia-de-Semana-Santa-Jerusalem-42-240x300.jpg 240w, https:\/\/operaeucharistica.org\/wp-content\/uploads\/2026\/01\/Copia-de-Semana-Santa-Jerusalem-42-819x1024.jpg 819w, https:\/\/operaeucharistica.org\/wp-content\/uploads\/2026\/01\/Copia-de-Semana-Santa-Jerusalem-42-768x960.jpg 768w\" sizes=\"(max-width: 1080px) 100vw, 1080px\" \/><\/a><\/figure><div class=\"elementor-image-box-content\"><h3 class=\"elementor-image-box-title\"><a href=\"https:\/\/www.todocoleccion.net\/libros-segunda-mano-religion\/la-adoracion-eucaristica-concepcion-gonzalez-ediciones-paulinas~x481152712\">La adoraci\u00f3n<br>eucar\u00edstica<\/a><\/h3><p class=\"elementor-image-box-description\">Concepci\u00f3n <br>Gonz\u00e1lez<\/p><\/div><\/div>\t\t\t\t<\/div>\n\t\t\t\t<\/div>\n\t\t\t\t<div class=\"elementor-element elementor-element-057b7a9 elementor-widget__width-initial elementor-position-top elementor-widget elementor-widget-image-box\" data-id=\"057b7a9\" data-element_type=\"widget\" data-e-type=\"widget\" data-widget_type=\"image-box.default\">\n\t\t\t\t<div class=\"elementor-widget-container\">\n\t\t\t\t\t<div class=\"elementor-image-box-wrapper\"><figure class=\"elementor-image-box-img\"><a href=\"https:\/\/libreria.sanpablo.es\/libro\/la-eucaristia_306481\" tabindex=\"-1\"><img loading=\"lazy\" decoding=\"async\" width=\"1006\" height=\"1304\" src=\"https:\/\/operaeucharistica.org\/wp-content\/uploads\/2026\/03\/Captura-de-pantalla-2026-03-31-a-las-21.35.45.png\" class=\"attachment-full size-full wp-image-3380\" alt=\"\" srcset=\"https:\/\/operaeucharistica.org\/wp-content\/uploads\/2026\/03\/Captura-de-pantalla-2026-03-31-a-las-21.35.45.png 1006w, https:\/\/operaeucharistica.org\/wp-content\/uploads\/2026\/03\/Captura-de-pantalla-2026-03-31-a-las-21.35.45-231x300.png 231w, https:\/\/operaeucharistica.org\/wp-content\/uploads\/2026\/03\/Captura-de-pantalla-2026-03-31-a-las-21.35.45-790x1024.png 790w, https:\/\/operaeucharistica.org\/wp-content\/uploads\/2026\/03\/Captura-de-pantalla-2026-03-31-a-las-21.35.45-768x995.png 768w\" sizes=\"(max-width: 1006px) 100vw, 1006px\" \/><\/a><\/figure><div class=\"elementor-image-box-content\"><h3 class=\"elementor-image-box-title\"><a href=\"https:\/\/libreria.sanpablo.es\/libro\/la-eucaristia_306481\">La<br>Eucarist\u00eda<\/a><\/h3><p class=\"elementor-image-box-description\">Joel<br>Guibert<\/p><\/div><\/div>\t\t\t\t<\/div>\n\t\t\t\t<\/div>\n\t\t\t\t<div class=\"elementor-element elementor-element-1d8199c elementor-widget__width-initial elementor-position-top elementor-widget elementor-widget-image-box\" data-id=\"1d8199c\" data-element_type=\"widget\" data-e-type=\"widget\" data-widget_type=\"image-box.default\">\n\t\t\t\t<div class=\"elementor-widget-container\">\n\t\t\t\t\t<div class=\"elementor-image-box-wrapper\"><figure class=\"elementor-image-box-img\"><a href=\"https:\/\/libreria.sanpablo.es\/libro\/preparacion-para-la-celebracion-de-la-santa-misa_155270\" tabindex=\"-1\"><img loading=\"lazy\" decoding=\"async\" width=\"1006\" height=\"1304\" src=\"https:\/\/operaeucharistica.org\/wp-content\/uploads\/2026\/03\/Captura-de-pantalla-2026-03-31-a-las-21.37.33.png\" class=\"attachment-full size-full wp-image-3381\" alt=\"\" srcset=\"https:\/\/operaeucharistica.org\/wp-content\/uploads\/2026\/03\/Captura-de-pantalla-2026-03-31-a-las-21.37.33.png 1006w, https:\/\/operaeucharistica.org\/wp-content\/uploads\/2026\/03\/Captura-de-pantalla-2026-03-31-a-las-21.37.33-231x300.png 231w, https:\/\/operaeucharistica.org\/wp-content\/uploads\/2026\/03\/Captura-de-pantalla-2026-03-31-a-las-21.37.33-790x1024.png 790w, https:\/\/operaeucharistica.org\/wp-content\/uploads\/2026\/03\/Captura-de-pantalla-2026-03-31-a-las-21.37.33-768x995.png 768w\" sizes=\"(max-width: 1006px) 100vw, 1006px\" \/><\/a><\/figure><div class=\"elementor-image-box-content\"><h3 class=\"elementor-image-box-title\"><a href=\"https:\/\/libreria.sanpablo.es\/libro\/preparacion-para-la-celebracion-de-la-santa-misa_155270\">Preparaci\u00f3n para la celebraci\u00f3n de la <br>Santa Misa<\/a><\/h3><p class=\"elementor-image-box-description\">Romano<br>Guardini<\/p><\/div><\/div>\t\t\t\t<\/div>\n\t\t\t\t<\/div>\n\t\t\t\t\t<\/div>\n\t\t\t\t<\/div>\n\t\t\t\t<\/div>\n\t\t","protected":false},"excerpt":{"rendered":"<p>Bibliografia Adoremos in Aeternum Sanctissimum Sacramentum Bibliografia de la FMOEI Enc\u00edclica Ecclesia de Eucharistia San Juan Pablo II Enc\u00edclica Sacramentum Caritatis Benedicto XVI Visitas al Sant\u00edsimo Sacramento y a Mar\u00eda Sant\u00edsima San Alfonso Mar\u00eda de Ligorio As\u00ed ama \u00c9l Manuel Gonz\u00e1lez Garc\u00eda Qu\u00e9 hace y qu\u00e9 dice el Coraz\u00f3n de Jes\u00fas en el Sagrario San [&hellip;]<\/p>\n","protected":false},"author":1,"featured_media":0,"parent":0,"menu_order":0,"comment_status":"closed","ping_status":"closed","template":"elementor_header_footer","meta":{"_joinchat":[],"footnotes":""},"class_list":["post-3116","page","type-page","status-publish","hentry"],"yoast_head":"<!-- This site is optimized with the Yoast SEO plugin v24.3 - https:\/\/yoast.com\/wordpress\/plugins\/seo\/ -->\n<title>bibliografia - Opera Eucharistica<\/title>\n<meta name=\"robots\" content=\"noindex, follow, max-snippet:-1, max-image-preview:large, max-video-preview:-1\" \/>\n<meta property=\"og:locale\" content=\"es_ES\" \/>\n<meta property=\"og:type\" content=\"article\" \/>\n<meta property=\"og:title\" content=\"bibliografia - Opera Eucharistica\" \/>\n<meta property=\"og:description\" content=\"Bibliografia Adoremos in Aeternum Sanctissimum Sacramentum Bibliografia de la FMOEI Enc\u00edclica Ecclesia de Eucharistia San Juan Pablo II Enc\u00edclica Sacramentum Caritatis Benedicto XVI Visitas al Sant\u00edsimo Sacramento y a Mar\u00eda Sant\u00edsima San Alfonso Mar\u00eda de Ligorio As\u00ed ama \u00c9l Manuel Gonz\u00e1lez Garc\u00eda Qu\u00e9 hace y qu\u00e9 dice el Coraz\u00f3n de Jes\u00fas en el Sagrario San [&hellip;]\" \/>\n<meta property=\"og:url\" content=\"https:\/\/operaeucharistica.org\/home\/bibliografia\/\" \/>\n<meta property=\"og:site_name\" content=\"Opera Eucharistica\" \/>\n<meta property=\"article:publisher\" content=\"https:\/\/www.facebook.com\/ttecumviajes\/\" \/>\n<meta property=\"article:modified_time\" content=\"2026-04-02T15:00:03+00:00\" \/>\n<meta property=\"og:image\" content=\"https:\/\/operaeucharistica.org\/wp-content\/uploads\/2026\/01\/1.jpg\" \/>\n\t<meta property=\"og:image:width\" content=\"1080\" \/>\n\t<meta property=\"og:image:height\" content=\"1350\" \/>\n\t<meta property=\"og:image:type\" content=\"image\/jpeg\" \/>\n<meta name=\"twitter:card\" content=\"summary_large_image\" \/>\n<meta name=\"twitter:label1\" content=\"Tiempo de lectura\" \/>\n\t<meta name=\"twitter:data1\" content=\"12 minutos\" \/>\n<script type=\"application\/ld+json\" class=\"yoast-schema-graph\">{\"@context\":\"https:\/\/schema.org\",\"@graph\":[{\"@type\":\"WebPage\",\"@id\":\"https:\/\/operaeucharistica.org\/home\/bibliografia\/\",\"url\":\"https:\/\/operaeucharistica.org\/home\/bibliografia\/\",\"name\":\"bibliografia - Opera Eucharistica\",\"isPartOf\":{\"@id\":\"https:\/\/operaeucharistica.org\/home\/#website\"},\"primaryImageOfPage\":{\"@id\":\"https:\/\/operaeucharistica.org\/home\/bibliografia\/#primaryimage\"},\"image\":{\"@id\":\"https:\/\/operaeucharistica.org\/home\/bibliografia\/#primaryimage\"},\"thumbnailUrl\":\"https:\/\/operaeucharistica.org\/wp-content\/uploads\/2026\/01\/1.jpg\",\"datePublished\":\"2026-01-25T00:58:12+00:00\",\"dateModified\":\"2026-04-02T15:00:03+00:00\",\"breadcrumb\":{\"@id\":\"https:\/\/operaeucharistica.org\/home\/bibliografia\/#breadcrumb\"},\"inLanguage\":\"es\",\"potentialAction\":[{\"@type\":\"ReadAction\",\"target\":[\"https:\/\/operaeucharistica.org\/home\/bibliografia\/\"]}]},{\"@type\":\"ImageObject\",\"inLanguage\":\"es\",\"@id\":\"https:\/\/operaeucharistica.org\/home\/bibliografia\/#primaryimage\",\"url\":\"https:\/\/operaeucharistica.org\/wp-content\/uploads\/2026\/01\/1.jpg\",\"contentUrl\":\"https:\/\/operaeucharistica.org\/wp-content\/uploads\/2026\/01\/1.jpg\"},{\"@type\":\"BreadcrumbList\",\"@id\":\"https:\/\/operaeucharistica.org\/home\/bibliografia\/#breadcrumb\",\"itemListElement\":[{\"@type\":\"ListItem\",\"position\":1,\"name\":\"Portada\",\"item\":\"https:\/\/operaeucharistica.org\/home\/\"},{\"@type\":\"ListItem\",\"position\":2,\"name\":\"bibliografia\"}]},{\"@type\":\"WebSite\",\"@id\":\"https:\/\/operaeucharistica.org\/home\/#website\",\"url\":\"https:\/\/operaeucharistica.org\/home\/\",\"name\":\"Tecum Viajes\",\"description\":\"Fundac\u00edon de las Obras Eucaristicas\",\"potentialAction\":[{\"@type\":\"SearchAction\",\"target\":{\"@type\":\"EntryPoint\",\"urlTemplate\":\"https:\/\/operaeucharistica.org\/home\/?s={search_term_string}\"},\"query-input\":{\"@type\":\"PropertyValueSpecification\",\"valueRequired\":true,\"valueName\":\"search_term_string\"}}],\"inLanguage\":\"es\"}]}<\/script>\n<!-- \/ Yoast SEO plugin. -->","yoast_head_json":{"title":"bibliografia - Opera Eucharistica","robots":{"index":"noindex","follow":"follow","max-snippet":"max-snippet:-1","max-image-preview":"max-image-preview:large","max-video-preview":"max-video-preview:-1"},"og_locale":"es_ES","og_type":"article","og_title":"bibliografia - Opera Eucharistica","og_description":"Bibliografia Adoremos in Aeternum Sanctissimum Sacramentum Bibliografia de la FMOEI Enc\u00edclica Ecclesia de Eucharistia San Juan Pablo II Enc\u00edclica Sacramentum Caritatis Benedicto XVI Visitas al Sant\u00edsimo Sacramento y a Mar\u00eda Sant\u00edsima San Alfonso Mar\u00eda de Ligorio As\u00ed ama \u00c9l Manuel Gonz\u00e1lez Garc\u00eda Qu\u00e9 hace y qu\u00e9 dice el Coraz\u00f3n de Jes\u00fas en el Sagrario San [&hellip;]","og_url":"https:\/\/operaeucharistica.org\/home\/bibliografia\/","og_site_name":"Opera Eucharistica","article_publisher":"https:\/\/www.facebook.com\/ttecumviajes\/","article_modified_time":"2026-04-02T15:00:03+00:00","og_image":[{"width":1080,"height":1350,"url":"https:\/\/operaeucharistica.org\/wp-content\/uploads\/2026\/01\/1.jpg","type":"image\/jpeg"}],"twitter_card":"summary_large_image","twitter_misc":{"Tiempo de lectura":"12 minutos"},"schema":{"@context":"https:\/\/schema.org","@graph":[{"@type":"WebPage","@id":"https:\/\/operaeucharistica.org\/home\/bibliografia\/","url":"https:\/\/operaeucharistica.org\/home\/bibliografia\/","name":"bibliografia - Opera Eucharistica","isPartOf":{"@id":"https:\/\/operaeucharistica.org\/home\/#website"},"primaryImageOfPage":{"@id":"https:\/\/operaeucharistica.org\/home\/bibliografia\/#primaryimage"},"image":{"@id":"https:\/\/operaeucharistica.org\/home\/bibliografia\/#primaryimage"},"thumbnailUrl":"https:\/\/operaeucharistica.org\/wp-content\/uploads\/2026\/01\/1.jpg","datePublished":"2026-01-25T00:58:12+00:00","dateModified":"2026-04-02T15:00:03+00:00","breadcrumb":{"@id":"https:\/\/operaeucharistica.org\/home\/bibliografia\/#breadcrumb"},"inLanguage":"es","potentialAction":[{"@type":"ReadAction","target":["https:\/\/operaeucharistica.org\/home\/bibliografia\/"]}]},{"@type":"ImageObject","inLanguage":"es","@id":"https:\/\/operaeucharistica.org\/home\/bibliografia\/#primaryimage","url":"https:\/\/operaeucharistica.org\/wp-content\/uploads\/2026\/01\/1.jpg","contentUrl":"https:\/\/operaeucharistica.org\/wp-content\/uploads\/2026\/01\/1.jpg"},{"@type":"BreadcrumbList","@id":"https:\/\/operaeucharistica.org\/home\/bibliografia\/#breadcrumb","itemListElement":[{"@type":"ListItem","position":1,"name":"Portada","item":"https:\/\/operaeucharistica.org\/home\/"},{"@type":"ListItem","position":2,"name":"bibliografia"}]},{"@type":"WebSite","@id":"https:\/\/operaeucharistica.org\/home\/#website","url":"https:\/\/operaeucharistica.org\/home\/","name":"Tecum Viajes","description":"Fundac\u00edon de las Obras Eucaristicas","potentialAction":[{"@type":"SearchAction","target":{"@type":"EntryPoint","urlTemplate":"https:\/\/operaeucharistica.org\/home\/?s={search_term_string}"},"query-input":{"@type":"PropertyValueSpecification","valueRequired":true,"valueName":"search_term_string"}}],"inLanguage":"es"}]}},"_links":{"self":[{"href":"https:\/\/operaeucharistica.org\/home\/wp-json\/wp\/v2\/pages\/3116","targetHints":{"allow":["GET"]}}],"collection":[{"href":"https:\/\/operaeucharistica.org\/home\/wp-json\/wp\/v2\/pages"}],"about":[{"href":"https:\/\/operaeucharistica.org\/home\/wp-json\/wp\/v2\/types\/page"}],"author":[{"embeddable":true,"href":"https:\/\/operaeucharistica.org\/home\/wp-json\/wp\/v2\/users\/1"}],"replies":[{"embeddable":true,"href":"https:\/\/operaeucharistica.org\/home\/wp-json\/wp\/v2\/comments?post=3116"}],"version-history":[{"count":160,"href":"https:\/\/operaeucharistica.org\/home\/wp-json\/wp\/v2\/pages\/3116\/revisions"}],"predecessor-version":[{"id":3453,"href":"https:\/\/operaeucharistica.org\/home\/wp-json\/wp\/v2\/pages\/3116\/revisions\/3453"}],"wp:attachment":[{"href":"https:\/\/operaeucharistica.org\/home\/wp-json\/wp\/v2\/media?parent=3116"}],"curies":[{"name":"wp","href":"https:\/\/api.w.org\/{rel}","templated":true}]}}