{"id":2703,"date":"2025-03-13T19:58:24","date_gmt":"2025-03-13T18:58:24","guid":{"rendered":"https:\/\/operaeucharistica.org\/home\/?page_id=2703"},"modified":"2026-04-02T12:20:57","modified_gmt":"2026-04-02T11:20:57","slug":"charlas","status":"publish","type":"page","link":"https:\/\/operaeucharistica.org\/home\/charlas\/","title":{"rendered":"charlas"},"content":{"rendered":"\t\t<div data-elementor-type=\"wp-page\" data-elementor-id=\"2703\" class=\"elementor elementor-2703\" data-elementor-post-type=\"page\">\n\t\t\t\t<div class=\"elementor-element elementor-element-60bd1d8 e-flex e-con-boxed e-con e-parent\" data-id=\"60bd1d8\" data-element_type=\"container\" data-e-type=\"container\" data-settings=\"{&quot;background_background&quot;:&quot;classic&quot;}\">\n\t\t\t\t\t<div class=\"e-con-inner\">\n\t\t\t\t<div class=\"elementor-element elementor-element-4d50414 elementor-widget__width-initial elementor-widget elementor-widget-heading\" data-id=\"4d50414\" data-element_type=\"widget\" data-e-type=\"widget\" data-widget_type=\"heading.default\">\n\t\t\t\t<div class=\"elementor-widget-container\">\n\t\t\t\t\t<h1 class=\"elementor-heading-title elementor-size-default\">Charlas<\/h1>\t\t\t\t<\/div>\n\t\t\t\t<\/div>\n\t\t\t\t<div class=\"elementor-element elementor-element-1d4a817 elementor-widget elementor-widget-text-editor\" data-id=\"1d4a817\" data-element_type=\"widget\" data-e-type=\"widget\" data-widget_type=\"text-editor.default\">\n\t\t\t\t<div class=\"elementor-widget-container\">\n\t\t\t\t\t\t\t\t\t<p><strong>Adoremos in Aeternum Sanctissimum Sacramentum<\/strong><\/p>\t\t\t\t\t\t\t\t<\/div>\n\t\t\t\t<\/div>\n\t\t\t\t\t<\/div>\n\t\t\t\t<\/div>\n\t\t<div class=\"elementor-element elementor-element-02d6205 e-flex e-con-boxed e-con e-parent\" data-id=\"02d6205\" data-element_type=\"container\" data-e-type=\"container\" data-settings=\"{&quot;background_background&quot;:&quot;classic&quot;}\">\n\t\t\t\t\t<div class=\"e-con-inner\">\n\t\t\t\t<div class=\"elementor-element elementor-element-a606d4c elementor-widget-divider--view-line elementor-widget elementor-widget-divider\" data-id=\"a606d4c\" data-element_type=\"widget\" data-e-type=\"widget\" data-widget_type=\"divider.default\">\n\t\t\t\t<div class=\"elementor-widget-container\">\n\t\t\t\t\t\t\t<div class=\"elementor-divider\">\n\t\t\t<span class=\"elementor-divider-separator\">\n\t\t\t\t\t\t<\/span>\n\t\t<\/div>\n\t\t\t\t\t\t<\/div>\n\t\t\t\t<\/div>\n\t\t\t\t\t<\/div>\n\t\t\t\t<\/div>\n\t\t<div class=\"elementor-element elementor-element-31760e8 e-flex e-con-boxed e-con e-parent\" data-id=\"31760e8\" data-element_type=\"container\" data-e-type=\"container\">\n\t\t\t\t\t<div class=\"e-con-inner\">\n\t\t<div class=\"elementor-element elementor-element-69f5c53 e-con-full e-flex e-con e-child\" data-id=\"69f5c53\" data-element_type=\"container\" data-e-type=\"container\" data-settings=\"{&quot;background_background&quot;:&quot;classic&quot;}\">\n\t\t\t\t<div class=\"elementor-element elementor-element-fe14aee elementor-widget__width-initial elementor-position-top elementor-widget elementor-widget-image-box\" data-id=\"fe14aee\" data-element_type=\"widget\" data-e-type=\"widget\" data-widget_type=\"image-box.default\">\n\t\t\t\t<div class=\"elementor-widget-container\">\n\t\t\t\t\t<div class=\"elementor-image-box-wrapper\"><figure class=\"elementor-image-box-img\"><a href=\"https:\/\/youtu.be\/f-HSzN\" tabindex=\"-1\"><img fetchpriority=\"high\" decoding=\"async\" width=\"1128\" height=\"1600\" src=\"https:\/\/operaeucharistica.org\/wp-content\/uploads\/2026\/04\/WhatsApp-Image-2026-03-16-at-22.31.48.jpeg\" class=\"attachment-full size-full wp-image-3417\" alt=\"\" srcset=\"https:\/\/operaeucharistica.org\/wp-content\/uploads\/2026\/04\/WhatsApp-Image-2026-03-16-at-22.31.48.jpeg 1128w, https:\/\/operaeucharistica.org\/wp-content\/uploads\/2026\/04\/WhatsApp-Image-2026-03-16-at-22.31.48-212x300.jpeg 212w, https:\/\/operaeucharistica.org\/wp-content\/uploads\/2026\/04\/WhatsApp-Image-2026-03-16-at-22.31.48-722x1024.jpeg 722w, https:\/\/operaeucharistica.org\/wp-content\/uploads\/2026\/04\/WhatsApp-Image-2026-03-16-at-22.31.48-768x1089.jpeg 768w, https:\/\/operaeucharistica.org\/wp-content\/uploads\/2026\/04\/WhatsApp-Image-2026-03-16-at-22.31.48-1083x1536.jpeg 1083w\" sizes=\"(max-width: 1128px) 100vw, 1128px\" \/><\/a><\/figure><div class=\"elementor-image-box-content\"><h3 class=\"elementor-image-box-title\"><a href=\"https:\/\/youtu.be\/f-HSzN\">Charla con D. Agust\u00edn Gim\u00e9nez Gonz\u00e1lez<br>25\/03\/2026<\/a><\/h3><\/div><\/div>\t\t\t\t<\/div>\n\t\t\t\t<\/div>\n\t\t\t\t<div class=\"elementor-element elementor-element-97b78e0 elementor-widget elementor-widget-video\" data-id=\"97b78e0\" data-element_type=\"widget\" data-e-type=\"widget\" data-settings=\"{&quot;youtube_url&quot;:&quot;https:\\\/\\\/youtu.be\\\/YWjAi35DMpc&quot;,&quot;video_type&quot;:&quot;youtube&quot;,&quot;controls&quot;:&quot;yes&quot;}\" data-widget_type=\"video.default\">\n\t\t\t\t<div class=\"elementor-widget-container\">\n\t\t\t\t\t\t\t<div class=\"elementor-wrapper elementor-open-inline\">\n\t\t\t<div class=\"elementor-video\"><\/div>\t\t<\/div>\n\t\t\t\t\t\t<\/div>\n\t\t\t\t<\/div>\n\t\t\t\t<\/div>\n\t\t\t\t\t<\/div>\n\t\t\t\t<\/div>\n\t\t<div class=\"elementor-element elementor-element-d810bea e-flex e-con-boxed e-con e-parent\" data-id=\"d810bea\" data-element_type=\"container\" data-e-type=\"container\">\n\t\t\t\t\t<div class=\"e-con-inner\">\n\t\t<div class=\"elementor-element elementor-element-5aecb78 e-con-full e-flex e-con e-child\" data-id=\"5aecb78\" data-element_type=\"container\" data-e-type=\"container\" data-settings=\"{&quot;background_background&quot;:&quot;classic&quot;}\">\n\t\t\t\t<div class=\"elementor-element elementor-element-5a979bd elementor-widget__width-initial elementor-position-top elementor-widget elementor-widget-image-box\" data-id=\"5a979bd\" data-element_type=\"widget\" data-e-type=\"widget\" data-widget_type=\"image-box.default\">\n\t\t\t\t<div class=\"elementor-widget-container\">\n\t\t\t\t\t<div class=\"elementor-image-box-wrapper\"><figure class=\"elementor-image-box-img\"><a href=\"https:\/\/youtu.be\/f-HSzN\" tabindex=\"-1\"><img decoding=\"async\" width=\"1125\" height=\"1600\" src=\"https:\/\/operaeucharistica.org\/wp-content\/uploads\/2026\/03\/WhatsApp-Image-2026-02-18-at-13.00.44.jpeg\" class=\"attachment-full size-full wp-image-3372\" alt=\"\" srcset=\"https:\/\/operaeucharistica.org\/wp-content\/uploads\/2026\/03\/WhatsApp-Image-2026-02-18-at-13.00.44.jpeg 1125w, https:\/\/operaeucharistica.org\/wp-content\/uploads\/2026\/03\/WhatsApp-Image-2026-02-18-at-13.00.44-211x300.jpeg 211w, https:\/\/operaeucharistica.org\/wp-content\/uploads\/2026\/03\/WhatsApp-Image-2026-02-18-at-13.00.44-720x1024.jpeg 720w, https:\/\/operaeucharistica.org\/wp-content\/uploads\/2026\/03\/WhatsApp-Image-2026-02-18-at-13.00.44-768x1092.jpeg 768w, https:\/\/operaeucharistica.org\/wp-content\/uploads\/2026\/03\/WhatsApp-Image-2026-02-18-at-13.00.44-1080x1536.jpeg 1080w\" sizes=\"(max-width: 1125px) 100vw, 1125px\" \/><\/a><\/figure><div class=\"elementor-image-box-content\"><h3 class=\"elementor-image-box-title\"><a href=\"https:\/\/youtu.be\/f-HSzN\">Charla con Mons. Raimo Goyarrola Belda<br>25\/02\/2026<\/a><\/h3><\/div><\/div>\t\t\t\t<\/div>\n\t\t\t\t<\/div>\n\t\t\t\t<div class=\"elementor-element elementor-element-7c5fa0f elementor-widget elementor-widget-video\" data-id=\"7c5fa0f\" data-element_type=\"widget\" data-e-type=\"widget\" data-settings=\"{&quot;youtube_url&quot;:&quot;https:\\\/\\\/youtu.be\\\/iQ3E4PiT01Y&quot;,&quot;video_type&quot;:&quot;youtube&quot;,&quot;controls&quot;:&quot;yes&quot;}\" data-widget_type=\"video.default\">\n\t\t\t\t<div class=\"elementor-widget-container\">\n\t\t\t\t\t\t\t<div class=\"elementor-wrapper elementor-open-inline\">\n\t\t\t<div class=\"elementor-video\"><\/div>\t\t<\/div>\n\t\t\t\t\t\t<\/div>\n\t\t\t\t<\/div>\n\t\t\t\t<\/div>\n\t\t\t\t\t<\/div>\n\t\t\t\t<\/div>\n\t\t<div class=\"elementor-element elementor-element-7c3efc5 e-flex e-con-boxed e-con e-parent\" data-id=\"7c3efc5\" data-element_type=\"container\" data-e-type=\"container\">\n\t\t\t\t\t<div class=\"e-con-inner\">\n\t\t<div class=\"elementor-element elementor-element-9e78804 e-con-full e-flex e-con e-child\" data-id=\"9e78804\" data-element_type=\"container\" data-e-type=\"container\" data-settings=\"{&quot;background_background&quot;:&quot;classic&quot;}\">\n\t\t\t\t<div class=\"elementor-element elementor-element-9446faa elementor-widget__width-initial elementor-position-top elementor-widget elementor-widget-image-box\" data-id=\"9446faa\" data-element_type=\"widget\" data-e-type=\"widget\" data-widget_type=\"image-box.default\">\n\t\t\t\t<div class=\"elementor-widget-container\">\n\t\t\t\t\t<div class=\"elementor-image-box-wrapper\"><figure class=\"elementor-image-box-img\"><a href=\"https:\/\/youtu.be\/f-HSzN\" tabindex=\"-1\"><img decoding=\"async\" width=\"902\" height=\"1280\" src=\"https:\/\/operaeucharistica.org\/wp-content\/uploads\/2026\/03\/WhatsApp-Image-2026-01-18-at-23.50.18.jpeg\" class=\"attachment-full size-full wp-image-3367\" alt=\"\" srcset=\"https:\/\/operaeucharistica.org\/wp-content\/uploads\/2026\/03\/WhatsApp-Image-2026-01-18-at-23.50.18.jpeg 902w, https:\/\/operaeucharistica.org\/wp-content\/uploads\/2026\/03\/WhatsApp-Image-2026-01-18-at-23.50.18-211x300.jpeg 211w, https:\/\/operaeucharistica.org\/wp-content\/uploads\/2026\/03\/WhatsApp-Image-2026-01-18-at-23.50.18-722x1024.jpeg 722w, https:\/\/operaeucharistica.org\/wp-content\/uploads\/2026\/03\/WhatsApp-Image-2026-01-18-at-23.50.18-768x1090.jpeg 768w\" sizes=\"(max-width: 902px) 100vw, 902px\" \/><\/a><\/figure><div class=\"elementor-image-box-content\"><h3 class=\"elementor-image-box-title\"><a href=\"https:\/\/youtu.be\/f-HSzN\">Charla con Mons. Demetrio Fern\u00e1ndez Gonz\u00e1lez <br>28\/01\/2026<\/a><\/h3><\/div><\/div>\t\t\t\t<\/div>\n\t\t\t\t<\/div>\n\t\t\t\t<div class=\"elementor-element elementor-element-e216dfd elementor-widget elementor-widget-video\" data-id=\"e216dfd\" data-element_type=\"widget\" data-e-type=\"widget\" data-settings=\"{&quot;youtube_url&quot;:&quot;https:\\\/\\\/www.youtube.com\\\/watch?v=fCY3LppT5k4&quot;,&quot;video_type&quot;:&quot;youtube&quot;,&quot;controls&quot;:&quot;yes&quot;}\" data-widget_type=\"video.default\">\n\t\t\t\t<div class=\"elementor-widget-container\">\n\t\t\t\t\t\t\t<div class=\"elementor-wrapper elementor-open-inline\">\n\t\t\t<div class=\"elementor-video\"><\/div>\t\t<\/div>\n\t\t\t\t\t\t<\/div>\n\t\t\t\t<\/div>\n\t\t\t\t<\/div>\n\t\t\t\t\t<\/div>\n\t\t\t\t<\/div>\n\t\t<div class=\"elementor-element elementor-element-181668b e-flex e-con-boxed e-con e-parent\" data-id=\"181668b\" data-element_type=\"container\" data-e-type=\"container\">\n\t\t\t\t\t<div class=\"e-con-inner\">\n\t\t<div class=\"elementor-element elementor-element-f68a1ad e-con-full e-flex e-con e-child\" data-id=\"f68a1ad\" data-element_type=\"container\" data-e-type=\"container\" data-settings=\"{&quot;background_background&quot;:&quot;classic&quot;}\">\n\t\t\t\t<div class=\"elementor-element elementor-element-3f4d2f4 elementor-widget__width-initial elementor-position-top elementor-widget elementor-widget-image-box\" data-id=\"3f4d2f4\" data-element_type=\"widget\" data-e-type=\"widget\" data-widget_type=\"image-box.default\">\n\t\t\t\t<div class=\"elementor-widget-container\">\n\t\t\t\t\t<div class=\"elementor-image-box-wrapper\"><figure class=\"elementor-image-box-img\"><a href=\"https:\/\/youtu.be\/f-HSzN\" tabindex=\"-1\"><img loading=\"lazy\" decoding=\"async\" width=\"1122\" height=\"1600\" src=\"https:\/\/operaeucharistica.org\/wp-content\/uploads\/2025\/12\/WhatsApp-Image-2025-11-18-at-23.32.16.jpeg\" class=\"attachment-full size-full wp-image-3003\" alt=\"\" srcset=\"https:\/\/operaeucharistica.org\/wp-content\/uploads\/2025\/12\/WhatsApp-Image-2025-11-18-at-23.32.16.jpeg 1122w, https:\/\/operaeucharistica.org\/wp-content\/uploads\/2025\/12\/WhatsApp-Image-2025-11-18-at-23.32.16-210x300.jpeg 210w, https:\/\/operaeucharistica.org\/wp-content\/uploads\/2025\/12\/WhatsApp-Image-2025-11-18-at-23.32.16-718x1024.jpeg 718w, https:\/\/operaeucharistica.org\/wp-content\/uploads\/2025\/12\/WhatsApp-Image-2025-11-18-at-23.32.16-768x1095.jpeg 768w, https:\/\/operaeucharistica.org\/wp-content\/uploads\/2025\/12\/WhatsApp-Image-2025-11-18-at-23.32.16-1077x1536.jpeg 1077w\" sizes=\"(max-width: 1122px) 100vw, 1122px\" \/><\/a><\/figure><div class=\"elementor-image-box-content\"><h3 class=\"elementor-image-box-title\"><a href=\"https:\/\/youtu.be\/f-HSzN\">Charla con D. Jorge L\u00f3pez Teul\u00f3n <br>26\/11\/2025<\/a><\/h3><\/div><\/div>\t\t\t\t<\/div>\n\t\t\t\t<\/div>\n\t\t\t\t<div class=\"elementor-element elementor-element-f143c5a elementor-widget elementor-widget-video\" data-id=\"f143c5a\" data-element_type=\"widget\" data-e-type=\"widget\" data-settings=\"{&quot;youtube_url&quot;:&quot;https:\\\/\\\/youtu.be\\\/f-HSzNv3bEg&quot;,&quot;video_type&quot;:&quot;youtube&quot;,&quot;controls&quot;:&quot;yes&quot;}\" data-widget_type=\"video.default\">\n\t\t\t\t<div class=\"elementor-widget-container\">\n\t\t\t\t\t\t\t<div class=\"elementor-wrapper elementor-open-inline\">\n\t\t\t<div class=\"elementor-video\"><\/div>\t\t<\/div>\n\t\t\t\t\t\t<\/div>\n\t\t\t\t<\/div>\n\t\t\t\t<\/div>\n\t\t\t\t\t<\/div>\n\t\t\t\t<\/div>\n\t\t<div class=\"elementor-element elementor-element-8c69130 e-flex e-con-boxed e-con e-parent\" data-id=\"8c69130\" data-element_type=\"container\" data-e-type=\"container\">\n\t\t\t\t\t<div class=\"e-con-inner\">\n\t\t<div class=\"elementor-element elementor-element-f0e6760 e-con-full e-flex e-con e-child\" data-id=\"f0e6760\" data-element_type=\"container\" data-e-type=\"container\" data-settings=\"{&quot;background_background&quot;:&quot;classic&quot;}\">\n\t\t\t\t<div class=\"elementor-element elementor-element-a282cbb elementor-widget__width-initial elementor-position-top elementor-widget elementor-widget-image-box\" data-id=\"a282cbb\" data-element_type=\"widget\" data-e-type=\"widget\" data-widget_type=\"image-box.default\">\n\t\t\t\t<div class=\"elementor-widget-container\">\n\t\t\t\t\t<div class=\"elementor-image-box-wrapper\"><figure class=\"elementor-image-box-img\"><a href=\"https:\/\/youtu.be\/SdSzTZRgZx0\" tabindex=\"-1\"><img loading=\"lazy\" decoding=\"async\" width=\"1134\" height=\"1596\" src=\"https:\/\/operaeucharistica.org\/wp-content\/uploads\/2025\/11\/Captura-de-pantalla-2025-11-19-a-las-21.42.31.png\" class=\"attachment-full size-full wp-image-2980\" alt=\"\" srcset=\"https:\/\/operaeucharistica.org\/wp-content\/uploads\/2025\/11\/Captura-de-pantalla-2025-11-19-a-las-21.42.31.png 1134w, https:\/\/operaeucharistica.org\/wp-content\/uploads\/2025\/11\/Captura-de-pantalla-2025-11-19-a-las-21.42.31-213x300.png 213w, https:\/\/operaeucharistica.org\/wp-content\/uploads\/2025\/11\/Captura-de-pantalla-2025-11-19-a-las-21.42.31-728x1024.png 728w, https:\/\/operaeucharistica.org\/wp-content\/uploads\/2025\/11\/Captura-de-pantalla-2025-11-19-a-las-21.42.31-768x1081.png 768w, https:\/\/operaeucharistica.org\/wp-content\/uploads\/2025\/11\/Captura-de-pantalla-2025-11-19-a-las-21.42.31-1091x1536.png 1091w\" sizes=\"(max-width: 1134px) 100vw, 1134px\" \/><\/a><\/figure><div class=\"elementor-image-box-content\"><h3 class=\"elementor-image-box-title\"><a href=\"https:\/\/youtu.be\/SdSzTZRgZx0\">Charla con D. Valent\u00edn Aparicio Lara <br>29\/10\/2025<\/a><\/h3><\/div><\/div>\t\t\t\t<\/div>\n\t\t\t\t<\/div>\n\t\t\t\t<div class=\"elementor-element elementor-element-1fd9fc9 elementor-widget elementor-widget-video\" data-id=\"1fd9fc9\" data-element_type=\"widget\" data-e-type=\"widget\" data-settings=\"{&quot;youtube_url&quot;:&quot;https:\\\/\\\/youtu.be\\\/Vf81UCI12jM&quot;,&quot;video_type&quot;:&quot;youtube&quot;,&quot;controls&quot;:&quot;yes&quot;}\" data-widget_type=\"video.default\">\n\t\t\t\t<div class=\"elementor-widget-container\">\n\t\t\t\t\t\t\t<div class=\"elementor-wrapper elementor-open-inline\">\n\t\t\t<div class=\"elementor-video\"><\/div>\t\t<\/div>\n\t\t\t\t\t\t<\/div>\n\t\t\t\t<\/div>\n\t\t\t\t<\/div>\n\t\t\t\t\t<\/div>\n\t\t\t\t<\/div>\n\t\t<div class=\"elementor-element elementor-element-60051c9 e-flex e-con-boxed e-con e-parent\" data-id=\"60051c9\" data-element_type=\"container\" data-e-type=\"container\">\n\t\t\t\t\t<div class=\"e-con-inner\">\n\t\t<div class=\"elementor-element elementor-element-9ce8811 e-con-full e-flex e-con e-child\" data-id=\"9ce8811\" data-element_type=\"container\" data-e-type=\"container\" data-settings=\"{&quot;background_background&quot;:&quot;classic&quot;}\">\n\t\t\t\t<div class=\"elementor-element elementor-element-19f4b3c elementor-widget__width-initial elementor-position-top elementor-widget elementor-widget-image-box\" data-id=\"19f4b3c\" data-element_type=\"widget\" data-e-type=\"widget\" data-widget_type=\"image-box.default\">\n\t\t\t\t<div class=\"elementor-widget-container\">\n\t\t\t\t\t<div class=\"elementor-image-box-wrapper\"><figure class=\"elementor-image-box-img\"><a href=\"https:\/\/youtu.be\/SdSzTZRgZx0\" tabindex=\"-1\"><img loading=\"lazy\" decoding=\"async\" width=\"1102\" height=\"1566\" src=\"https:\/\/operaeucharistica.org\/wp-content\/uploads\/2025\/10\/Captura-de-pantalla-2025-10-08-a-las-16.57.57.png\" class=\"attachment-full size-full wp-image-2962\" alt=\"\" srcset=\"https:\/\/operaeucharistica.org\/wp-content\/uploads\/2025\/10\/Captura-de-pantalla-2025-10-08-a-las-16.57.57.png 1102w, https:\/\/operaeucharistica.org\/wp-content\/uploads\/2025\/10\/Captura-de-pantalla-2025-10-08-a-las-16.57.57-211x300.png 211w, https:\/\/operaeucharistica.org\/wp-content\/uploads\/2025\/10\/Captura-de-pantalla-2025-10-08-a-las-16.57.57-721x1024.png 721w, https:\/\/operaeucharistica.org\/wp-content\/uploads\/2025\/10\/Captura-de-pantalla-2025-10-08-a-las-16.57.57-768x1091.png 768w, https:\/\/operaeucharistica.org\/wp-content\/uploads\/2025\/10\/Captura-de-pantalla-2025-10-08-a-las-16.57.57-1081x1536.png 1081w\" sizes=\"(max-width: 1102px) 100vw, 1102px\" \/><\/a><\/figure><div class=\"elementor-image-box-content\"><h3 class=\"elementor-image-box-title\"><a href=\"https:\/\/youtu.be\/SdSzTZRgZx0\">Charla con P. Rafael Pascual El\u00edas <br>25\/06\/2025<\/a><\/h3><\/div><\/div>\t\t\t\t<\/div>\n\t\t\t\t<\/div>\n\t\t\t\t<div class=\"elementor-element elementor-element-3bce417 elementor-widget elementor-widget-video\" data-id=\"3bce417\" data-element_type=\"widget\" data-e-type=\"widget\" data-settings=\"{&quot;youtube_url&quot;:&quot;https:\\\/\\\/youtu.be\\\/EkgIO2voDTg&quot;,&quot;video_type&quot;:&quot;youtube&quot;,&quot;controls&quot;:&quot;yes&quot;}\" data-widget_type=\"video.default\">\n\t\t\t\t<div class=\"elementor-widget-container\">\n\t\t\t\t\t\t\t<div class=\"elementor-wrapper elementor-open-inline\">\n\t\t\t<div class=\"elementor-video\"><\/div>\t\t<\/div>\n\t\t\t\t\t\t<\/div>\n\t\t\t\t<\/div>\n\t\t\t\t<\/div>\n\t\t\t\t\t<\/div>\n\t\t\t\t<\/div>\n\t\t<div class=\"elementor-element elementor-element-31dcfba e-flex e-con-boxed e-con e-parent\" data-id=\"31dcfba\" data-element_type=\"container\" data-e-type=\"container\">\n\t\t\t\t\t<div class=\"e-con-inner\">\n\t\t<div class=\"elementor-element elementor-element-a3452a8 e-con-full e-flex e-con e-child\" data-id=\"a3452a8\" data-element_type=\"container\" data-e-type=\"container\" data-settings=\"{&quot;background_background&quot;:&quot;classic&quot;}\">\n\t\t\t\t<div class=\"elementor-element elementor-element-aff82e7 elementor-widget__width-initial elementor-position-top elementor-widget elementor-widget-image-box\" data-id=\"aff82e7\" data-element_type=\"widget\" data-e-type=\"widget\" data-widget_type=\"image-box.default\">\n\t\t\t\t<div class=\"elementor-widget-container\">\n\t\t\t\t\t<div class=\"elementor-image-box-wrapper\"><figure class=\"elementor-image-box-img\"><a href=\"https:\/\/youtu.be\/SdSzTZRgZx0\" tabindex=\"-1\"><img loading=\"lazy\" decoding=\"async\" width=\"1118\" height=\"1590\" src=\"https:\/\/operaeucharistica.org\/wp-content\/uploads\/2025\/06\/Captura-de-pantalla-2025-06-22-a-las-0.38.47.png\" class=\"attachment-full size-full wp-image-2856\" alt=\"\" srcset=\"https:\/\/operaeucharistica.org\/wp-content\/uploads\/2025\/06\/Captura-de-pantalla-2025-06-22-a-las-0.38.47.png 1118w, https:\/\/operaeucharistica.org\/wp-content\/uploads\/2025\/06\/Captura-de-pantalla-2025-06-22-a-las-0.38.47-211x300.png 211w, https:\/\/operaeucharistica.org\/wp-content\/uploads\/2025\/06\/Captura-de-pantalla-2025-06-22-a-las-0.38.47-720x1024.png 720w, https:\/\/operaeucharistica.org\/wp-content\/uploads\/2025\/06\/Captura-de-pantalla-2025-06-22-a-las-0.38.47-768x1092.png 768w, https:\/\/operaeucharistica.org\/wp-content\/uploads\/2025\/06\/Captura-de-pantalla-2025-06-22-a-las-0.38.47-1080x1536.png 1080w\" sizes=\"(max-width: 1118px) 100vw, 1118px\" \/><\/a><\/figure><div class=\"elementor-image-box-content\"><h3 class=\"elementor-image-box-title\"><a href=\"https:\/\/youtu.be\/SdSzTZRgZx0\">Charla con Mons. Jos\u00e9 Ignacio Munilla aguirre <br>28\/05\/2025<\/a><\/h3><\/div><\/div>\t\t\t\t<\/div>\n\t\t\t\t<\/div>\n\t\t\t\t<div class=\"elementor-element elementor-element-37d4c67 elementor-widget elementor-widget-video\" data-id=\"37d4c67\" data-element_type=\"widget\" data-e-type=\"widget\" data-settings=\"{&quot;youtube_url&quot;:&quot;https:\\\/\\\/youtu.be\\\/b4ZwSKd0fxA&quot;,&quot;video_type&quot;:&quot;youtube&quot;,&quot;controls&quot;:&quot;yes&quot;}\" data-widget_type=\"video.default\">\n\t\t\t\t<div class=\"elementor-widget-container\">\n\t\t\t\t\t\t\t<div class=\"elementor-wrapper elementor-open-inline\">\n\t\t\t<div class=\"elementor-video\"><\/div>\t\t<\/div>\n\t\t\t\t\t\t<\/div>\n\t\t\t\t<\/div>\n\t\t\t\t<\/div>\n\t\t\t\t\t<\/div>\n\t\t\t\t<\/div>\n\t\t<div class=\"elementor-element elementor-element-7f66fd5 e-flex e-con-boxed e-con e-parent\" data-id=\"7f66fd5\" data-element_type=\"container\" data-e-type=\"container\">\n\t\t\t\t\t<div class=\"e-con-inner\">\n\t\t<div class=\"elementor-element elementor-element-948b71c e-con-full e-flex e-con e-child\" data-id=\"948b71c\" data-element_type=\"container\" data-e-type=\"container\" data-settings=\"{&quot;background_background&quot;:&quot;classic&quot;}\">\n\t\t\t\t<div class=\"elementor-element elementor-element-b3d140b elementor-widget__width-initial elementor-position-top elementor-widget elementor-widget-image-box\" data-id=\"b3d140b\" data-element_type=\"widget\" data-e-type=\"widget\" data-widget_type=\"image-box.default\">\n\t\t\t\t<div class=\"elementor-widget-container\">\n\t\t\t\t\t<div class=\"elementor-image-box-wrapper\"><figure class=\"elementor-image-box-img\"><a href=\"https:\/\/youtu.be\/SdSzTZRgZx0\" tabindex=\"-1\"><img loading=\"lazy\" decoding=\"async\" width=\"1128\" height=\"1600\" src=\"https:\/\/operaeucharistica.org\/wp-content\/uploads\/2025\/05\/WhatsApp-Image-2025-05-14-at-14.06.45.jpeg\" class=\"attachment-full size-full wp-image-2778\" alt=\"\" srcset=\"https:\/\/operaeucharistica.org\/wp-content\/uploads\/2025\/05\/WhatsApp-Image-2025-05-14-at-14.06.45.jpeg 1128w, https:\/\/operaeucharistica.org\/wp-content\/uploads\/2025\/05\/WhatsApp-Image-2025-05-14-at-14.06.45-212x300.jpeg 212w, https:\/\/operaeucharistica.org\/wp-content\/uploads\/2025\/05\/WhatsApp-Image-2025-05-14-at-14.06.45-722x1024.jpeg 722w, https:\/\/operaeucharistica.org\/wp-content\/uploads\/2025\/05\/WhatsApp-Image-2025-05-14-at-14.06.45-768x1089.jpeg 768w, https:\/\/operaeucharistica.org\/wp-content\/uploads\/2025\/05\/WhatsApp-Image-2025-05-14-at-14.06.45-1083x1536.jpeg 1083w\" sizes=\"(max-width: 1128px) 100vw, 1128px\" \/><\/a><\/figure><div class=\"elementor-image-box-content\"><h3 class=\"elementor-image-box-title\"><a href=\"https:\/\/youtu.be\/SdSzTZRgZx0\">Charla con Don Jos\u00e9 Manuel Horcajo Lucas <br>29\/04\/2025<\/a><\/h3><\/div><\/div>\t\t\t\t<\/div>\n\t\t\t\t<\/div>\n\t\t\t\t<div class=\"elementor-element elementor-element-08f44c5 elementor-widget elementor-widget-video\" data-id=\"08f44c5\" data-element_type=\"widget\" data-e-type=\"widget\" data-settings=\"{&quot;youtube_url&quot;:&quot;https:\\\/\\\/youtu.be\\\/pSKZpa-qm60&quot;,&quot;video_type&quot;:&quot;youtube&quot;,&quot;controls&quot;:&quot;yes&quot;}\" data-widget_type=\"video.default\">\n\t\t\t\t<div class=\"elementor-widget-container\">\n\t\t\t\t\t\t\t<div class=\"elementor-wrapper elementor-open-inline\">\n\t\t\t<div class=\"elementor-video\"><\/div>\t\t<\/div>\n\t\t\t\t\t\t<\/div>\n\t\t\t\t<\/div>\n\t\t\t\t<\/div>\n\t\t\t\t\t<\/div>\n\t\t\t\t<\/div>\n\t\t<div class=\"elementor-element elementor-element-6a40d02 e-flex e-con-boxed e-con e-parent\" data-id=\"6a40d02\" data-element_type=\"container\" data-e-type=\"container\" data-settings=\"{&quot;background_background&quot;:&quot;classic&quot;}\">\n\t\t\t\t\t<div class=\"e-con-inner\">\n\t\t\t\t<div class=\"elementor-element elementor-element-4487552 elementor-widget__width-initial elementor-position-top elementor-widget elementor-widget-image-box\" data-id=\"4487552\" data-element_type=\"widget\" data-e-type=\"widget\" data-widget_type=\"image-box.default\">\n\t\t\t\t<div class=\"elementor-widget-container\">\n\t\t\t\t\t<div class=\"elementor-image-box-wrapper\"><figure class=\"elementor-image-box-img\"><a href=\"https:\/\/youtu.be\/SdSzTZRgZx0\" tabindex=\"-1\"><img loading=\"lazy\" decoding=\"async\" width=\"886\" height=\"1172\" src=\"https:\/\/operaeucharistica.org\/wp-content\/uploads\/2025\/04\/Captura-de-pantalla-2025-04-09-a-las-9.24.43.png\" class=\"attachment-full size-full wp-image-2750\" alt=\"\" srcset=\"https:\/\/operaeucharistica.org\/wp-content\/uploads\/2025\/04\/Captura-de-pantalla-2025-04-09-a-las-9.24.43.png 886w, https:\/\/operaeucharistica.org\/wp-content\/uploads\/2025\/04\/Captura-de-pantalla-2025-04-09-a-las-9.24.43-227x300.png 227w, https:\/\/operaeucharistica.org\/wp-content\/uploads\/2025\/04\/Captura-de-pantalla-2025-04-09-a-las-9.24.43-774x1024.png 774w, https:\/\/operaeucharistica.org\/wp-content\/uploads\/2025\/04\/Captura-de-pantalla-2025-04-09-a-las-9.24.43-768x1016.png 768w\" sizes=\"(max-width: 886px) 100vw, 886px\" \/><\/a><\/figure><div class=\"elementor-image-box-content\"><h3 class=\"elementor-image-box-title\"><a href=\"https:\/\/youtu.be\/SdSzTZRgZx0\">Charla con Don Jos\u00e9 Ignacio Orbe Jaurrieta <br>26\/03\/2025<\/a><\/h3><\/div><\/div>\t\t\t\t<\/div>\n\t\t\t\t<\/div>\n\t\t\t\t<div class=\"elementor-element elementor-element-84f6375 elementor-widget elementor-widget-video\" data-id=\"84f6375\" data-element_type=\"widget\" data-e-type=\"widget\" data-settings=\"{&quot;youtube_url&quot;:&quot;https:\\\/\\\/www.youtube.com\\\/watch?v=1u6nIwuihHk&quot;,&quot;video_type&quot;:&quot;youtube&quot;,&quot;controls&quot;:&quot;yes&quot;}\" data-widget_type=\"video.default\">\n\t\t\t\t<div class=\"elementor-widget-container\">\n\t\t\t\t\t\t\t<div class=\"elementor-wrapper elementor-open-inline\">\n\t\t\t<div class=\"elementor-video\"><\/div>\t\t<\/div>\n\t\t\t\t\t\t<\/div>\n\t\t\t\t<\/div>\n\t\t\t\t\t<\/div>\n\t\t\t\t<\/div>\n\t\t<div class=\"elementor-element elementor-element-771c485 e-flex e-con-boxed e-con e-parent\" data-id=\"771c485\" data-element_type=\"container\" data-e-type=\"container\" data-settings=\"{&quot;background_background&quot;:&quot;classic&quot;}\">\n\t\t\t\t\t<div class=\"e-con-inner\">\n\t\t\t\t<div class=\"elementor-element elementor-element-cce2512 elementor-widget__width-initial elementor-position-top elementor-widget elementor-widget-image-box\" data-id=\"cce2512\" data-element_type=\"widget\" data-e-type=\"widget\" data-widget_type=\"image-box.default\">\n\t\t\t\t<div class=\"elementor-widget-container\">\n\t\t\t\t\t<div class=\"elementor-image-box-wrapper\"><figure class=\"elementor-image-box-img\"><a href=\"https:\/\/youtu.be\/SdSzTZRgZx0\" tabindex=\"-1\"><img loading=\"lazy\" decoding=\"async\" width=\"1108\" height=\"1600\" src=\"https:\/\/operaeucharistica.org\/wp-content\/uploads\/2025\/03\/WhatsApp-Image-2025-03-16-at-19.05.31-1.jpeg\" class=\"attachment-full size-full wp-image-2724\" alt=\"\" srcset=\"https:\/\/operaeucharistica.org\/wp-content\/uploads\/2025\/03\/WhatsApp-Image-2025-03-16-at-19.05.31-1.jpeg 1108w, https:\/\/operaeucharistica.org\/wp-content\/uploads\/2025\/03\/WhatsApp-Image-2025-03-16-at-19.05.31-1-208x300.jpeg 208w, https:\/\/operaeucharistica.org\/wp-content\/uploads\/2025\/03\/WhatsApp-Image-2025-03-16-at-19.05.31-1-709x1024.jpeg 709w, https:\/\/operaeucharistica.org\/wp-content\/uploads\/2025\/03\/WhatsApp-Image-2025-03-16-at-19.05.31-1-768x1109.jpeg 768w, https:\/\/operaeucharistica.org\/wp-content\/uploads\/2025\/03\/WhatsApp-Image-2025-03-16-at-19.05.31-1-1064x1536.jpeg 1064w\" sizes=\"(max-width: 1108px) 100vw, 1108px\" \/><\/a><\/figure><div class=\"elementor-image-box-content\"><h3 class=\"elementor-image-box-title\"><a href=\"https:\/\/youtu.be\/SdSzTZRgZx0\">Charla con Don Manuel Vargas Cano de Santayana <br>26\/02\/2025<\/a><\/h3><\/div><\/div>\t\t\t\t<\/div>\n\t\t\t\t<\/div>\n\t\t\t\t<div class=\"elementor-element elementor-element-2fcd0fd elementor-widget elementor-widget-video\" data-id=\"2fcd0fd\" data-element_type=\"widget\" data-e-type=\"widget\" data-settings=\"{&quot;youtube_url&quot;:&quot;https:\\\/\\\/youtu.be\\\/srGaOMPB0Ng&quot;,&quot;video_type&quot;:&quot;youtube&quot;,&quot;controls&quot;:&quot;yes&quot;}\" data-widget_type=\"video.default\">\n\t\t\t\t<div class=\"elementor-widget-container\">\n\t\t\t\t\t\t\t<div class=\"elementor-wrapper elementor-open-inline\">\n\t\t\t<div class=\"elementor-video\"><\/div>\t\t<\/div>\n\t\t\t\t\t\t<\/div>\n\t\t\t\t<\/div>\n\t\t\t\t\t<\/div>\n\t\t\t\t<\/div>\n\t\t\t\t<\/div>\n\t\t","protected":false},"excerpt":{"rendered":"<p>Charlas Adoremos in Aeternum Sanctissimum Sacramentum Charla con D. Agust\u00edn Gim\u00e9nez Gonz\u00e1lez25\/03\/2026 Charla con Mons. Raimo Goyarrola Belda25\/02\/2026 Charla con Mons. Demetrio Fern\u00e1ndez Gonz\u00e1lez 28\/01\/2026 Charla con D. Jorge L\u00f3pez Teul\u00f3n 26\/11\/2025 Charla con D. Valent\u00edn Aparicio Lara 29\/10\/2025 Charla con P. Rafael Pascual El\u00edas 25\/06\/2025 Charla con Mons. Jos\u00e9 Ignacio Munilla aguirre 28\/05\/2025 Charla [&hellip;]<\/p>\n","protected":false},"author":1,"featured_media":0,"parent":0,"menu_order":0,"comment_status":"closed","ping_status":"closed","template":"elementor_header_footer","meta":{"_joinchat":[],"footnotes":""},"class_list":["post-2703","page","type-page","status-publish","hentry"],"yoast_head":"<!-- This site is optimized with the Yoast SEO plugin v24.3 - https:\/\/yoast.com\/wordpress\/plugins\/seo\/ -->\n<title>charlas - Opera Eucharistica<\/title>\n<meta name=\"robots\" content=\"noindex, follow, max-snippet:-1, max-image-preview:large, max-video-preview:-1\" \/>\n<meta property=\"og:locale\" content=\"es_ES\" \/>\n<meta property=\"og:type\" content=\"article\" \/>\n<meta property=\"og:title\" content=\"charlas - Opera Eucharistica\" \/>\n<meta property=\"og:description\" content=\"Charlas Adoremos in Aeternum Sanctissimum Sacramentum Charla con D. Agust\u00edn Gim\u00e9nez Gonz\u00e1lez25\/03\/2026 Charla con Mons. Raimo Goyarrola Belda25\/02\/2026 Charla con Mons. Demetrio Fern\u00e1ndez Gonz\u00e1lez 28\/01\/2026 Charla con D. Jorge L\u00f3pez Teul\u00f3n 26\/11\/2025 Charla con D. Valent\u00edn Aparicio Lara 29\/10\/2025 Charla con P. Rafael Pascual El\u00edas 25\/06\/2025 Charla con Mons. Jos\u00e9 Ignacio Munilla aguirre 28\/05\/2025 Charla [&hellip;]\" \/>\n<meta property=\"og:url\" content=\"https:\/\/operaeucharistica.org\/home\/charlas\/\" \/>\n<meta property=\"og:site_name\" content=\"Opera Eucharistica\" \/>\n<meta property=\"article:publisher\" content=\"https:\/\/www.facebook.com\/ttecumviajes\/\" \/>\n<meta property=\"article:modified_time\" content=\"2026-04-02T11:20:57+00:00\" \/>\n<meta property=\"og:image\" content=\"https:\/\/operaeucharistica.org\/wp-content\/uploads\/2026\/04\/WhatsApp-Image-2026-03-16-at-22.31.48.jpeg\" \/>\n\t<meta property=\"og:image:width\" content=\"1128\" \/>\n\t<meta property=\"og:image:height\" content=\"1600\" \/>\n\t<meta property=\"og:image:type\" content=\"image\/jpeg\" \/>\n<meta name=\"twitter:card\" content=\"summary_large_image\" \/>\n<meta name=\"twitter:label1\" content=\"Tiempo de lectura\" \/>\n\t<meta name=\"twitter:data1\" content=\"3 minutos\" \/>\n<script type=\"application\/ld+json\" class=\"yoast-schema-graph\">{\"@context\":\"https:\/\/schema.org\",\"@graph\":[{\"@type\":\"WebPage\",\"@id\":\"https:\/\/operaeucharistica.org\/home\/charlas\/\",\"url\":\"https:\/\/operaeucharistica.org\/home\/charlas\/\",\"name\":\"charlas - Opera Eucharistica\",\"isPartOf\":{\"@id\":\"https:\/\/operaeucharistica.org\/home\/#website\"},\"primaryImageOfPage\":{\"@id\":\"https:\/\/operaeucharistica.org\/home\/charlas\/#primaryimage\"},\"image\":{\"@id\":\"https:\/\/operaeucharistica.org\/home\/charlas\/#primaryimage\"},\"thumbnailUrl\":\"https:\/\/operaeucharistica.org\/wp-content\/uploads\/2026\/04\/WhatsApp-Image-2026-03-16-at-22.31.48.jpeg\",\"datePublished\":\"2025-03-13T18:58:24+00:00\",\"dateModified\":\"2026-04-02T11:20:57+00:00\",\"breadcrumb\":{\"@id\":\"https:\/\/operaeucharistica.org\/home\/charlas\/#breadcrumb\"},\"inLanguage\":\"es\",\"potentialAction\":[{\"@type\":\"ReadAction\",\"target\":[\"https:\/\/operaeucharistica.org\/home\/charlas\/\"]}]},{\"@type\":\"ImageObject\",\"inLanguage\":\"es\",\"@id\":\"https:\/\/operaeucharistica.org\/home\/charlas\/#primaryimage\",\"url\":\"https:\/\/operaeucharistica.org\/wp-content\/uploads\/2026\/04\/WhatsApp-Image-2026-03-16-at-22.31.48.jpeg\",\"contentUrl\":\"https:\/\/operaeucharistica.org\/wp-content\/uploads\/2026\/04\/WhatsApp-Image-2026-03-16-at-22.31.48.jpeg\"},{\"@type\":\"BreadcrumbList\",\"@id\":\"https:\/\/operaeucharistica.org\/home\/charlas\/#breadcrumb\",\"itemListElement\":[{\"@type\":\"ListItem\",\"position\":1,\"name\":\"Portada\",\"item\":\"https:\/\/operaeucharistica.org\/home\/\"},{\"@type\":\"ListItem\",\"position\":2,\"name\":\"charlas\"}]},{\"@type\":\"WebSite\",\"@id\":\"https:\/\/operaeucharistica.org\/home\/#website\",\"url\":\"https:\/\/operaeucharistica.org\/home\/\",\"name\":\"Tecum Viajes\",\"description\":\"Fundac\u00edon de las Obras Eucaristicas\",\"potentialAction\":[{\"@type\":\"SearchAction\",\"target\":{\"@type\":\"EntryPoint\",\"urlTemplate\":\"https:\/\/operaeucharistica.org\/home\/?s={search_term_string}\"},\"query-input\":{\"@type\":\"PropertyValueSpecification\",\"valueRequired\":true,\"valueName\":\"search_term_string\"}}],\"inLanguage\":\"es\"}]}<\/script>\n<!-- \/ Yoast SEO plugin. -->","yoast_head_json":{"title":"charlas - Opera Eucharistica","robots":{"index":"noindex","follow":"follow","max-snippet":"max-snippet:-1","max-image-preview":"max-image-preview:large","max-video-preview":"max-video-preview:-1"},"og_locale":"es_ES","og_type":"article","og_title":"charlas - Opera Eucharistica","og_description":"Charlas Adoremos in Aeternum Sanctissimum Sacramentum Charla con D. Agust\u00edn Gim\u00e9nez Gonz\u00e1lez25\/03\/2026 Charla con Mons. Raimo Goyarrola Belda25\/02\/2026 Charla con Mons. Demetrio Fern\u00e1ndez Gonz\u00e1lez 28\/01\/2026 Charla con D. Jorge L\u00f3pez Teul\u00f3n 26\/11\/2025 Charla con D. Valent\u00edn Aparicio Lara 29\/10\/2025 Charla con P. Rafael Pascual El\u00edas 25\/06\/2025 Charla con Mons. Jos\u00e9 Ignacio Munilla aguirre 28\/05\/2025 Charla [&hellip;]","og_url":"https:\/\/operaeucharistica.org\/home\/charlas\/","og_site_name":"Opera Eucharistica","article_publisher":"https:\/\/www.facebook.com\/ttecumviajes\/","article_modified_time":"2026-04-02T11:20:57+00:00","og_image":[{"width":1128,"height":1600,"url":"https:\/\/operaeucharistica.org\/wp-content\/uploads\/2026\/04\/WhatsApp-Image-2026-03-16-at-22.31.48.jpeg","type":"image\/jpeg"}],"twitter_card":"summary_large_image","twitter_misc":{"Tiempo de lectura":"3 minutos"},"schema":{"@context":"https:\/\/schema.org","@graph":[{"@type":"WebPage","@id":"https:\/\/operaeucharistica.org\/home\/charlas\/","url":"https:\/\/operaeucharistica.org\/home\/charlas\/","name":"charlas - Opera Eucharistica","isPartOf":{"@id":"https:\/\/operaeucharistica.org\/home\/#website"},"primaryImageOfPage":{"@id":"https:\/\/operaeucharistica.org\/home\/charlas\/#primaryimage"},"image":{"@id":"https:\/\/operaeucharistica.org\/home\/charlas\/#primaryimage"},"thumbnailUrl":"https:\/\/operaeucharistica.org\/wp-content\/uploads\/2026\/04\/WhatsApp-Image-2026-03-16-at-22.31.48.jpeg","datePublished":"2025-03-13T18:58:24+00:00","dateModified":"2026-04-02T11:20:57+00:00","breadcrumb":{"@id":"https:\/\/operaeucharistica.org\/home\/charlas\/#breadcrumb"},"inLanguage":"es","potentialAction":[{"@type":"ReadAction","target":["https:\/\/operaeucharistica.org\/home\/charlas\/"]}]},{"@type":"ImageObject","inLanguage":"es","@id":"https:\/\/operaeucharistica.org\/home\/charlas\/#primaryimage","url":"https:\/\/operaeucharistica.org\/wp-content\/uploads\/2026\/04\/WhatsApp-Image-2026-03-16-at-22.31.48.jpeg","contentUrl":"https:\/\/operaeucharistica.org\/wp-content\/uploads\/2026\/04\/WhatsApp-Image-2026-03-16-at-22.31.48.jpeg"},{"@type":"BreadcrumbList","@id":"https:\/\/operaeucharistica.org\/home\/charlas\/#breadcrumb","itemListElement":[{"@type":"ListItem","position":1,"name":"Portada","item":"https:\/\/operaeucharistica.org\/home\/"},{"@type":"ListItem","position":2,"name":"charlas"}]},{"@type":"WebSite","@id":"https:\/\/operaeucharistica.org\/home\/#website","url":"https:\/\/operaeucharistica.org\/home\/","name":"Tecum Viajes","description":"Fundac\u00edon de las Obras Eucaristicas","potentialAction":[{"@type":"SearchAction","target":{"@type":"EntryPoint","urlTemplate":"https:\/\/operaeucharistica.org\/home\/?s={search_term_string}"},"query-input":{"@type":"PropertyValueSpecification","valueRequired":true,"valueName":"search_term_string"}}],"inLanguage":"es"}]}},"_links":{"self":[{"href":"https:\/\/operaeucharistica.org\/home\/wp-json\/wp\/v2\/pages\/2703","targetHints":{"allow":["GET"]}}],"collection":[{"href":"https:\/\/operaeucharistica.org\/home\/wp-json\/wp\/v2\/pages"}],"about":[{"href":"https:\/\/operaeucharistica.org\/home\/wp-json\/wp\/v2\/types\/page"}],"author":[{"embeddable":true,"href":"https:\/\/operaeucharistica.org\/home\/wp-json\/wp\/v2\/users\/1"}],"replies":[{"embeddable":true,"href":"https:\/\/operaeucharistica.org\/home\/wp-json\/wp\/v2\/comments?post=2703"}],"version-history":[{"count":67,"href":"https:\/\/operaeucharistica.org\/home\/wp-json\/wp\/v2\/pages\/2703\/revisions"}],"predecessor-version":[{"id":3420,"href":"https:\/\/operaeucharistica.org\/home\/wp-json\/wp\/v2\/pages\/2703\/revisions\/3420"}],"wp:attachment":[{"href":"https:\/\/operaeucharistica.org\/home\/wp-json\/wp\/v2\/media?parent=2703"}],"curies":[{"name":"wp","href":"https:\/\/api.w.org\/{rel}","templated":true}]}}