{"id":2183,"date":"2025-01-31T12:34:03","date_gmt":"2025-01-31T11:34:03","guid":{"rendered":"https:\/\/operaeucharistica.org\/?page_id=2183"},"modified":"2026-03-31T21:11:26","modified_gmt":"2026-03-31T20:11:26","slug":"articulos","status":"publish","type":"page","link":"https:\/\/operaeucharistica.org\/home\/articulos\/","title":{"rendered":"ultimos articulos"},"content":{"rendered":"\t\t<div data-elementor-type=\"wp-page\" data-elementor-id=\"2183\" class=\"elementor elementor-2183\" data-elementor-post-type=\"page\">\n\t\t\t\t<div class=\"elementor-element elementor-element-60bd1d8 e-flex e-con-boxed e-con e-parent\" data-id=\"60bd1d8\" data-element_type=\"container\" data-e-type=\"container\" data-settings=\"{&quot;background_background&quot;:&quot;classic&quot;}\">\n\t\t\t\t\t<div class=\"e-con-inner\">\n\t\t\t\t<div class=\"elementor-element elementor-element-4d50414 elementor-widget__width-initial elementor-widget elementor-widget-heading\" data-id=\"4d50414\" data-element_type=\"widget\" data-e-type=\"widget\" data-widget_type=\"heading.default\">\n\t\t\t\t<div class=\"elementor-widget-container\">\n\t\t\t\t\t<h1 class=\"elementor-heading-title elementor-size-default\">\u00daltimos articulos <\/h1>\t\t\t\t<\/div>\n\t\t\t\t<\/div>\n\t\t\t\t<div class=\"elementor-element elementor-element-1d4a817 elementor-widget elementor-widget-text-editor\" data-id=\"1d4a817\" data-element_type=\"widget\" data-e-type=\"widget\" data-widget_type=\"text-editor.default\">\n\t\t\t\t<div class=\"elementor-widget-container\">\n\t\t\t\t\t\t\t\t\t<p><strong>Adoremos in Aeternum Sanctissimum Sacramentum<\/strong><\/p>\t\t\t\t\t\t\t\t<\/div>\n\t\t\t\t<\/div>\n\t\t\t\t\t<\/div>\n\t\t\t\t<\/div>\n\t\t<div class=\"elementor-element elementor-element-4a0c4fb e-flex e-con-boxed e-con e-parent\" data-id=\"4a0c4fb\" data-element_type=\"container\" data-e-type=\"container\">\n\t\t\t\t\t<div class=\"e-con-inner\">\n\t\t\t\t<div class=\"elementor-element elementor-element-1d92081 elementor-widget-divider--view-line elementor-widget elementor-widget-divider\" data-id=\"1d92081\" data-element_type=\"widget\" data-e-type=\"widget\" data-widget_type=\"divider.default\">\n\t\t\t\t<div class=\"elementor-widget-container\">\n\t\t\t\t\t\t\t<div class=\"elementor-divider\">\n\t\t\t<span class=\"elementor-divider-separator\">\n\t\t\t\t\t\t<\/span>\n\t\t<\/div>\n\t\t\t\t\t\t<\/div>\n\t\t\t\t<\/div>\n\t\t\t\t<div class=\"elementor-element elementor-element-50dfdc0 elementor-widget__width-inherit elementor-widget elementor-widget-heading\" data-id=\"50dfdc0\" data-element_type=\"widget\" data-e-type=\"widget\" data-widget_type=\"heading.default\">\n\t\t\t\t<div class=\"elementor-widget-container\">\n\t\t\t\t\t<h3 class=\"elementor-heading-title elementor-size-default\">Articulos 2026<\/h3>\t\t\t\t<\/div>\n\t\t\t\t<\/div>\n\t\t\t\t<div class=\"elementor-element elementor-element-9736447 elementor-widget__width-initial elementor-position-top elementor-widget elementor-widget-image-box\" data-id=\"9736447\" data-element_type=\"widget\" data-e-type=\"widget\" data-widget_type=\"image-box.default\">\n\t\t\t\t<div class=\"elementor-widget-container\">\n\t\t\t\t\t<div class=\"elementor-image-box-wrapper\"><figure class=\"elementor-image-box-img\"><a href=\"https:\/\/operaeucharistica.org\/wp-content\/uploads\/2026\/03\/REFLEXION-ABRIL-2026.-Un-cardiologo-examina-a-Jesus.docx.pdf\" tabindex=\"-1\"><img fetchpriority=\"high\" decoding=\"async\" width=\"514\" height=\"491\" src=\"https:\/\/operaeucharistica.org\/wp-content\/uploads\/2026\/03\/Captura-de-pantalla-2026-03-31-a-las-22.10.35.png\" class=\"attachment-full size-full wp-image-3401\" alt=\"\" srcset=\"https:\/\/operaeucharistica.org\/wp-content\/uploads\/2026\/03\/Captura-de-pantalla-2026-03-31-a-las-22.10.35.png 514w, https:\/\/operaeucharistica.org\/wp-content\/uploads\/2026\/03\/Captura-de-pantalla-2026-03-31-a-las-22.10.35-300x287.png 300w\" sizes=\"(max-width: 514px) 100vw, 514px\" \/><\/a><\/figure><div class=\"elementor-image-box-content\"><h3 class=\"elementor-image-box-title\"><a href=\"https:\/\/operaeucharistica.org\/wp-content\/uploads\/2026\/03\/REFLEXION-ABRIL-2026.-Un-cardiologo-examina-a-Jesus.docx.pdf\">Abril de 2026<\/a><\/h3><p class=\"elementor-image-box-description\">Un cardi\u00f3logo examina a Jes\u00fas<\/p><\/div><\/div>\t\t\t\t<\/div>\n\t\t\t\t<\/div>\n\t\t\t\t<div class=\"elementor-element elementor-element-aa5abe5 elementor-widget__width-initial elementor-position-top elementor-widget elementor-widget-image-box\" data-id=\"aa5abe5\" data-element_type=\"widget\" data-e-type=\"widget\" data-widget_type=\"image-box.default\">\n\t\t\t\t<div class=\"elementor-widget-container\">\n\t\t\t\t\t<div class=\"elementor-image-box-wrapper\"><figure class=\"elementor-image-box-img\"><a href=\"https:\/\/operaeucharistica.org\/wp-content\/uploads\/2026\/03\/REFLEXION-MARZO-2026.-Pinceladas-Eucaristicas.docx.pdf\" tabindex=\"-1\"><img decoding=\"async\" width=\"360\" height=\"352\" src=\"https:\/\/operaeucharistica.org\/wp-content\/uploads\/2026\/03\/Design-sem-nome-12.png\" class=\"attachment-full size-full wp-image-3361\" alt=\"\" srcset=\"https:\/\/operaeucharistica.org\/wp-content\/uploads\/2026\/03\/Design-sem-nome-12.png 360w, https:\/\/operaeucharistica.org\/wp-content\/uploads\/2026\/03\/Design-sem-nome-12-300x293.png 300w\" sizes=\"(max-width: 360px) 100vw, 360px\" \/><\/a><\/figure><div class=\"elementor-image-box-content\"><h3 class=\"elementor-image-box-title\"><a href=\"https:\/\/operaeucharistica.org\/wp-content\/uploads\/2026\/03\/REFLEXION-MARZO-2026.-Pinceladas-Eucaristicas.docx.pdf\">Marzo de 2026<\/a><\/h3><p class=\"elementor-image-box-description\">Pinceladas eucar\u00edsticas<\/p><\/div><\/div>\t\t\t\t<\/div>\n\t\t\t\t<\/div>\n\t\t\t\t<div class=\"elementor-element elementor-element-9c025b7 elementor-widget__width-initial elementor-position-top elementor-widget elementor-widget-image-box\" data-id=\"9c025b7\" data-element_type=\"widget\" data-e-type=\"widget\" data-widget_type=\"image-box.default\">\n\t\t\t\t<div class=\"elementor-widget-container\">\n\t\t\t\t\t<div class=\"elementor-image-box-wrapper\"><figure class=\"elementor-image-box-img\"><a href=\"https:\/\/operaeucharistica.org\/wp-content\/uploads\/2026\/02\/REFLEXION-FEBRERO-2026.-San-Tarsicio-un-cruzado-de-la-Eucaristia.odt-1.pdf\" tabindex=\"-1\"><img decoding=\"async\" width=\"360\" height=\"352\" src=\"https:\/\/operaeucharistica.org\/wp-content\/uploads\/2026\/02\/Sem-nome-360-x-352-px.jpg\" class=\"attachment-full size-full wp-image-3293\" alt=\"\" srcset=\"https:\/\/operaeucharistica.org\/wp-content\/uploads\/2026\/02\/Sem-nome-360-x-352-px.jpg 360w, https:\/\/operaeucharistica.org\/wp-content\/uploads\/2026\/02\/Sem-nome-360-x-352-px-300x293.jpg 300w\" sizes=\"(max-width: 360px) 100vw, 360px\" \/><\/a><\/figure><div class=\"elementor-image-box-content\"><h3 class=\"elementor-image-box-title\"><a href=\"https:\/\/operaeucharistica.org\/wp-content\/uploads\/2026\/02\/REFLEXION-FEBRERO-2026.-San-Tarsicio-un-cruzado-de-la-Eucaristia.odt-1.pdf\">Febrero de 2026<\/a><\/h3><p class=\"elementor-image-box-description\">San Tarsicio, un cruzado de la Eucarist\u00eda<\/p><\/div><\/div>\t\t\t\t<\/div>\n\t\t\t\t<\/div>\n\t\t\t\t<div class=\"elementor-element elementor-element-e6113b5 elementor-widget__width-initial elementor-position-top elementor-widget elementor-widget-image-box\" data-id=\"e6113b5\" data-element_type=\"widget\" data-e-type=\"widget\" data-widget_type=\"image-box.default\">\n\t\t\t\t<div class=\"elementor-widget-container\">\n\t\t\t\t\t<div class=\"elementor-image-box-wrapper\"><figure class=\"elementor-image-box-img\"><a href=\"https:\/\/operaeucharistica.org\/wp-content\/uploads\/2026\/01\/REFLEXION-ENERO-2026.-Profesion-de-fe-eucaristica.pdf\" tabindex=\"-1\"><img loading=\"lazy\" decoding=\"async\" width=\"360\" height=\"352\" src=\"https:\/\/operaeucharistica.org\/wp-content\/uploads\/2026\/01\/a-2.jpg\" class=\"attachment-full size-full wp-image-3106\" alt=\"\" srcset=\"https:\/\/operaeucharistica.org\/wp-content\/uploads\/2026\/01\/a-2.jpg 360w, https:\/\/operaeucharistica.org\/wp-content\/uploads\/2026\/01\/a-2-300x293.jpg 300w\" sizes=\"(max-width: 360px) 100vw, 360px\" \/><\/a><\/figure><div class=\"elementor-image-box-content\"><h3 class=\"elementor-image-box-title\"><a href=\"https:\/\/operaeucharistica.org\/wp-content\/uploads\/2026\/01\/REFLEXION-ENERO-2026.-Profesion-de-fe-eucaristica.pdf\">Enero de 2026<\/a><\/h3><p class=\"elementor-image-box-description\">Profesi\u00f3n de fe eucaristica<\/p><\/div><\/div>\t\t\t\t<\/div>\n\t\t\t\t<\/div>\n\t\t\t\t\t<\/div>\n\t\t\t\t<\/div>\n\t\t<div class=\"elementor-element elementor-element-a36d397 e-flex e-con-boxed e-con e-parent\" data-id=\"a36d397\" data-element_type=\"container\" data-e-type=\"container\">\n\t\t\t\t\t<div class=\"e-con-inner\">\n\t\t\t\t<div class=\"elementor-element elementor-element-8ea1fa8 elementor-widget-divider--view-line elementor-widget elementor-widget-divider\" data-id=\"8ea1fa8\" data-element_type=\"widget\" data-e-type=\"widget\" data-widget_type=\"divider.default\">\n\t\t\t\t<div class=\"elementor-widget-container\">\n\t\t\t\t\t\t\t<div class=\"elementor-divider\">\n\t\t\t<span class=\"elementor-divider-separator\">\n\t\t\t\t\t\t<\/span>\n\t\t<\/div>\n\t\t\t\t\t\t<\/div>\n\t\t\t\t<\/div>\n\t\t\t\t<div class=\"elementor-element elementor-element-9aac08e elementor-widget__width-inherit elementor-widget elementor-widget-heading\" data-id=\"9aac08e\" data-element_type=\"widget\" data-e-type=\"widget\" data-widget_type=\"heading.default\">\n\t\t\t\t<div class=\"elementor-widget-container\">\n\t\t\t\t\t<h3 class=\"elementor-heading-title elementor-size-default\">Articulos 2025<\/h3>\t\t\t\t<\/div>\n\t\t\t\t<\/div>\n\t\t\t\t<div class=\"elementor-element elementor-element-58586eb elementor-widget__width-initial elementor-position-top elementor-widget elementor-widget-image-box\" data-id=\"58586eb\" data-element_type=\"widget\" data-e-type=\"widget\" data-widget_type=\"image-box.default\">\n\t\t\t\t<div class=\"elementor-widget-container\">\n\t\t\t\t\t<div class=\"elementor-image-box-wrapper\"><figure class=\"elementor-image-box-img\"><a href=\"https:\/\/operaeucharistica.org\/wp-content\/uploads\/2025\/12\/REFLEXION-EUCARISTICA.-DICIEMBRE-2025.-\u00a1Santo-tiempo-de-Adviento-y-Navidad.pdf\" tabindex=\"-1\"><img loading=\"lazy\" decoding=\"async\" width=\"298\" height=\"291\" src=\"https:\/\/operaeucharistica.org\/wp-content\/uploads\/2025\/12\/Captura-de-pantalla-2025-12-04-a-las-18.30.01.png\" class=\"attachment-full size-full wp-image-2997\" alt=\"\" \/><\/a><\/figure><div class=\"elementor-image-box-content\"><h3 class=\"elementor-image-box-title\"><a href=\"https:\/\/operaeucharistica.org\/wp-content\/uploads\/2025\/12\/REFLEXION-EUCARISTICA.-DICIEMBRE-2025.-\u00a1Santo-tiempo-de-Adviento-y-Navidad.pdf\">Diciembre de 2025<\/a><\/h3><p class=\"elementor-image-box-description\">\u00a1Santo tiempo de Adviento y Navidad!<\/p><\/div><\/div>\t\t\t\t<\/div>\n\t\t\t\t<\/div>\n\t\t\t\t<div class=\"elementor-element elementor-element-315b554 elementor-widget__width-initial elementor-position-top elementor-widget elementor-widget-image-box\" data-id=\"315b554\" data-element_type=\"widget\" data-e-type=\"widget\" data-widget_type=\"image-box.default\">\n\t\t\t\t<div class=\"elementor-widget-container\">\n\t\t\t\t\t<div class=\"elementor-image-box-wrapper\"><figure class=\"elementor-image-box-img\"><a href=\"https:\/\/operaeucharistica.org\/wp-content\/uploads\/2025\/11\/REFLEXION-NOVIEMBRE-2025.-El-mayor-de-los-milagros.pdf\" tabindex=\"-1\"><img loading=\"lazy\" decoding=\"async\" width=\"360\" height=\"352\" src=\"https:\/\/operaeucharistica.org\/wp-content\/uploads\/2025\/11\/a-1.jpg\" class=\"attachment-full size-full wp-image-2976\" alt=\"\" srcset=\"https:\/\/operaeucharistica.org\/wp-content\/uploads\/2025\/11\/a-1.jpg 360w, https:\/\/operaeucharistica.org\/wp-content\/uploads\/2025\/11\/a-1-300x293.jpg 300w\" sizes=\"(max-width: 360px) 100vw, 360px\" \/><\/a><\/figure><div class=\"elementor-image-box-content\"><h3 class=\"elementor-image-box-title\"><a href=\"https:\/\/operaeucharistica.org\/wp-content\/uploads\/2025\/11\/REFLEXION-NOVIEMBRE-2025.-El-mayor-de-los-milagros.pdf\">Noviembre de 2025<\/a><\/h3><p class=\"elementor-image-box-description\">El mayor de los milagros<\/p><\/div><\/div>\t\t\t\t<\/div>\n\t\t\t\t<\/div>\n\t\t\t\t<div class=\"elementor-element elementor-element-010be6e elementor-widget__width-initial elementor-position-top elementor-widget elementor-widget-image-box\" data-id=\"010be6e\" data-element_type=\"widget\" data-e-type=\"widget\" data-widget_type=\"image-box.default\">\n\t\t\t\t<div class=\"elementor-widget-container\">\n\t\t\t\t\t<div class=\"elementor-image-box-wrapper\"><figure class=\"elementor-image-box-img\"><a href=\"https:\/\/operaeucharistica.org\/wp-content\/uploads\/2025\/10\/REFLEXION-OCTUBRE-2025.-O-felix-culpa.pdf\" tabindex=\"-1\"><img loading=\"lazy\" decoding=\"async\" width=\"360\" height=\"352\" src=\"https:\/\/operaeucharistica.org\/wp-content\/uploads\/2025\/10\/a.jpg\" class=\"attachment-full size-full wp-image-2954\" alt=\"\" srcset=\"https:\/\/operaeucharistica.org\/wp-content\/uploads\/2025\/10\/a.jpg 360w, https:\/\/operaeucharistica.org\/wp-content\/uploads\/2025\/10\/a-300x293.jpg 300w\" sizes=\"(max-width: 360px) 100vw, 360px\" \/><\/a><\/figure><div class=\"elementor-image-box-content\"><h3 class=\"elementor-image-box-title\"><a href=\"https:\/\/operaeucharistica.org\/wp-content\/uploads\/2025\/10\/REFLEXION-OCTUBRE-2025.-O-felix-culpa.pdf\">Octubre de 2025<\/a><\/h3><p class=\"elementor-image-box-description\">O felix culpa...<\/p><\/div><\/div>\t\t\t\t<\/div>\n\t\t\t\t<\/div>\n\t\t\t\t<div class=\"elementor-element elementor-element-ad6d964 elementor-widget__width-initial elementor-position-top elementor-widget elementor-widget-image-box\" data-id=\"ad6d964\" data-element_type=\"widget\" data-e-type=\"widget\" data-widget_type=\"image-box.default\">\n\t\t\t\t<div class=\"elementor-widget-container\">\n\t\t\t\t\t<div class=\"elementor-image-box-wrapper\"><figure class=\"elementor-image-box-img\"><a href=\"https:\/\/operaeucharistica.org\/wp-content\/uploads\/2025\/09\/REFLEXION-DE-SEPTIEMBRE-2025.-Aspirar-a-lo-grande.-1.pdf\" tabindex=\"-1\"><img loading=\"lazy\" decoding=\"async\" width=\"360\" height=\"352\" src=\"https:\/\/operaeucharistica.org\/wp-content\/uploads\/2025\/09\/Add-a-little-bit-of-body-text.jpg\" class=\"attachment-full size-full wp-image-2923\" alt=\"\" srcset=\"https:\/\/operaeucharistica.org\/wp-content\/uploads\/2025\/09\/Add-a-little-bit-of-body-text.jpg 360w, https:\/\/operaeucharistica.org\/wp-content\/uploads\/2025\/09\/Add-a-little-bit-of-body-text-300x293.jpg 300w\" sizes=\"(max-width: 360px) 100vw, 360px\" \/><\/a><\/figure><div class=\"elementor-image-box-content\"><h3 class=\"elementor-image-box-title\"><a href=\"https:\/\/operaeucharistica.org\/wp-content\/uploads\/2025\/09\/REFLEXION-DE-SEPTIEMBRE-2025.-Aspirar-a-lo-grande.-1.pdf\">Septiembre de 2025<\/a><\/h3><p class=\"elementor-image-box-description\">Aspirar a lo grande<\/p><\/div><\/div>\t\t\t\t<\/div>\n\t\t\t\t<\/div>\n\t\t\t\t<div class=\"elementor-element elementor-element-6a866d5 elementor-widget__width-initial elementor-position-top elementor-widget elementor-widget-image-box\" data-id=\"6a866d5\" data-element_type=\"widget\" data-e-type=\"widget\" data-widget_type=\"image-box.default\">\n\t\t\t\t<div class=\"elementor-widget-container\">\n\t\t\t\t\t<div class=\"elementor-image-box-wrapper\"><figure class=\"elementor-image-box-img\"><a href=\"https:\/\/operaeucharistica.org\/wp-content\/uploads\/2025\/08\/REFLEXION-DE-AGOSTO-2025.pdf\" tabindex=\"-1\"><img loading=\"lazy\" decoding=\"async\" width=\"360\" height=\"352\" src=\"https:\/\/operaeucharistica.org\/wp-content\/uploads\/2025\/08\/Untitled-design.png\" class=\"attachment-full size-full wp-image-2913\" alt=\"\" srcset=\"https:\/\/operaeucharistica.org\/wp-content\/uploads\/2025\/08\/Untitled-design.png 360w, https:\/\/operaeucharistica.org\/wp-content\/uploads\/2025\/08\/Untitled-design-300x293.png 300w\" sizes=\"(max-width: 360px) 100vw, 360px\" \/><\/a><\/figure><div class=\"elementor-image-box-content\"><h3 class=\"elementor-image-box-title\"><a href=\"https:\/\/operaeucharistica.org\/wp-content\/uploads\/2025\/08\/REFLEXION-DE-AGOSTO-2025.pdf\">Agosto de 2025<\/a><\/h3><p class=\"elementor-image-box-description\">La \"historia eterna\" de la Eucarist\u00eda<\/p><\/div><\/div>\t\t\t\t<\/div>\n\t\t\t\t<\/div>\n\t\t\t\t<div class=\"elementor-element elementor-element-338b4ef elementor-widget__width-initial elementor-position-top elementor-widget elementor-widget-image-box\" data-id=\"338b4ef\" data-element_type=\"widget\" data-e-type=\"widget\" data-widget_type=\"image-box.default\">\n\t\t\t\t<div class=\"elementor-widget-container\">\n\t\t\t\t\t<div class=\"elementor-image-box-wrapper\"><figure class=\"elementor-image-box-img\"><a href=\"https:\/\/operaeucharistica.org\/wp-content\/uploads\/2025\/07\/REFLEXION-DE-JULIO-2025.-El-pan-nuestro-de-cada-dia.pdf\" tabindex=\"-1\"><img loading=\"lazy\" decoding=\"async\" width=\"360\" height=\"352\" src=\"https:\/\/operaeucharistica.org\/wp-content\/uploads\/2025\/07\/Captura-de-pantalla-2025-07-02-a-las-23.06.37.png\" class=\"attachment-full size-full wp-image-2865\" alt=\"\" srcset=\"https:\/\/operaeucharistica.org\/wp-content\/uploads\/2025\/07\/Captura-de-pantalla-2025-07-02-a-las-23.06.37.png 360w, https:\/\/operaeucharistica.org\/wp-content\/uploads\/2025\/07\/Captura-de-pantalla-2025-07-02-a-las-23.06.37-300x293.png 300w\" sizes=\"(max-width: 360px) 100vw, 360px\" \/><\/a><\/figure><div class=\"elementor-image-box-content\"><h3 class=\"elementor-image-box-title\"><a href=\"https:\/\/operaeucharistica.org\/wp-content\/uploads\/2025\/07\/REFLEXION-DE-JULIO-2025.-El-pan-nuestro-de-cada-dia.pdf\">Julio de 2025<\/a><\/h3><p class=\"elementor-image-box-description\">El pan nuestro de cada d\u00eda<\/p><\/div><\/div>\t\t\t\t<\/div>\n\t\t\t\t<\/div>\n\t\t\t\t<div class=\"elementor-element elementor-element-b3b2c43 elementor-widget__width-initial elementor-position-top elementor-widget elementor-widget-image-box\" data-id=\"b3b2c43\" data-element_type=\"widget\" data-e-type=\"widget\" data-widget_type=\"image-box.default\">\n\t\t\t\t<div class=\"elementor-widget-container\">\n\t\t\t\t\t<div class=\"elementor-image-box-wrapper\"><figure class=\"elementor-image-box-img\"><a href=\"https:\/\/operaeucharistica.org\/wp-content\/uploads\/2025\/06\/REFLEXION-JUNIO-2025.-El-Papa-Leon-el-aguila-de-Hipona-y-el-sol-Eucaristico.odt-1.pdf\" tabindex=\"-1\"><img loading=\"lazy\" decoding=\"async\" width=\"735\" height=\"716\" src=\"https:\/\/operaeucharistica.org\/wp-content\/uploads\/2025\/06\/Sua-Santidade-o-Papa-Leao-XIV.jpeg\" class=\"attachment-full size-full wp-image-2824\" alt=\"\" srcset=\"https:\/\/operaeucharistica.org\/wp-content\/uploads\/2025\/06\/Sua-Santidade-o-Papa-Leao-XIV.jpeg 735w, https:\/\/operaeucharistica.org\/wp-content\/uploads\/2025\/06\/Sua-Santidade-o-Papa-Leao-XIV-300x292.jpeg 300w\" sizes=\"(max-width: 735px) 100vw, 735px\" \/><\/a><\/figure><div class=\"elementor-image-box-content\"><h3 class=\"elementor-image-box-title\"><a href=\"https:\/\/operaeucharistica.org\/wp-content\/uploads\/2025\/06\/REFLEXION-JUNIO-2025.-El-Papa-Leon-el-aguila-de-Hipona-y-el-sol-Eucaristico.odt-1.pdf\">Junio de 2025<\/a><\/h3><p class=\"elementor-image-box-description\">El Papa Le\u00f3n, el \u00e1guila de Hipona y el sol Eucar\u00edstico<\/p><\/div><\/div>\t\t\t\t<\/div>\n\t\t\t\t<\/div>\n\t\t\t\t<div class=\"elementor-element elementor-element-fb4046d elementor-widget__width-initial elementor-position-top elementor-widget elementor-widget-image-box\" data-id=\"fb4046d\" data-element_type=\"widget\" data-e-type=\"widget\" data-widget_type=\"image-box.default\">\n\t\t\t\t<div class=\"elementor-widget-container\">\n\t\t\t\t\t<div class=\"elementor-image-box-wrapper\"><figure class=\"elementor-image-box-img\"><a href=\"https:\/\/operaeucharistica.org\/wp-content\/uploads\/2025\/06\/REFLEXION-DE-MAYO-2025.-Fatima-y-la-comunion-reparadora.pdf\" tabindex=\"-1\"><img loading=\"lazy\" decoding=\"async\" width=\"735\" height=\"716\" src=\"https:\/\/operaeucharistica.org\/wp-content\/uploads\/2025\/06\/25.jpeg\" class=\"attachment-full size-full wp-image-2829\" alt=\"\" srcset=\"https:\/\/operaeucharistica.org\/wp-content\/uploads\/2025\/06\/25.jpeg 735w, https:\/\/operaeucharistica.org\/wp-content\/uploads\/2025\/06\/25-300x292.jpeg 300w\" sizes=\"(max-width: 735px) 100vw, 735px\" \/><\/a><\/figure><div class=\"elementor-image-box-content\"><h3 class=\"elementor-image-box-title\"><a href=\"https:\/\/operaeucharistica.org\/wp-content\/uploads\/2025\/06\/REFLEXION-DE-MAYO-2025.-Fatima-y-la-comunion-reparadora.pdf\">Mayo de 2025<\/a><\/h3><p class=\"elementor-image-box-description\">F\u00e1tima y la comuni\u00f3n reparadora<\/p><\/div><\/div>\t\t\t\t<\/div>\n\t\t\t\t<\/div>\n\t\t\t\t<div class=\"elementor-element elementor-element-a37c434 elementor-widget__width-initial elementor-position-top elementor-widget elementor-widget-image-box\" data-id=\"a37c434\" data-element_type=\"widget\" data-e-type=\"widget\" data-widget_type=\"image-box.default\">\n\t\t\t\t<div class=\"elementor-widget-container\">\n\t\t\t\t\t<div class=\"elementor-image-box-wrapper\"><figure class=\"elementor-image-box-img\"><a href=\"https:\/\/operaeucharistica.org\/wp-content\/uploads\/2025\/07\/REFLEXION-ABRIL-2025.-Devociones.e-impiedades.pdf\" tabindex=\"-1\"><img loading=\"lazy\" decoding=\"async\" width=\"594\" height=\"458\" src=\"https:\/\/operaeucharistica.org\/wp-content\/uploads\/2025\/07\/Captura-de-pantalla-2025-07-02-a-las-23.18.13.png\" class=\"attachment-full size-full wp-image-2874\" alt=\"\" srcset=\"https:\/\/operaeucharistica.org\/wp-content\/uploads\/2025\/07\/Captura-de-pantalla-2025-07-02-a-las-23.18.13.png 594w, https:\/\/operaeucharistica.org\/wp-content\/uploads\/2025\/07\/Captura-de-pantalla-2025-07-02-a-las-23.18.13-300x231.png 300w\" sizes=\"(max-width: 594px) 100vw, 594px\" \/><\/a><\/figure><div class=\"elementor-image-box-content\"><h3 class=\"elementor-image-box-title\"><a href=\"https:\/\/operaeucharistica.org\/wp-content\/uploads\/2025\/07\/REFLEXION-ABRIL-2025.-Devociones.e-impiedades.pdf\">Abril de 2025<\/a><\/h3><p class=\"elementor-image-box-description\">Devociones...e impiedades.<\/p><\/div><\/div>\t\t\t\t<\/div>\n\t\t\t\t<\/div>\n\t\t\t\t<div class=\"elementor-element elementor-element-b3927e0 elementor-widget__width-initial elementor-position-top elementor-widget elementor-widget-image-box\" data-id=\"b3927e0\" data-element_type=\"widget\" data-e-type=\"widget\" data-widget_type=\"image-box.default\">\n\t\t\t\t<div class=\"elementor-widget-container\">\n\t\t\t\t\t<div class=\"elementor-image-box-wrapper\"><figure class=\"elementor-image-box-img\"><a href=\"https:\/\/operaeucharistica.org\/wp-content\/uploads\/2025\/06\/MEDITACION-MARZO-2025.-Beneficios-de-la-Comunion-Sacramental.pdf\" tabindex=\"-1\"><img loading=\"lazy\" decoding=\"async\" width=\"682\" height=\"519\" src=\"https:\/\/operaeucharistica.org\/wp-content\/uploads\/2025\/06\/First-Communion.jpeg\" class=\"attachment-full size-full wp-image-2841\" alt=\"\" srcset=\"https:\/\/operaeucharistica.org\/wp-content\/uploads\/2025\/06\/First-Communion.jpeg 682w, https:\/\/operaeucharistica.org\/wp-content\/uploads\/2025\/06\/First-Communion-300x228.jpeg 300w\" sizes=\"(max-width: 682px) 100vw, 682px\" \/><\/a><\/figure><div class=\"elementor-image-box-content\"><h3 class=\"elementor-image-box-title\"><a href=\"https:\/\/operaeucharistica.org\/wp-content\/uploads\/2025\/06\/MEDITACION-MARZO-2025.-Beneficios-de-la-Comunion-Sacramental.pdf\">Marzo 2025<\/a><\/h3><p class=\"elementor-image-box-description\">Beneficios de la Comuni\u00f3n sacramental<\/p><\/div><\/div>\t\t\t\t<\/div>\n\t\t\t\t<\/div>\n\t\t\t\t<div class=\"elementor-element elementor-element-d6742c8 elementor-widget__width-initial elementor-position-top elementor-widget elementor-widget-image-box\" data-id=\"d6742c8\" data-element_type=\"widget\" data-e-type=\"widget\" data-widget_type=\"image-box.default\">\n\t\t\t\t<div class=\"elementor-widget-container\">\n\t\t\t\t\t<div class=\"elementor-image-box-wrapper\"><figure class=\"elementor-image-box-img\"><a href=\"https:\/\/operaeucharistica.org\/wp-content\/uploads\/2025\/06\/REFLEXION-FEBRERO-2025.pdf\" tabindex=\"-1\"><img loading=\"lazy\" decoding=\"async\" width=\"735\" height=\"554\" src=\"https:\/\/operaeucharistica.org\/wp-content\/uploads\/2025\/06\/Jesus-Eucaristico.jpeg\" class=\"attachment-full size-full wp-image-2846\" alt=\"\" srcset=\"https:\/\/operaeucharistica.org\/wp-content\/uploads\/2025\/06\/Jesus-Eucaristico.jpeg 735w, https:\/\/operaeucharistica.org\/wp-content\/uploads\/2025\/06\/Jesus-Eucaristico-300x226.jpeg 300w\" sizes=\"(max-width: 735px) 100vw, 735px\" \/><\/a><\/figure><div class=\"elementor-image-box-content\"><h3 class=\"elementor-image-box-title\"><a href=\"https:\/\/operaeucharistica.org\/wp-content\/uploads\/2025\/06\/REFLEXION-FEBRERO-2025.pdf\">Febrero 2025<\/a><\/h3><p class=\"elementor-image-box-description\">Presencia real... \u00bffugaz o permanente?<\/p><\/div><\/div>\t\t\t\t<\/div>\n\t\t\t\t<\/div>\n\t\t\t\t<div class=\"elementor-element elementor-element-c0967cb elementor-widget__width-initial elementor-position-top elementor-widget elementor-widget-image-box\" data-id=\"c0967cb\" data-element_type=\"widget\" data-e-type=\"widget\" data-widget_type=\"image-box.default\">\n\t\t\t\t<div class=\"elementor-widget-container\">\n\t\t\t\t\t<div class=\"elementor-image-box-wrapper\"><figure class=\"elementor-image-box-img\"><a href=\"https:\/\/operaeucharistica.org\/wp-content\/uploads\/2025\/06\/25-01-P.Rafael.doc\" tabindex=\"-1\"><img loading=\"lazy\" decoding=\"async\" width=\"735\" height=\"490\" src=\"https:\/\/operaeucharistica.org\/wp-content\/uploads\/2025\/06\/30.jpeg\" class=\"attachment-full size-full wp-image-2851\" alt=\"\" srcset=\"https:\/\/operaeucharistica.org\/wp-content\/uploads\/2025\/06\/30.jpeg 735w, https:\/\/operaeucharistica.org\/wp-content\/uploads\/2025\/06\/30-300x200.jpeg 300w\" sizes=\"(max-width: 735px) 100vw, 735px\" \/><\/a><\/figure><div class=\"elementor-image-box-content\"><h3 class=\"elementor-image-box-title\"><a href=\"https:\/\/operaeucharistica.org\/wp-content\/uploads\/2025\/06\/25-01-P.Rafael.doc\"><br>Enero de 2025<\/a><\/h3><p class=\"elementor-image-box-description\">Homenaje a un adorador ejemplar<\/p><\/div><\/div>\t\t\t\t<\/div>\n\t\t\t\t<\/div>\n\t\t\t\t\t<\/div>\n\t\t\t\t<\/div>\n\t\t\t\t<\/div>\n\t\t","protected":false},"excerpt":{"rendered":"<p>\u00daltimos articulos Adoremos in Aeternum Sanctissimum Sacramentum Articulos 2026 Abril de 2026 Un cardi\u00f3logo examina a Jes\u00fas Marzo de 2026 Pinceladas eucar\u00edsticas Febrero de 2026 San Tarsicio, un cruzado de la Eucarist\u00eda Enero de 2026 Profesi\u00f3n de fe eucaristica Articulos 2025 Diciembre de 2025 \u00a1Santo tiempo de Adviento y Navidad! Noviembre de 2025 El mayor [&hellip;]<\/p>\n","protected":false},"author":1,"featured_media":0,"parent":0,"menu_order":0,"comment_status":"closed","ping_status":"closed","template":"elementor_header_footer","meta":{"_joinchat":[],"footnotes":""},"class_list":["post-2183","page","type-page","status-publish","hentry"],"yoast_head":"<!-- This site is optimized with the Yoast SEO plugin v24.3 - https:\/\/yoast.com\/wordpress\/plugins\/seo\/ -->\n<title>ultimos articulos - Opera Eucharistica<\/title>\n<meta name=\"robots\" content=\"noindex, follow, max-snippet:-1, max-image-preview:large, max-video-preview:-1\" \/>\n<meta property=\"og:locale\" content=\"es_ES\" \/>\n<meta property=\"og:type\" content=\"article\" \/>\n<meta property=\"og:title\" content=\"ultimos articulos - Opera Eucharistica\" \/>\n<meta property=\"og:description\" content=\"\u00daltimos articulos Adoremos in Aeternum Sanctissimum Sacramentum Articulos 2026 Abril de 2026 Un cardi\u00f3logo examina a Jes\u00fas Marzo de 2026 Pinceladas eucar\u00edsticas Febrero de 2026 San Tarsicio, un cruzado de la Eucarist\u00eda Enero de 2026 Profesi\u00f3n de fe eucaristica Articulos 2025 Diciembre de 2025 \u00a1Santo tiempo de Adviento y Navidad! Noviembre de 2025 El mayor [&hellip;]\" \/>\n<meta property=\"og:url\" content=\"https:\/\/operaeucharistica.org\/home\/articulos\/\" \/>\n<meta property=\"og:site_name\" content=\"Opera Eucharistica\" \/>\n<meta property=\"article:publisher\" content=\"https:\/\/www.facebook.com\/ttecumviajes\/\" \/>\n<meta property=\"article:modified_time\" content=\"2026-03-31T20:11:26+00:00\" \/>\n<meta property=\"og:image\" content=\"https:\/\/operaeucharistica.org\/wp-content\/uploads\/2026\/03\/Captura-de-pantalla-2026-03-31-a-las-22.10.35.png\" \/>\n<meta name=\"twitter:card\" content=\"summary_large_image\" \/>\n<meta name=\"twitter:label1\" content=\"Tiempo de lectura\" \/>\n\t<meta name=\"twitter:data1\" content=\"4 minutos\" \/>\n<script type=\"application\/ld+json\" class=\"yoast-schema-graph\">{\"@context\":\"https:\/\/schema.org\",\"@graph\":[{\"@type\":\"WebPage\",\"@id\":\"https:\/\/operaeucharistica.org\/home\/articulos\/\",\"url\":\"https:\/\/operaeucharistica.org\/home\/articulos\/\",\"name\":\"ultimos articulos - Opera Eucharistica\",\"isPartOf\":{\"@id\":\"https:\/\/operaeucharistica.org\/home\/#website\"},\"primaryImageOfPage\":{\"@id\":\"https:\/\/operaeucharistica.org\/home\/articulos\/#primaryimage\"},\"image\":{\"@id\":\"https:\/\/operaeucharistica.org\/home\/articulos\/#primaryimage\"},\"thumbnailUrl\":\"https:\/\/operaeucharistica.org\/wp-content\/uploads\/2026\/03\/Captura-de-pantalla-2026-03-31-a-las-22.10.35.png\",\"datePublished\":\"2025-01-31T11:34:03+00:00\",\"dateModified\":\"2026-03-31T20:11:26+00:00\",\"breadcrumb\":{\"@id\":\"https:\/\/operaeucharistica.org\/home\/articulos\/#breadcrumb\"},\"inLanguage\":\"es\",\"potentialAction\":[{\"@type\":\"ReadAction\",\"target\":[\"https:\/\/operaeucharistica.org\/home\/articulos\/\"]}]},{\"@type\":\"ImageObject\",\"inLanguage\":\"es\",\"@id\":\"https:\/\/operaeucharistica.org\/home\/articulos\/#primaryimage\",\"url\":\"https:\/\/operaeucharistica.org\/wp-content\/uploads\/2026\/03\/Captura-de-pantalla-2026-03-31-a-las-22.10.35.png\",\"contentUrl\":\"https:\/\/operaeucharistica.org\/wp-content\/uploads\/2026\/03\/Captura-de-pantalla-2026-03-31-a-las-22.10.35.png\"},{\"@type\":\"BreadcrumbList\",\"@id\":\"https:\/\/operaeucharistica.org\/home\/articulos\/#breadcrumb\",\"itemListElement\":[{\"@type\":\"ListItem\",\"position\":1,\"name\":\"Portada\",\"item\":\"https:\/\/operaeucharistica.org\/home\/\"},{\"@type\":\"ListItem\",\"position\":2,\"name\":\"ultimos articulos\"}]},{\"@type\":\"WebSite\",\"@id\":\"https:\/\/operaeucharistica.org\/home\/#website\",\"url\":\"https:\/\/operaeucharistica.org\/home\/\",\"name\":\"Tecum Viajes\",\"description\":\"Fundac\u00edon de las Obras Eucaristicas\",\"potentialAction\":[{\"@type\":\"SearchAction\",\"target\":{\"@type\":\"EntryPoint\",\"urlTemplate\":\"https:\/\/operaeucharistica.org\/home\/?s={search_term_string}\"},\"query-input\":{\"@type\":\"PropertyValueSpecification\",\"valueRequired\":true,\"valueName\":\"search_term_string\"}}],\"inLanguage\":\"es\"}]}<\/script>\n<!-- \/ Yoast SEO plugin. -->","yoast_head_json":{"title":"ultimos articulos - Opera Eucharistica","robots":{"index":"noindex","follow":"follow","max-snippet":"max-snippet:-1","max-image-preview":"max-image-preview:large","max-video-preview":"max-video-preview:-1"},"og_locale":"es_ES","og_type":"article","og_title":"ultimos articulos - Opera Eucharistica","og_description":"\u00daltimos articulos Adoremos in Aeternum Sanctissimum Sacramentum Articulos 2026 Abril de 2026 Un cardi\u00f3logo examina a Jes\u00fas Marzo de 2026 Pinceladas eucar\u00edsticas Febrero de 2026 San Tarsicio, un cruzado de la Eucarist\u00eda Enero de 2026 Profesi\u00f3n de fe eucaristica Articulos 2025 Diciembre de 2025 \u00a1Santo tiempo de Adviento y Navidad! Noviembre de 2025 El mayor [&hellip;]","og_url":"https:\/\/operaeucharistica.org\/home\/articulos\/","og_site_name":"Opera Eucharistica","article_publisher":"https:\/\/www.facebook.com\/ttecumviajes\/","article_modified_time":"2026-03-31T20:11:26+00:00","og_image":[{"url":"https:\/\/operaeucharistica.org\/wp-content\/uploads\/2026\/03\/Captura-de-pantalla-2026-03-31-a-las-22.10.35.png","type":"","width":"","height":""}],"twitter_card":"summary_large_image","twitter_misc":{"Tiempo de lectura":"4 minutos"},"schema":{"@context":"https:\/\/schema.org","@graph":[{"@type":"WebPage","@id":"https:\/\/operaeucharistica.org\/home\/articulos\/","url":"https:\/\/operaeucharistica.org\/home\/articulos\/","name":"ultimos articulos - Opera Eucharistica","isPartOf":{"@id":"https:\/\/operaeucharistica.org\/home\/#website"},"primaryImageOfPage":{"@id":"https:\/\/operaeucharistica.org\/home\/articulos\/#primaryimage"},"image":{"@id":"https:\/\/operaeucharistica.org\/home\/articulos\/#primaryimage"},"thumbnailUrl":"https:\/\/operaeucharistica.org\/wp-content\/uploads\/2026\/03\/Captura-de-pantalla-2026-03-31-a-las-22.10.35.png","datePublished":"2025-01-31T11:34:03+00:00","dateModified":"2026-03-31T20:11:26+00:00","breadcrumb":{"@id":"https:\/\/operaeucharistica.org\/home\/articulos\/#breadcrumb"},"inLanguage":"es","potentialAction":[{"@type":"ReadAction","target":["https:\/\/operaeucharistica.org\/home\/articulos\/"]}]},{"@type":"ImageObject","inLanguage":"es","@id":"https:\/\/operaeucharistica.org\/home\/articulos\/#primaryimage","url":"https:\/\/operaeucharistica.org\/wp-content\/uploads\/2026\/03\/Captura-de-pantalla-2026-03-31-a-las-22.10.35.png","contentUrl":"https:\/\/operaeucharistica.org\/wp-content\/uploads\/2026\/03\/Captura-de-pantalla-2026-03-31-a-las-22.10.35.png"},{"@type":"BreadcrumbList","@id":"https:\/\/operaeucharistica.org\/home\/articulos\/#breadcrumb","itemListElement":[{"@type":"ListItem","position":1,"name":"Portada","item":"https:\/\/operaeucharistica.org\/home\/"},{"@type":"ListItem","position":2,"name":"ultimos articulos"}]},{"@type":"WebSite","@id":"https:\/\/operaeucharistica.org\/home\/#website","url":"https:\/\/operaeucharistica.org\/home\/","name":"Tecum Viajes","description":"Fundac\u00edon de las Obras Eucaristicas","potentialAction":[{"@type":"SearchAction","target":{"@type":"EntryPoint","urlTemplate":"https:\/\/operaeucharistica.org\/home\/?s={search_term_string}"},"query-input":{"@type":"PropertyValueSpecification","valueRequired":true,"valueName":"search_term_string"}}],"inLanguage":"es"}]}},"_links":{"self":[{"href":"https:\/\/operaeucharistica.org\/home\/wp-json\/wp\/v2\/pages\/2183","targetHints":{"allow":["GET"]}}],"collection":[{"href":"https:\/\/operaeucharistica.org\/home\/wp-json\/wp\/v2\/pages"}],"about":[{"href":"https:\/\/operaeucharistica.org\/home\/wp-json\/wp\/v2\/types\/page"}],"author":[{"embeddable":true,"href":"https:\/\/operaeucharistica.org\/home\/wp-json\/wp\/v2\/users\/1"}],"replies":[{"embeddable":true,"href":"https:\/\/operaeucharistica.org\/home\/wp-json\/wp\/v2\/comments?post=2183"}],"version-history":[{"count":116,"href":"https:\/\/operaeucharistica.org\/home\/wp-json\/wp\/v2\/pages\/2183\/revisions"}],"predecessor-version":[{"id":3404,"href":"https:\/\/operaeucharistica.org\/home\/wp-json\/wp\/v2\/pages\/2183\/revisions\/3404"}],"wp:attachment":[{"href":"https:\/\/operaeucharistica.org\/home\/wp-json\/wp\/v2\/media?parent=2183"}],"curies":[{"name":"wp","href":"https:\/\/api.w.org\/{rel}","templated":true}]}}