{"id":2178,"date":"2025-01-31T12:28:25","date_gmt":"2025-01-31T11:28:25","guid":{"rendered":"https:\/\/operaeucharistica.org\/?page_id=2178"},"modified":"2026-04-15T01:32:01","modified_gmt":"2026-04-15T00:32:01","slug":"quienessomos","status":"publish","type":"page","link":"https:\/\/operaeucharistica.org\/home\/quienessomos\/","title":{"rendered":"Quienes Somos"},"content":{"rendered":"\t\t<div data-elementor-type=\"wp-page\" data-elementor-id=\"2178\" class=\"elementor elementor-2178\" data-elementor-post-type=\"page\">\n\t\t\t\t<div class=\"elementor-element elementor-element-60bd1d8 e-flex e-con-boxed e-con e-parent\" data-id=\"60bd1d8\" data-element_type=\"container\" data-e-type=\"container\" data-settings=\"{&quot;background_background&quot;:&quot;classic&quot;}\">\n\t\t\t\t\t<div class=\"e-con-inner\">\n\t\t\t\t<div class=\"elementor-element elementor-element-4d50414 elementor-widget__width-initial elementor-widget elementor-widget-heading\" data-id=\"4d50414\" data-element_type=\"widget\" data-e-type=\"widget\" data-widget_type=\"heading.default\">\n\t\t\t\t<div class=\"elementor-widget-container\">\n\t\t\t\t\t<h1 class=\"elementor-heading-title elementor-size-default\">Quienes somos<\/h1>\t\t\t\t<\/div>\n\t\t\t\t<\/div>\n\t\t\t\t<div class=\"elementor-element elementor-element-1d4a817 elementor-widget elementor-widget-text-editor\" data-id=\"1d4a817\" data-element_type=\"widget\" data-e-type=\"widget\" data-widget_type=\"text-editor.default\">\n\t\t\t\t<div class=\"elementor-widget-container\">\n\t\t\t\t\t\t\t\t\t<p><strong>Adoremos in Aeternum Sanctissimum Sacramentum<\/strong><\/p>\t\t\t\t\t\t\t\t<\/div>\n\t\t\t\t<\/div>\n\t\t\t\t\t<\/div>\n\t\t\t\t<\/div>\n\t\t<div class=\"elementor-element elementor-element-2883007 e-flex e-con-boxed e-con e-parent\" data-id=\"2883007\" data-element_type=\"container\" data-e-type=\"container\">\n\t\t\t\t\t<div class=\"e-con-inner\">\n\t\t\t\t<div class=\"elementor-element elementor-element-b8c8e06 elementor-widget-divider--view-line elementor-widget elementor-widget-divider\" data-id=\"b8c8e06\" data-element_type=\"widget\" data-e-type=\"widget\" data-widget_type=\"divider.default\">\n\t\t\t\t<div class=\"elementor-widget-container\">\n\t\t\t\t\t\t\t<div class=\"elementor-divider\">\n\t\t\t<span class=\"elementor-divider-separator\">\n\t\t\t\t\t\t<\/span>\n\t\t<\/div>\n\t\t\t\t\t\t<\/div>\n\t\t\t\t<\/div>\n\t\t\t\t<div class=\"elementor-element elementor-element-0f945bb elementor-widget elementor-widget-text-editor\" data-id=\"0f945bb\" data-element_type=\"widget\" data-e-type=\"widget\" data-widget_type=\"text-editor.default\">\n\t\t\t\t<div class=\"elementor-widget-container\">\n\t\t\t\t\t\t\t\t\t<p>La Federaci\u00f3n Mundial de las Obras Eucar\u00edsticas de la Iglesia, es una Confederaci\u00f3n de Asociaciones seglares.<\/p>\n<p><\/p>\n<p>El lema de la Federaci\u00f3n es:&nbsp;<strong>Adoremos in Aetermun Sanctissimum Sacramentum.<\/strong><\/p><p>Podr\u00e1n ser miembros de la misma todas las Entidades de car\u00e1cter nacional o territorial que, en todo el mundo, tengan como finalidad la pr\u00e1ctica, fomento y difusi\u00f3n del culto y\/o adoraci\u00f3n del Sant\u00edsimo Sacramento.<\/p>\n<p><\/p>\n<p>Cada uno de los miembros de la Federaci\u00f3n se regir\u00e1 por sus propios Estatutos o Reglamentos.<\/p>\n<p><\/p>\n<p>Por el mero hecho de su integraci\u00f3n en la Federaci\u00f3n, sus miembros se considerar\u00e1n agregados can\u00f3nicamente a la Venerable Archicofrad\u00eda de la Adoraci\u00f3n Nocturna al Sant\u00edsimo Sacramento de la ciudad de Roma, gozando, en virtud de tal agregaci\u00f3n de cuantos privilegios y beneficios tuviera concedidos dicha Archicofrad\u00eda por concesi\u00f3n de su Santidad San P\u00edo X, otorgada con fecha 8 de agosto de 1906.<\/p>\n<p><strong>&nbsp;\u00bfQue pretendemos?<\/strong><\/p>\n<p>\u2022&nbsp;Fomentar, impulsar y propagar el culto al Sant\u00edsimo Sacramento del Altar, conforme con las orientaciones de la Jerarqu\u00eda Eclesi\u00e1stica.<\/p>\n<p>\u2022&nbsp;Cultivar el esp\u00edritu de hermandad y mutua ayuda entre todos sus miembros enviando, anualmente, a todos ellos, relaci\u00f3n actualizada de los mismos con indicaci\u00f3n de sus respectivas Sedes.<\/p>\n<p>\u2022&nbsp;Colaborar y apoyar a sus miembros en las gestiones encaminadas a la creaci\u00f3n de nuevas Entidades, siempre de acuerdo con la Autoridad Eclesi\u00e1stica del territorio correspondiente.<\/p>\n<p>\u2022&nbsp;Procurar y gestionar, por todos los medios a su alcance y solicitando las ayudas necesarias la confecci\u00f3n de un Censo real y, permanentemente, actualizado de toda clase de Entidades dedicadas, en todo el mundo, a la pr\u00e1ctica, fomento y difusi\u00f3n del culto y\/o adoraci\u00f3n del Sant\u00edsimo Sacramento.<\/p>\n<p><\/p>\n<p><strong>\u00bfQue solicitamos?<\/strong><\/p>\n<p>\u2022&nbsp;Que los miembros mantengan el necesario contacto con el Consejo directivo, informando de sus actividades y, en su caso, publicaciones.<\/p>\n<p>\u2022&nbsp;Dar a conocer el Consejo Directivo, enviando peri\u00f3dicamente los cambios que se produzcan y contestar a los formularios que se les sometan.<\/p>\n<p>\u2022&nbsp;Participar de forma personal o de representaci\u00f3n en las sesiones de la Asamblea General y desempe\u00f1ar los cargos para los que fueren nombrados y\/o elegidos.<\/p>\n<p>\u2022&nbsp;Contribuir, dentro de sus posibilidades en los gastos generales de la Federaci\u00f3n cuyo fin no es, por supuesto, material pero cuyas actividades de car\u00e1cter espiritual descansan inevitablemente sobre bases tangibles como toda actividad humana.<\/p>\t\t\t\t\t\t\t\t<\/div>\n\t\t\t\t<\/div>\n\t\t\t\t\t<\/div>\n\t\t\t\t<\/div>\n\t\t<div class=\"elementor-element elementor-element-02d6205 e-flex e-con-boxed e-con e-parent\" data-id=\"02d6205\" data-element_type=\"container\" data-e-type=\"container\">\n\t\t\t\t\t<div class=\"e-con-inner\">\n\t\t\t\t<div class=\"elementor-element elementor-element-a606d4c elementor-widget-divider--view-line elementor-widget elementor-widget-divider\" data-id=\"a606d4c\" data-element_type=\"widget\" data-e-type=\"widget\" data-widget_type=\"divider.default\">\n\t\t\t\t<div class=\"elementor-widget-container\">\n\t\t\t\t\t\t\t<div class=\"elementor-divider\">\n\t\t\t<span class=\"elementor-divider-separator\">\n\t\t\t\t\t\t<\/span>\n\t\t<\/div>\n\t\t\t\t\t\t<\/div>\n\t\t\t\t<\/div>\n\t\t\t\t<div class=\"elementor-element elementor-element-443701f elementor-widget__width-initial elementor-widget elementor-widget-heading\" data-id=\"443701f\" data-element_type=\"widget\" data-e-type=\"widget\" data-widget_type=\"heading.default\">\n\t\t\t\t<div class=\"elementor-widget-container\">\n\t\t\t\t\t<h1 class=\"elementor-heading-title elementor-size-default\">CONSEJO DIRECTIVO DE LA FEDERACI\u00d3N MUNDIAL   DE LAS OBRAS EUCAR\u00cdSTICAS DE LA IGLESIA<\/h1>\t\t\t\t<\/div>\n\t\t\t\t<\/div>\n\t\t\t\t\t<\/div>\n\t\t\t\t<\/div>\n\t\t<div class=\"elementor-element elementor-element-2f949fb e-flex e-con-boxed e-con e-parent\" data-id=\"2f949fb\" data-element_type=\"container\" data-e-type=\"container\">\n\t\t\t\t\t<div class=\"e-con-inner\">\n\t\t\t\t<div class=\"elementor-element elementor-element-4bde726 elementor-position-left elementor-vertical-align-top elementor-widget elementor-widget-image-box\" data-id=\"4bde726\" data-element_type=\"widget\" data-e-type=\"widget\" data-widget_type=\"image-box.default\">\n\t\t\t\t<div class=\"elementor-widget-container\">\n\t\t\t\t\t<div class=\"elementor-image-box-wrapper\"><figure class=\"elementor-image-box-img\"><img decoding=\"async\" src=\"https:\/\/operaeucharistica.org\/wp-content\/uploads\/elementor\/thumbs\/Captura-de-pantalla-2025-01-31-a-las-12.42.06-r0tdhp2r1i57mr0qva9p2pajk01g0qpwwvp6lei81w.png\" title=\"Captura de pantalla 2025-01-31 a las 12.42.06\" alt=\"Captura de pantalla 2025-01-31 a las 12.42.06\" loading=\"lazy\" \/><\/figure><div class=\"elementor-image-box-content\"><h3 class=\"elementor-image-box-title\">Don JUAN CARLOS MOLLEJO APARICIO<br><\/h3><p class=\"elementor-image-box-description\"><br>Adoraci\u00f3n Nocturna Espa\u00f1ola <br> Presidente - President - Pr\u00e9sident - Presidente\n<br>Telf.: (34) 657 983 964\n<br>E-mail: jcmollejo@gmail.com<\/p><\/div><\/div>\t\t\t\t<\/div>\n\t\t\t\t<\/div>\n\t\t\t\t<div class=\"elementor-element elementor-element-0ab888d elementor-position-left elementor-vertical-align-top elementor-widget elementor-widget-image-box\" data-id=\"0ab888d\" data-element_type=\"widget\" data-e-type=\"widget\" data-widget_type=\"image-box.default\">\n\t\t\t\t<div class=\"elementor-widget-container\">\n\t\t\t\t\t<div class=\"elementor-image-box-wrapper\"><figure class=\"elementor-image-box-img\"><img decoding=\"async\" src=\"https:\/\/operaeucharistica.org\/wp-content\/uploads\/elementor\/thumbs\/Captura-de-pantalla-2025-01-31-a-las-12.42.14-r0tdtqeck4meazjbkzkpi5y1empnl7i68gg0tynqdg.png\" title=\"Captura de pantalla 2025-01-31 a las 12.42.14\" alt=\"Captura de pantalla 2025-01-31 a las 12.42.14\" loading=\"lazy\" \/><\/figure><div class=\"elementor-image-box-content\"><h3 class=\"elementor-image-box-title\">Monse\u00f1or JUAN MIGUEL FERRER GRENESCHE <br><\/h3><p class=\"elementor-image-box-description\"><br>Can\u00f3nigo de la Catedral Primada de Toledo<br> Asistente Eclesi\u00e1stico - Ecclesiastic Attendee -\nAssistant Eccl\u00e9siastique - Assistente Ecclesiastico\n<br>Telf.: (34) 689 61 86 43\n<br>\nE-mail: jmfgrenesche@gmail.com<\/p><\/div><\/div>\t\t\t\t<\/div>\n\t\t\t\t<\/div>\n\t\t\t\t<div class=\"elementor-element elementor-element-cb8f362 elementor-position-left elementor-vertical-align-top elementor-widget elementor-widget-image-box\" data-id=\"cb8f362\" data-element_type=\"widget\" data-e-type=\"widget\" data-widget_type=\"image-box.default\">\n\t\t\t\t<div class=\"elementor-widget-container\">\n\t\t\t\t\t<div class=\"elementor-image-box-wrapper\"><figure class=\"elementor-image-box-img\"><img decoding=\"async\" src=\"https:\/\/operaeucharistica.org\/wp-content\/uploads\/elementor\/thumbs\/Captura-de-pantalla-2025-01-31-a-las-12.43.14-r0tg2grbjv4zha9o5vv5nsja60skpc0801lcpiyfyc.png\" title=\"Captura de pantalla 2025-01-31 a las 12.43.14\" alt=\"Captura de pantalla 2025-01-31 a las 12.43.14\" loading=\"lazy\" \/><\/figure><div class=\"elementor-image-box-content\"><h3 class=\"elementor-image-box-title\">Don MIGUEL-ANTONIO ZACARIAS JACKSON<\/h3><p class=\"elementor-image-box-description\"><br>Vice-Presidente - Vice-President - Vice-Pr\u00e9sident - Vice-Presidente<br> Adoraci\u00f3n Nocturna Rep\u00fablica Dominicana \n<br>Telf.: (809) 226-3115 (809) 361-4111<br>\nE-mail: obraseucaristicasvprd@gmail.com<\/p><\/div><\/div>\t\t\t\t<\/div>\n\t\t\t\t<\/div>\n\t\t\t\t<div class=\"elementor-element elementor-element-61d53ca elementor-position-left elementor-vertical-align-top elementor-widget elementor-widget-image-box\" data-id=\"61d53ca\" data-element_type=\"widget\" data-e-type=\"widget\" data-widget_type=\"image-box.default\">\n\t\t\t\t<div class=\"elementor-widget-container\">\n\t\t\t\t\t<div class=\"elementor-image-box-wrapper\"><figure class=\"elementor-image-box-img\"><img decoding=\"async\" src=\"https:\/\/operaeucharistica.org\/wp-content\/uploads\/elementor\/thumbs\/Captura-de-pantalla-2025-01-31-a-las-12.42.45-r0tfv4mo7f3euuxc07ozp56r8qyfmdvnbq9wuru2is.png\" title=\"Captura de pantalla 2025-01-31 a las 12.42.45\" alt=\"Captura de pantalla 2025-01-31 a las 12.42.45\" loading=\"lazy\" \/><\/figure><div class=\"elementor-image-box-content\"><h3 class=\"elementor-image-box-title\">Don ROSENDO HERN\u00c1NDEZ<\/h3><p class=\"elementor-image-box-description\"><br>Vice-Presidente - Vice-President - Vice-Pr\u00e9sident - Vice-Presidente<br> Nocturnal Adoration Society National Laic Headquarters\n<br>Telf.: +1 956 229 5014\n<br>\nE-mail: rosendo.hernandez77@yahoo.com<\/p><\/div><\/div>\t\t\t\t<\/div>\n\t\t\t\t<\/div>\n\t\t\t\t<div class=\"elementor-element elementor-element-37e8b3b elementor-position-left elementor-vertical-align-top elementor-widget elementor-widget-image-box\" data-id=\"37e8b3b\" data-element_type=\"widget\" data-e-type=\"widget\" data-widget_type=\"image-box.default\">\n\t\t\t\t<div class=\"elementor-widget-container\">\n\t\t\t\t\t<div class=\"elementor-image-box-wrapper\"><figure class=\"elementor-image-box-img\"><img decoding=\"async\" src=\"https:\/\/operaeucharistica.org\/wp-content\/uploads\/elementor\/thumbs\/Captura-de-pantalla-2025-01-31-a-las-12.42.59-r0tfywx9qe9zmbfcwclw8osldmanmhwq6gvbfw7zgk.png\" title=\"Captura de pantalla 2025-01-31 a las 12.42.59\" alt=\"Captura de pantalla 2025-01-31 a las 12.42.59\" loading=\"lazy\" \/><\/figure><div class=\"elementor-image-box-content\"><h3 class=\"elementor-image-box-title\">Rvdo. ROBERTO PEDRINI<\/h3><p class=\"elementor-image-box-description\"><br>Vice-Presidente - Vice-President - Vice-Pr\u00e9sident - Vice-Presidente<br> Nocturnal Adorazione Eucaristica Perpetua Italia\n<br>Telf.: 0039 051 23 01 67<br>\nE-mail: donrobertopedrini@libero.it<\/p><\/div><\/div>\t\t\t\t<\/div>\n\t\t\t\t<\/div>\n\t\t\t\t<div class=\"elementor-element elementor-element-8b5ef1a elementor-position-left elementor-vertical-align-top elementor-widget elementor-widget-image-box\" data-id=\"8b5ef1a\" data-element_type=\"widget\" data-e-type=\"widget\" data-widget_type=\"image-box.default\">\n\t\t\t\t<div class=\"elementor-widget-container\">\n\t\t\t\t\t<div class=\"elementor-image-box-wrapper\"><figure class=\"elementor-image-box-img\"><img decoding=\"async\" src=\"https:\/\/operaeucharistica.org\/wp-content\/uploads\/elementor\/thumbs\/Captura-de-pantalla-2025-01-31-a-las-12.42.52-r0tfx34kfzrx1m2xkk60e5ebsnaynonilf7buixjk4.png\" title=\"Captura de pantalla 2025-01-31 a las 12.42.52\" alt=\"Captura de pantalla 2025-01-31 a las 12.42.52\" loading=\"lazy\" \/><\/figure><div class=\"elementor-image-box-content\"><h3 class=\"elementor-image-box-title\">Don EDISON VELASQUEZ VACCARO<\/h3><p class=\"elementor-image-box-description\"><br>Vice-Presidente - Vice-President - Vice-Pr\u00e9sident - Vice-Presidente<br> Nocturnal Adoraci\u00f3n Nocturna Paname\u00f1a\n<br>Telf.: (507) 221 - 8232 (507) 6648 \u2013 3757<br>\nE-mail: edisonvv8@gmail.com<\/p><\/div><\/div>\t\t\t\t<\/div>\n\t\t\t\t<\/div>\n\t\t\t\t<div class=\"elementor-element elementor-element-e9cd98a elementor-position-left elementor-vertical-align-top elementor-widget elementor-widget-image-box\" data-id=\"e9cd98a\" data-element_type=\"widget\" data-e-type=\"widget\" data-widget_type=\"image-box.default\">\n\t\t\t\t<div class=\"elementor-widget-container\">\n\t\t\t\t\t<div class=\"elementor-image-box-wrapper\"><figure class=\"elementor-image-box-img\"><img decoding=\"async\" src=\"https:\/\/operaeucharistica.org\/wp-content\/uploads\/elementor\/thumbs\/Captura-de-pantalla-2025-01-31-a-las-12.43.06-r0tg0tjhlavx5unoro9nsph8qqwg8eh4rwhrh3e8uc.png\" title=\"Captura de pantalla 2025-01-31 a las 12.43.06\" alt=\"Captura de pantalla 2025-01-31 a las 12.43.06\" loading=\"lazy\" \/><\/figure><div class=\"elementor-image-box-content\"><h3 class=\"elementor-image-box-title\">Don JESUS REYES MENDOZA<\/h3><p class=\"elementor-image-box-description\"><br>Vice-Presidente - Vice-President - Vice-Pr\u00e9sident - Vice-Presidente<br> Nocturnal Adoraci\u00f3n Nocturna Archidi\u00f3cesis de Guadalajara \u2013Jalisco-\n<br>Telf.: (52) 333 617 8653 (52) 333 825 2888<br>\nE-mail: jreyesm3@hotmail.com<\/p><\/div><\/div>\t\t\t\t<\/div>\n\t\t\t\t<\/div>\n\t\t\t\t<div class=\"elementor-element elementor-element-39906af elementor-position-left elementor-vertical-align-top elementor-widget elementor-widget-image-box\" data-id=\"39906af\" data-element_type=\"widget\" data-e-type=\"widget\" data-widget_type=\"image-box.default\">\n\t\t\t\t<div class=\"elementor-widget-container\">\n\t\t\t\t\t<div class=\"elementor-image-box-wrapper\"><figure class=\"elementor-image-box-img\"><img decoding=\"async\" src=\"https:\/\/operaeucharistica.org\/wp-content\/uploads\/elementor\/thumbs\/WhatsApp-Image-2026-04-07-at-18.46.23-rm0pmkqm1ekc1jjc047sp3xfsosfkd47mex9mvyclg.jpeg\" title=\"WhatsApp Image 2026-04-07 at 18.46.23\" alt=\"WhatsApp Image 2026-04-07 at 18.46.23\" loading=\"lazy\" \/><\/figure><div class=\"elementor-image-box-content\"><h3 class=\"elementor-image-box-title\">Don JUAN CARLOS MOLLEJO S\u00c1NCHEZ<\/h3><p class=\"elementor-image-box-description\"><br>Secretario - Secretary - Secr\u00e9taire - Segretario<br> Adoraci\u00f3n Nocturna Espa\u00f1ola - Cofrad\u00eda del Santo Caliz\n<br>Telf.: (34) 692 15 45 20\n<br>\nE-mail: jcmollejo14@gmail.com<\/p><\/div><\/div>\t\t\t\t<\/div>\n\t\t\t\t<\/div>\n\t\t\t\t<div class=\"elementor-element elementor-element-ffcc340 elementor-position-left elementor-vertical-align-top elementor-widget elementor-widget-image-box\" data-id=\"ffcc340\" data-element_type=\"widget\" data-e-type=\"widget\" data-widget_type=\"image-box.default\">\n\t\t\t\t<div class=\"elementor-widget-container\">\n\t\t\t\t\t<div class=\"elementor-image-box-wrapper\"><figure class=\"elementor-image-box-img\"><img decoding=\"async\" src=\"https:\/\/operaeucharistica.org\/wp-content\/uploads\/elementor\/thumbs\/Juan-Antonio-Diaz-Sosa-rlgse2o6t28snv98lk9ttbmekcr908iimsnjxu9phg.jpg\" title=\"Juan Antonio Diaz Sosa\" alt=\"Juan Antonio Diaz Sosa\" loading=\"lazy\" \/><\/figure><div class=\"elementor-image-box-content\"><h3 class=\"elementor-image-box-title\">Don JUAN ANTONIO D\u00cdAZ SOSA <\/h3><p class=\"elementor-image-box-description\">Tesorero - treasurer - tr\u00e9sorier - tesoriere <br> Adoraci\u00f3n Nocturna Espa\u00f1ola<br>Telf.: (34) 655 452 761\nE-mail: ja.diazsosa@gmail.com<\/p><\/div><\/div>\t\t\t\t<\/div>\n\t\t\t\t<\/div>\n\t\t\t\t<div class=\"elementor-element elementor-element-138a0c1 elementor-position-left elementor-vertical-align-top elementor-widget elementor-widget-image-box\" data-id=\"138a0c1\" data-element_type=\"widget\" data-e-type=\"widget\" data-widget_type=\"image-box.default\">\n\t\t\t\t<div class=\"elementor-widget-container\">\n\t\t\t\t\t<div class=\"elementor-image-box-wrapper\"><figure class=\"elementor-image-box-img\"><img decoding=\"async\" src=\"https:\/\/operaeucharistica.org\/wp-content\/uploads\/elementor\/thumbs\/Captura-de-pantalla-2025-01-31-a-las-12.43.44-r0tgg923se0dre8rnue68bantgudliqhwa1q3mikp0.png\" title=\"Captura de pantalla 2025-01-31 a las 12.43.44\" alt=\"Captura de pantalla 2025-01-31 a las 12.43.44\" loading=\"lazy\" \/><\/figure><div class=\"elementor-image-box-content\"><h3 class=\"elementor-image-box-title\">Don JOSE ALBERTO RUGELES MART\u00cdNEZ<\/h3><p class=\"elementor-image-box-description\"><br>Consejero - Member - Membre - Consulente<br> \n<br>Telef.: Telf.: (34) 639 515 119<br>\nE-mail josealbertorugeles@gmail.com<\/p><\/div><\/div>\t\t\t\t<\/div>\n\t\t\t\t<\/div>\n\t\t\t\t<div class=\"elementor-element elementor-element-0156c62 elementor-position-left elementor-vertical-align-top elementor-widget elementor-widget-image-box\" data-id=\"0156c62\" data-element_type=\"widget\" data-e-type=\"widget\" data-widget_type=\"image-box.default\">\n\t\t\t\t<div class=\"elementor-widget-container\">\n\t\t\t\t\t<div class=\"elementor-image-box-wrapper\"><figure class=\"elementor-image-box-img\"><img decoding=\"async\" src=\"https:\/\/operaeucharistica.org\/wp-content\/uploads\/elementor\/thumbs\/Captura-de-pantalla-2025-01-31-a-las-12.43.49-r0tghz3gbgdb1nqnll7jsvn30wclpjks4t3rrvylac.png\" title=\"Captura de pantalla 2025-01-31 a las 12.43.49\" alt=\"Captura de pantalla 2025-01-31 a las 12.43.49\" loading=\"lazy\" \/><\/figure><div class=\"elementor-image-box-content\"><h3 class=\"elementor-image-box-title\">Do\u00f1a MARIA CARMEN ORTUZAR CASTA\u00d1ER<\/h3><p class=\"elementor-image-box-description\"><br>Patronato Eucar\u00edstico San Mart\u00edn<br> Consejero - Member - Membre - Consulente\n<br>Telf.: (34) 91 522 72 66<br>\nE-mail: cortuzar12@yahoo.es<\/p><\/div><\/div>\t\t\t\t<\/div>\n\t\t\t\t<\/div>\n\t\t\t\t<div class=\"elementor-element elementor-element-b3a64b2 elementor-position-left elementor-vertical-align-top elementor-widget elementor-widget-image-box\" data-id=\"b3a64b2\" data-element_type=\"widget\" data-e-type=\"widget\" data-widget_type=\"image-box.default\">\n\t\t\t\t<div class=\"elementor-widget-container\">\n\t\t\t\t\t<div class=\"elementor-image-box-wrapper\"><figure class=\"elementor-image-box-img\"><img decoding=\"async\" src=\"https:\/\/operaeucharistica.org\/wp-content\/uploads\/elementor\/thumbs\/Captura-de-pantalla-2025-01-31-a-las-12.43.23-r0tg4jyeqlzxa38fysdb79k5ouhxt4aqyds73nuy4k.png\" title=\"Captura de pantalla 2025-01-31 a las 12.43.23\" alt=\"Captura de pantalla 2025-01-31 a las 12.43.23\" loading=\"lazy\" \/><\/figure><div class=\"elementor-image-box-content\"><h3 class=\"elementor-image-box-title\">Padre AGUST\u00cdN DE LA VEGA SANSANO<\/h3><p class=\"elementor-image-box-description\"><br>Consejero \u2013 Member \u2013 Membre - Consulente<br> Legionarios de Cristo\n<br>Telf.: Telef.: (1) 608 208 7172<br>\nE-mail: delavega@legionaries.org<\/p><\/div><\/div>\t\t\t\t<\/div>\n\t\t\t\t<\/div>\n\t\t\t\t<div class=\"elementor-element elementor-element-9efbe0a elementor-position-left elementor-vertical-align-top elementor-widget elementor-widget-image-box\" data-id=\"9efbe0a\" data-element_type=\"widget\" data-e-type=\"widget\" data-widget_type=\"image-box.default\">\n\t\t\t\t<div class=\"elementor-widget-container\">\n\t\t\t\t\t<div class=\"elementor-image-box-wrapper\"><figure class=\"elementor-image-box-img\"><img decoding=\"async\" src=\"https:\/\/operaeucharistica.org\/wp-content\/uploads\/elementor\/thumbs\/Maria-Jose-Vicente-Lengua-rlc24rp3htorqgewfmy29j4x39bj96lk9jxgx891dw.jpg\" title=\"Mari\u0301a Jose Vicente Lengua\" alt=\"Mari\u0301a Jose Vicente Lengua\" loading=\"lazy\" \/><\/figure><div class=\"elementor-image-box-content\"><h3 class=\"elementor-image-box-title\">Do\u00f1a MAR\u00cdA JOS\u00c9 VICENTE LENGUA<\/h3><p class=\"elementor-image-box-description\"><br>Consejero \u2013 Member \u2013 Membre - Consulente<br>Adoraci\u00f3n Nocturna Espa\u00f1ola\n<br>Telf.: (34) 645 785 443\nE-mail: mjovile@hotmail.com<\/p><\/div><\/div>\t\t\t\t<\/div>\n\t\t\t\t<\/div>\n\t\t\t\t<div class=\"elementor-element elementor-element-0e85399 elementor-position-left elementor-vertical-align-top elementor-widget elementor-widget-image-box\" data-id=\"0e85399\" data-element_type=\"widget\" data-e-type=\"widget\" data-widget_type=\"image-box.default\">\n\t\t\t\t<div class=\"elementor-widget-container\">\n\t\t\t\t\t<div class=\"elementor-image-box-wrapper\"><figure class=\"elementor-image-box-img\"><img decoding=\"async\" src=\"https:\/\/operaeucharistica.org\/wp-content\/uploads\/elementor\/thumbs\/Maria-Carrascosa-Perez-rlc25ahvaiei6nnldv2lnee4yyqvj4o704z6irh5xg.jpg\" title=\"Mari\u0301a Carrascosa Pe\u0301rez\" alt=\"Mari\u0301a Carrascosa Pe\u0301rez\" loading=\"lazy\" \/><\/figure><div class=\"elementor-image-box-content\"><h3 class=\"elementor-image-box-title\">Do\u00f1a MAR\u00cdA P\u00c9REZ CARRASCOA<\/h3><p class=\"elementor-image-box-description\"><br>Consejero \u2013 Member \u2013 Membre - Consulente<br>Adoraci\u00f3n Nocturna Espa\u00f1ola<br>Telf.: (34) 629 425 747\nE-mail: macarpe51@hotmail.com<\/p><\/div><\/div>\t\t\t\t<\/div>\n\t\t\t\t<\/div>\n\t\t\t\t<div class=\"elementor-element elementor-element-ba29007 elementor-position-left elementor-vertical-align-top elementor-widget elementor-widget-image-box\" data-id=\"ba29007\" data-element_type=\"widget\" data-e-type=\"widget\" data-widget_type=\"image-box.default\">\n\t\t\t\t<div class=\"elementor-widget-container\">\n\t\t\t\t\t<div class=\"elementor-image-box-wrapper\"><figure class=\"elementor-image-box-img\"><img decoding=\"async\" src=\"https:\/\/operaeucharistica.org\/wp-content\/uploads\/elementor\/thumbs\/Josue-Garcia-Martinez-rlc25w45np83los6vmf0qqxqmtsbg620r3zck4l3yc.jpg\" title=\"Josue Garci\u0301a Marti\u0301nez\" alt=\"Josue Garci\u0301a Marti\u0301nez\" loading=\"lazy\" \/><\/figure><div class=\"elementor-image-box-content\"><h3 class=\"elementor-image-box-title\">Rbdo. JOSUE GARC\u00cdA MARTINEZ <\/h3><p class=\"elementor-image-box-description\">Consejero experto en legislaci\u00f3n can\u00f3nica- Expert advisor in canon law - Conseiller expert en droit canonique - Consigliere esperto in diritto canonico <br> Adoraci\u00f3n Nocturna Espa\u00f1ola<br>Telf.: (34) 666 219 852\nE-mail: jogama06@gmail.com<\/p><\/div><\/div>\t\t\t\t<\/div>\n\t\t\t\t<\/div>\n\t\t\t\t<div class=\"elementor-element elementor-element-19ce42c elementor-position-left elementor-vertical-align-top elementor-widget elementor-widget-image-box\" data-id=\"19ce42c\" data-element_type=\"widget\" data-e-type=\"widget\" data-widget_type=\"image-box.default\">\n\t\t\t\t<div class=\"elementor-widget-container\">\n\t\t\t\t\t<div class=\"elementor-image-box-wrapper\"><figure class=\"elementor-image-box-img\"><img decoding=\"async\" src=\"https:\/\/operaeucharistica.org\/wp-content\/uploads\/elementor\/thumbs\/Captura-de-pantalla-2025-01-31-a-las-12.43.30-r0tg6ct9u6gpj6m8g2ekhb6yofm9k8g87asp7r6s78.png\" title=\"Captura de pantalla 2025-01-31 a las 12.43.30\" alt=\"Captura de pantalla 2025-01-31 a las 12.43.30\" loading=\"lazy\" \/><\/figure><div class=\"elementor-image-box-content\"><h3 class=\"elementor-image-box-title\">Don Ivan Gon\u00e7alves Pielak<\/h3><p class=\"elementor-image-box-description\"><br>Consejero Responsable de Comunicaci\u00f3n e Inform\u00e1tica\n- Member Head of Communication and Technology -\nMembre Responsable de la Communication et de la Technologie-\nConsulente Comunicazione responsablile e Informatica<br> \n<br>Telf.: (34) 744 73 6 94<br>\nE-mail: ivangpielak@gmail.com<\/p><\/div><\/div>\t\t\t\t<\/div>\n\t\t\t\t<\/div>\n\t\t\t\t<div class=\"elementor-element elementor-element-daa34d9 elementor-position-left elementor-vertical-align-top elementor-widget elementor-widget-image-box\" data-id=\"daa34d9\" data-element_type=\"widget\" data-e-type=\"widget\" data-widget_type=\"image-box.default\">\n\t\t\t\t<div class=\"elementor-widget-container\">\n\t\t\t\t\t<div class=\"elementor-image-box-wrapper\"><figure class=\"elementor-image-box-img\"><img decoding=\"async\" src=\"https:\/\/operaeucharistica.org\/wp-content\/uploads\/elementor\/thumbs\/Captura-de-pantalla-2025-01-31-a-las-12.43.56-r0tgnk8wy00o27mgz05pmgvq5ct5grrc8gpoh3ocas.png\" title=\"Captura de pantalla 2025-01-31 a las 12.43.56\" alt=\"Captura de pantalla 2025-01-31 a las 12.43.56\" loading=\"lazy\" \/><\/figure><div class=\"elementor-image-box-content\"><h3 class=\"elementor-image-box-title\">Don JOS\u00c9 \u00c1NGEL CASERO LINARES<\/h3><p class=\"elementor-image-box-description\"><br>Presidente de Honor - President of Hoor\nPr\u00e9sident d\u2019Honneur - Presidente de Onore<br> Adoraci\u00f3n Nocturna Espa\u00f1ola\n<br>Telf.: (34) 926 22 02 83 (34) 609 16 06 70<br>\nE-mail: info@opera-eucharistica.org<\/p><\/div><\/div>\t\t\t\t<\/div>\n\t\t\t\t<\/div>\n\t\t\t\t<div class=\"elementor-element elementor-element-28274be elementor-position-left elementor-vertical-align-top elementor-widget elementor-widget-image-box\" data-id=\"28274be\" data-element_type=\"widget\" data-e-type=\"widget\" data-widget_type=\"image-box.default\">\n\t\t\t\t<div class=\"elementor-widget-container\">\n\t\t\t\t\t<div class=\"elementor-image-box-wrapper\"><figure class=\"elementor-image-box-img\"><img decoding=\"async\" src=\"https:\/\/operaeucharistica.org\/wp-content\/uploads\/elementor\/thumbs\/Captura-de-pantalla-2025-01-31-a-las-12.44.01-r0tgpe1m8eiqmwywasllh09zqbsufl0jtido2gys78.png\" title=\"Captura de pantalla 2025-01-31 a las 12.44.01\" alt=\"Captura de pantalla 2025-01-31 a las 12.44.01\" loading=\"lazy\" \/><\/figure><div class=\"elementor-image-box-content\"><h3 class=\"elementor-image-box-title\">Pbro. D. RAFAEL IBARGUREN SCHINDLER, E.P.<\/h3><p class=\"elementor-image-box-description\"><br>Consiliario de Honor - Adviser of Honor\nConseiller d'Honneur - Consiliario de Onore<br> Heraldos del Evangelio\n<br>Telf.: (55) 11 4485 0007<br>\nE-mail: rafaelibarguren@heraldos.info<\/p><\/div><\/div>\t\t\t\t<\/div>\n\t\t\t\t<\/div>\n\t\t\t\t\t<\/div>\n\t\t\t\t<\/div>\n\t\t<div class=\"elementor-element elementor-element-9257d26 e-flex e-con-boxed e-con e-parent\" data-id=\"9257d26\" data-element_type=\"container\" data-e-type=\"container\">\n\t\t\t\t\t<div class=\"e-con-inner\">\n\t\t\t\t<div class=\"elementor-element elementor-element-ad2240d elementor-cta--skin-cover elementor-widget__width-inherit https:\/\/operaeucharistica.org\/home\/miembrosdelconsejo\/ elementor-animated-content elementor-bg-transform elementor-bg-transform-zoom-in elementor-widget elementor-widget-call-to-action\" data-id=\"ad2240d\" data-element_type=\"widget\" data-e-type=\"widget\" id=\"https:\/\/operaeucharistica.org\/home\/miembrosdelconsejo\/\" data-widget_type=\"call-to-action.default\">\n\t\t\t\t<div class=\"elementor-widget-container\">\n\t\t\t\t\t\t\t<a class=\"elementor-cta\" href=\"https:\/\/operaeucharistica.org\/home\/miembrosdelconsejo\/\">\n\t\t\t\t\t<div class=\"elementor-cta__bg-wrapper\">\n\t\t\t\t<div class=\"elementor-cta__bg elementor-bg\" style=\"background-image: url(https:\/\/operaeucharistica.org\/wp-content\/uploads\/2025\/02\/Sin-titulo-3240-x-1350-px-4-1024x427.jpg);\" role=\"img\" aria-label=\"Sin ti\u0301tulo (3240 x 1350 px) (4)\"><\/div>\n\t\t\t\t<div class=\"elementor-cta__bg-overlay\"><\/div>\n\t\t\t<\/div>\n\t\t\t\t\t\t\t<div class=\"elementor-cta__content\">\n\t\t\t\t\n\t\t\t\t\t\t\t\t\t<h2 class=\"elementor-cta__title elementor-cta__content-item elementor-content-item elementor-animated-item--grow\">\n\t\t\t\t\t\tMiembros de la Federaci\u00f3n\t\t\t\t\t<\/h2>\n\t\t\t\t\n\t\t\t\t\n\t\t\t\t\t\t\t\t\t<div class=\"elementor-cta__button-wrapper elementor-cta__content-item elementor-content-item elementor-animated-item--grow\">\n\t\t\t\t\t<span class=\"elementor-cta__button elementor-button elementor-size-\">\n\t\t\t\t\t\tMiembros\t\t\t\t\t<\/span>\n\t\t\t\t\t<\/div>\n\t\t\t\t\t\t\t<\/div>\n\t\t\t\t\t\t<\/a>\n\t\t\t\t\t\t<\/div>\n\t\t\t\t<\/div>\n\t\t\t\t\t<\/div>\n\t\t\t\t<\/div>\n\t\t\t\t<\/div>\n\t\t","protected":false},"excerpt":{"rendered":"<p>Quienes somos Adoremos in Aeternum Sanctissimum Sacramentum La Federaci\u00f3n Mundial de las Obras Eucar\u00edsticas de la Iglesia, es una Confederaci\u00f3n de Asociaciones seglares. El lema de la Federaci\u00f3n es:&nbsp;Adoremos in Aetermun Sanctissimum Sacramentum. Podr\u00e1n ser miembros de la misma todas las Entidades de car\u00e1cter nacional o territorial que, en todo el mundo, tengan como finalidad [&hellip;]<\/p>\n","protected":false},"author":1,"featured_media":0,"parent":0,"menu_order":0,"comment_status":"closed","ping_status":"closed","template":"elementor_header_footer","meta":{"_joinchat":[],"footnotes":""},"class_list":["post-2178","page","type-page","status-publish","hentry"],"yoast_head":"<!-- This site is optimized with the Yoast SEO plugin v24.3 - https:\/\/yoast.com\/wordpress\/plugins\/seo\/ -->\n<title>Quienes Somos - Opera Eucharistica<\/title>\n<meta name=\"robots\" content=\"noindex, follow, max-snippet:-1, max-image-preview:large, max-video-preview:-1\" \/>\n<meta property=\"og:locale\" content=\"es_ES\" \/>\n<meta property=\"og:type\" content=\"article\" \/>\n<meta property=\"og:title\" content=\"Quienes Somos - Opera Eucharistica\" \/>\n<meta property=\"og:description\" content=\"Quienes somos Adoremos in Aeternum Sanctissimum Sacramentum La Federaci\u00f3n Mundial de las Obras Eucar\u00edsticas de la Iglesia, es una Confederaci\u00f3n de Asociaciones seglares. El lema de la Federaci\u00f3n es:&nbsp;Adoremos in Aetermun Sanctissimum Sacramentum. Podr\u00e1n ser miembros de la misma todas las Entidades de car\u00e1cter nacional o territorial que, en todo el mundo, tengan como finalidad [&hellip;]\" \/>\n<meta property=\"og:url\" content=\"https:\/\/operaeucharistica.org\/home\/quienessomos\/\" \/>\n<meta property=\"og:site_name\" content=\"Opera Eucharistica\" \/>\n<meta property=\"article:publisher\" content=\"https:\/\/www.facebook.com\/ttecumviajes\/\" \/>\n<meta property=\"article:modified_time\" content=\"2026-04-15T00:32:01+00:00\" \/>\n<meta property=\"og:image\" content=\"https:\/\/operaeucharistica.org\/wp-content\/uploads\/elementor\/thumbs\/Captura-de-pantalla-2025-01-31-a-las-12.42.06-r0tdhp2r1i57mr0qva9p2pajk01g0qpwwvp6lei81w.png\" \/>\n<meta name=\"twitter:card\" content=\"summary_large_image\" \/>\n<meta name=\"twitter:label1\" content=\"Tiempo de lectura\" \/>\n\t<meta name=\"twitter:data1\" content=\"8 minutos\" \/>\n<script type=\"application\/ld+json\" class=\"yoast-schema-graph\">{\"@context\":\"https:\/\/schema.org\",\"@graph\":[{\"@type\":\"WebPage\",\"@id\":\"https:\/\/operaeucharistica.org\/home\/quienessomos\/\",\"url\":\"https:\/\/operaeucharistica.org\/home\/quienessomos\/\",\"name\":\"Quienes Somos - Opera Eucharistica\",\"isPartOf\":{\"@id\":\"https:\/\/operaeucharistica.org\/home\/#website\"},\"primaryImageOfPage\":{\"@id\":\"https:\/\/operaeucharistica.org\/home\/quienessomos\/#primaryimage\"},\"image\":{\"@id\":\"https:\/\/operaeucharistica.org\/home\/quienessomos\/#primaryimage\"},\"thumbnailUrl\":\"https:\/\/operaeucharistica.org\/wp-content\/uploads\/elementor\/thumbs\/Captura-de-pantalla-2025-01-31-a-las-12.42.06-r0tdhp2r1i57mr0qva9p2pajk01g0qpwwvp6lei81w.png\",\"datePublished\":\"2025-01-31T11:28:25+00:00\",\"dateModified\":\"2026-04-15T00:32:01+00:00\",\"breadcrumb\":{\"@id\":\"https:\/\/operaeucharistica.org\/home\/quienessomos\/#breadcrumb\"},\"inLanguage\":\"es\",\"potentialAction\":[{\"@type\":\"ReadAction\",\"target\":[\"https:\/\/operaeucharistica.org\/home\/quienessomos\/\"]}]},{\"@type\":\"ImageObject\",\"inLanguage\":\"es\",\"@id\":\"https:\/\/operaeucharistica.org\/home\/quienessomos\/#primaryimage\",\"url\":\"https:\/\/operaeucharistica.org\/wp-content\/uploads\/elementor\/thumbs\/Captura-de-pantalla-2025-01-31-a-las-12.42.06-r0tdhp2r1i57mr0qva9p2pajk01g0qpwwvp6lei81w.png\",\"contentUrl\":\"https:\/\/operaeucharistica.org\/wp-content\/uploads\/elementor\/thumbs\/Captura-de-pantalla-2025-01-31-a-las-12.42.06-r0tdhp2r1i57mr0qva9p2pajk01g0qpwwvp6lei81w.png\"},{\"@type\":\"BreadcrumbList\",\"@id\":\"https:\/\/operaeucharistica.org\/home\/quienessomos\/#breadcrumb\",\"itemListElement\":[{\"@type\":\"ListItem\",\"position\":1,\"name\":\"Portada\",\"item\":\"https:\/\/operaeucharistica.org\/home\/\"},{\"@type\":\"ListItem\",\"position\":2,\"name\":\"Quienes Somos\"}]},{\"@type\":\"WebSite\",\"@id\":\"https:\/\/operaeucharistica.org\/home\/#website\",\"url\":\"https:\/\/operaeucharistica.org\/home\/\",\"name\":\"Tecum Viajes\",\"description\":\"Fundac\u00edon de las Obras Eucaristicas\",\"potentialAction\":[{\"@type\":\"SearchAction\",\"target\":{\"@type\":\"EntryPoint\",\"urlTemplate\":\"https:\/\/operaeucharistica.org\/home\/?s={search_term_string}\"},\"query-input\":{\"@type\":\"PropertyValueSpecification\",\"valueRequired\":true,\"valueName\":\"search_term_string\"}}],\"inLanguage\":\"es\"}]}<\/script>\n<!-- \/ Yoast SEO plugin. -->","yoast_head_json":{"title":"Quienes Somos - Opera Eucharistica","robots":{"index":"noindex","follow":"follow","max-snippet":"max-snippet:-1","max-image-preview":"max-image-preview:large","max-video-preview":"max-video-preview:-1"},"og_locale":"es_ES","og_type":"article","og_title":"Quienes Somos - Opera Eucharistica","og_description":"Quienes somos Adoremos in Aeternum Sanctissimum Sacramentum La Federaci\u00f3n Mundial de las Obras Eucar\u00edsticas de la Iglesia, es una Confederaci\u00f3n de Asociaciones seglares. El lema de la Federaci\u00f3n es:&nbsp;Adoremos in Aetermun Sanctissimum Sacramentum. Podr\u00e1n ser miembros de la misma todas las Entidades de car\u00e1cter nacional o territorial que, en todo el mundo, tengan como finalidad [&hellip;]","og_url":"https:\/\/operaeucharistica.org\/home\/quienessomos\/","og_site_name":"Opera Eucharistica","article_publisher":"https:\/\/www.facebook.com\/ttecumviajes\/","article_modified_time":"2026-04-15T00:32:01+00:00","og_image":[{"url":"https:\/\/operaeucharistica.org\/wp-content\/uploads\/elementor\/thumbs\/Captura-de-pantalla-2025-01-31-a-las-12.42.06-r0tdhp2r1i57mr0qva9p2pajk01g0qpwwvp6lei81w.png","type":"","width":"","height":""}],"twitter_card":"summary_large_image","twitter_misc":{"Tiempo de lectura":"8 minutos"},"schema":{"@context":"https:\/\/schema.org","@graph":[{"@type":"WebPage","@id":"https:\/\/operaeucharistica.org\/home\/quienessomos\/","url":"https:\/\/operaeucharistica.org\/home\/quienessomos\/","name":"Quienes Somos - Opera Eucharistica","isPartOf":{"@id":"https:\/\/operaeucharistica.org\/home\/#website"},"primaryImageOfPage":{"@id":"https:\/\/operaeucharistica.org\/home\/quienessomos\/#primaryimage"},"image":{"@id":"https:\/\/operaeucharistica.org\/home\/quienessomos\/#primaryimage"},"thumbnailUrl":"https:\/\/operaeucharistica.org\/wp-content\/uploads\/elementor\/thumbs\/Captura-de-pantalla-2025-01-31-a-las-12.42.06-r0tdhp2r1i57mr0qva9p2pajk01g0qpwwvp6lei81w.png","datePublished":"2025-01-31T11:28:25+00:00","dateModified":"2026-04-15T00:32:01+00:00","breadcrumb":{"@id":"https:\/\/operaeucharistica.org\/home\/quienessomos\/#breadcrumb"},"inLanguage":"es","potentialAction":[{"@type":"ReadAction","target":["https:\/\/operaeucharistica.org\/home\/quienessomos\/"]}]},{"@type":"ImageObject","inLanguage":"es","@id":"https:\/\/operaeucharistica.org\/home\/quienessomos\/#primaryimage","url":"https:\/\/operaeucharistica.org\/wp-content\/uploads\/elementor\/thumbs\/Captura-de-pantalla-2025-01-31-a-las-12.42.06-r0tdhp2r1i57mr0qva9p2pajk01g0qpwwvp6lei81w.png","contentUrl":"https:\/\/operaeucharistica.org\/wp-content\/uploads\/elementor\/thumbs\/Captura-de-pantalla-2025-01-31-a-las-12.42.06-r0tdhp2r1i57mr0qva9p2pajk01g0qpwwvp6lei81w.png"},{"@type":"BreadcrumbList","@id":"https:\/\/operaeucharistica.org\/home\/quienessomos\/#breadcrumb","itemListElement":[{"@type":"ListItem","position":1,"name":"Portada","item":"https:\/\/operaeucharistica.org\/home\/"},{"@type":"ListItem","position":2,"name":"Quienes Somos"}]},{"@type":"WebSite","@id":"https:\/\/operaeucharistica.org\/home\/#website","url":"https:\/\/operaeucharistica.org\/home\/","name":"Tecum Viajes","description":"Fundac\u00edon de las Obras Eucaristicas","potentialAction":[{"@type":"SearchAction","target":{"@type":"EntryPoint","urlTemplate":"https:\/\/operaeucharistica.org\/home\/?s={search_term_string}"},"query-input":{"@type":"PropertyValueSpecification","valueRequired":true,"valueName":"search_term_string"}}],"inLanguage":"es"}]}},"_links":{"self":[{"href":"https:\/\/operaeucharistica.org\/home\/wp-json\/wp\/v2\/pages\/2178","targetHints":{"allow":["GET"]}}],"collection":[{"href":"https:\/\/operaeucharistica.org\/home\/wp-json\/wp\/v2\/pages"}],"about":[{"href":"https:\/\/operaeucharistica.org\/home\/wp-json\/wp\/v2\/types\/page"}],"author":[{"embeddable":true,"href":"https:\/\/operaeucharistica.org\/home\/wp-json\/wp\/v2\/users\/1"}],"replies":[{"embeddable":true,"href":"https:\/\/operaeucharistica.org\/home\/wp-json\/wp\/v2\/comments?post=2178"}],"version-history":[{"count":133,"href":"https:\/\/operaeucharistica.org\/home\/wp-json\/wp\/v2\/pages\/2178\/revisions"}],"predecessor-version":[{"id":3483,"href":"https:\/\/operaeucharistica.org\/home\/wp-json\/wp\/v2\/pages\/2178\/revisions\/3483"}],"wp:attachment":[{"href":"https:\/\/operaeucharistica.org\/home\/wp-json\/wp\/v2\/media?parent=2178"}],"curies":[{"name":"wp","href":"https:\/\/api.w.org\/{rel}","templated":true}]}}