{"id":2091,"date":"2025-01-28T19:26:48","date_gmt":"2025-01-28T18:26:48","guid":{"rendered":"https:\/\/operaeucharistica.org\/?page_id=2091"},"modified":"2026-02-23T22:32:45","modified_gmt":"2026-02-23T21:32:45","slug":"home","status":"publish","type":"page","link":"https:\/\/operaeucharistica.org\/home\/","title":{"rendered":"Home"},"content":{"rendered":"\t\t<div data-elementor-type=\"wp-page\" data-elementor-id=\"2091\" class=\"elementor elementor-2091\" data-elementor-post-type=\"page\">\n\t\t\t\t<div class=\"elementor-element elementor-element-60bd1d8 e-flex e-con-boxed e-con e-parent\" data-id=\"60bd1d8\" data-element_type=\"container\" data-e-type=\"container\" data-settings=\"{&quot;background_background&quot;:&quot;classic&quot;}\">\n\t\t\t\t\t<div class=\"e-con-inner\">\n\t\t\t\t<div class=\"elementor-element elementor-element-4d50414 elementor-widget__width-initial elementor-widget elementor-widget-heading\" data-id=\"4d50414\" data-element_type=\"widget\" data-e-type=\"widget\" data-widget_type=\"heading.default\">\n\t\t\t\t<div class=\"elementor-widget-container\">\n\t\t\t\t\t<h1 class=\"elementor-heading-title elementor-size-default\">Federaci\u00f3n Mundial <br>\nde las Obras Eucaristicas <br>de la Iglesia<\/h1>\t\t\t\t<\/div>\n\t\t\t\t<\/div>\n\t\t\t\t<div class=\"elementor-element elementor-element-1d4a817 elementor-widget elementor-widget-text-editor\" data-id=\"1d4a817\" data-element_type=\"widget\" data-e-type=\"widget\" data-widget_type=\"text-editor.default\">\n\t\t\t\t<div class=\"elementor-widget-container\">\n\t\t\t\t\t\t\t\t\t<p><strong>Adoremos in Aeternum Sanctissimum Sacramentum<\/strong><\/p>\t\t\t\t\t\t\t\t<\/div>\n\t\t\t\t<\/div>\n\t\t\t\t<div class=\"elementor-element elementor-element-9273318 elementor-button-success elementor-mobile-align-justify elementor-widget-mobile__width-inherit elementor-widget elementor-widget-button\" data-id=\"9273318\" data-element_type=\"widget\" data-e-type=\"widget\" data-widget_type=\"button.default\">\n\t\t\t\t<div class=\"elementor-widget-container\">\n\t\t\t\t\t\t\t\t\t<div class=\"elementor-button-wrapper\">\n\t\t\t\t\t<a class=\"elementor-button elementor-button-link elementor-size-sm elementor-animation-grow\" href=\"https:\/\/buy.stripe.com\/cN21671S8a13cSsfYY\">\n\t\t\t\t\t\t<span class=\"elementor-button-content-wrapper\">\n\t\t\t\t\t\t\t\t\t<span class=\"elementor-button-text\">DONACIONES<\/span>\n\t\t\t\t\t<\/span>\n\t\t\t\t\t<\/a>\n\t\t\t\t<\/div>\n\t\t\t\t\t\t\t\t<\/div>\n\t\t\t\t<\/div>\n\t\t\t\t<div class=\"elementor-element elementor-element-6fb09b6 elementor-button-success elementor-mobile-align-justify elementor-widget-mobile__width-inherit elementor-widget elementor-widget-button\" data-id=\"6fb09b6\" data-element_type=\"widget\" data-e-type=\"widget\" data-widget_type=\"button.default\">\n\t\t\t\t<div class=\"elementor-widget-container\">\n\t\t\t\t\t\t\t\t\t<div class=\"elementor-button-wrapper\">\n\t\t\t\t\t<a class=\"elementor-button elementor-button-link elementor-size-sm\" href=\"https:\/\/teams.microsoft.com\/l\/meetup-join\/19%3ameeting_ODc0YWJhNjMtYzBiZS00ZTY3LWIzYzYtMTllMzMwOWNiNmIw%40thread.v2\/0?context=%7b%22Tid%22%3a%22b0e8dcd3-d8b9-4ada-ac10-5a720ecf408d%22%2c%22Oid%22%3a%22db6112db-7c1a-4d35-bf04-4f5960db9e1f%22%7d\">\n\t\t\t\t\t\t<span class=\"elementor-button-content-wrapper\">\n\t\t\t\t\t\t\t\t\t<span class=\"elementor-button-text\">SALA DE REUNI\u00d3N<\/span>\n\t\t\t\t\t<\/span>\n\t\t\t\t\t<\/a>\n\t\t\t\t<\/div>\n\t\t\t\t\t\t\t\t<\/div>\n\t\t\t\t<\/div>\n\t\t\t\t\t<\/div>\n\t\t\t\t<\/div>\n\t\t<div class=\"elementor-element elementor-element-5ba1dc5 e-flex e-con-boxed e-con e-parent\" data-id=\"5ba1dc5\" data-element_type=\"container\" data-e-type=\"container\">\n\t\t\t\t\t<div class=\"e-con-inner\">\n\t\t\t\t<div class=\"elementor-element elementor-element-bc97425 elementor-widget elementor-widget-image\" data-id=\"bc97425\" data-element_type=\"widget\" data-e-type=\"widget\" data-widget_type=\"image.default\">\n\t\t\t\t<div class=\"elementor-widget-container\">\n\t\t\t\t\t\t\t\t\t\t\t\t\t\t\t<img fetchpriority=\"high\" decoding=\"async\" width=\"724\" height=\"1024\" src=\"https:\/\/operaeucharistica.org\/wp-content\/uploads\/2026\/02\/WhatsApp-Image-2026-02-21-at-10.13.09-724x1024.jpeg\" class=\"attachment-large size-large wp-image-3344\" alt=\"\" srcset=\"https:\/\/operaeucharistica.org\/wp-content\/uploads\/2026\/02\/WhatsApp-Image-2026-02-21-at-10.13.09-724x1024.jpeg 724w, https:\/\/operaeucharistica.org\/wp-content\/uploads\/2026\/02\/WhatsApp-Image-2026-02-21-at-10.13.09-212x300.jpeg 212w, https:\/\/operaeucharistica.org\/wp-content\/uploads\/2026\/02\/WhatsApp-Image-2026-02-21-at-10.13.09-768x1086.jpeg 768w, https:\/\/operaeucharistica.org\/wp-content\/uploads\/2026\/02\/WhatsApp-Image-2026-02-21-at-10.13.09-1086x1536.jpeg 1086w, https:\/\/operaeucharistica.org\/wp-content\/uploads\/2026\/02\/WhatsApp-Image-2026-02-21-at-10.13.09.jpeg 1131w\" sizes=\"(max-width: 724px) 100vw, 724px\" \/>\t\t\t\t\t\t\t\t\t\t\t\t\t\t\t<\/div>\n\t\t\t\t<\/div>\n\t\t<div class=\"elementor-element elementor-element-8fed171 e-con-full e-flex e-con e-child\" data-id=\"8fed171\" data-element_type=\"container\" data-e-type=\"container\">\n\t\t\t\t<div class=\"elementor-element elementor-element-55d7cfc elementor-widget elementor-widget-heading\" data-id=\"55d7cfc\" data-element_type=\"widget\" data-e-type=\"widget\" data-widget_type=\"heading.default\">\n\t\t\t\t<div class=\"elementor-widget-container\">\n\t\t\t\t\t<h2 class=\"elementor-heading-title elementor-size-default\">\u00a1Prep\u00e1rate para vivir un nuevo camino de fe en 2026!<\/h2>\t\t\t\t<\/div>\n\t\t\t\t<\/div>\n\t\t\t\t<div class=\"elementor-element elementor-element-abb5e9a elementor-widget elementor-widget-text-editor\" data-id=\"abb5e9a\" data-element_type=\"widget\" data-e-type=\"widget\" data-widget_type=\"text-editor.default\">\n\t\t\t\t<div class=\"elementor-widget-container\">\n\t\t\t\t\t\t\t\t\t<p class=\"p1\">Os proponemos una peregrinaci\u00f3n profundamente centrada en el Inmaculado Coraz\u00f3n de Mar\u00eda y en aquellos que fueron sus ap\u00f3stoles y testigos fieles.<\/p><p class=\"p1\">Comenzaremos en Coria, donde la reliquia eucar\u00edstica que all\u00ed se venera dar\u00e1 el tono espiritual a todo nuestro camino, invit\u00e1ndonos a entrar en el misterio del Amor presente en la Eucarist\u00eda. Continuaremos hacia F\u00e1tima, coraz\u00f3n del Mensaje mariano, donde recordaremos las apariciones de 1917 y acogeremos su llamada a la conversi\u00f3n, la oraci\u00f3n y la reparaci\u00f3n, tan actual para nuestro tiempo.<\/p><p class=\"p1\">En Co\u00edmbra nos acercaremos a la figura de la Hermana Luc\u00eda, profundizando en su misi\u00f3n y en la fidelidad con la que custodi\u00f3 el Mensaje. Despu\u00e9s, en Balazar, conoceremos el testimonio de otra alma marcada por el Coraz\u00f3n de Mar\u00eda, cuya vida sencilla y ofrecida nos invita a replantear nuestras prioridades a la luz del Evangelio.<\/p><p class=\"p1\">Ya en Galicia, Pontevedra nos unir\u00e1 a la tradici\u00f3n jacobea y nos permitir\u00e1 ganar el Jubileo concedido por el Papa Le\u00f3n XIV con motivo del centenario de la culminaci\u00f3n del Mensaje de F\u00e1tima, fortaleciendo as\u00ed nuestro compromiso de fe.<\/p><p class=\"p1\">Finalmente, Puebla de Sanabria, con su encanto medieval y su atm\u00f3sfera serena, ser\u00e1 el marco perfecto para recoger los frutos espirituales del camino y concluir juntos esta peregrinaci\u00f3n de gracia.<\/p><p class=\"p1\">Ser\u00e1 un tiempo de <span class=\"s1\"><b>oraci\u00f3n, comuni\u00f3n y renovaci\u00f3n espiritual<\/b><\/span>, caminando juntos, celebrando la Eucarist\u00eda y dejando que cada paso fortalezca nuestra fe.<\/p>\t\t\t\t\t\t\t\t<\/div>\n\t\t\t\t<\/div>\n\t\t<div class=\"elementor-element elementor-element-d88e9ea e-grid e-con-full e-con e-child\" data-id=\"d88e9ea\" data-element_type=\"container\" data-e-type=\"container\">\n\t\t\t\t<div class=\"elementor-element elementor-element-ff3d51d elementor-button-success elementor-mobile-align-justify elementor-widget__width-initial elementor-widget elementor-widget-button\" data-id=\"ff3d51d\" data-element_type=\"widget\" data-e-type=\"widget\" data-widget_type=\"button.default\">\n\t\t\t\t<div class=\"elementor-widget-container\">\n\t\t\t\t\t\t\t\t\t<div class=\"elementor-button-wrapper\">\n\t\t\t\t\t<a class=\"elementor-button elementor-button-link elementor-size-sm\" href=\"https:\/\/operaeucharistica.org\/wp-content\/uploads\/2026\/02\/FMOE-FATIMA-2026-AGOSTO-v4.pdf\">\n\t\t\t\t\t\t<span class=\"elementor-button-content-wrapper\">\n\t\t\t\t\t\t\t\t\t<span class=\"elementor-button-text\">PROGRAMACI\u00d3N<\/span>\n\t\t\t\t\t<\/span>\n\t\t\t\t\t<\/a>\n\t\t\t\t<\/div>\n\t\t\t\t\t\t\t\t<\/div>\n\t\t\t\t<\/div>\n\t\t\t\t<div class=\"elementor-element elementor-element-0daa3a6 elementor-button-success elementor-mobile-align-justify elementor-widget__width-initial elementor-widget elementor-widget-button\" data-id=\"0daa3a6\" data-element_type=\"widget\" data-e-type=\"widget\" data-widget_type=\"button.default\">\n\t\t\t\t<div class=\"elementor-widget-container\">\n\t\t\t\t\t\t\t\t\t<div class=\"elementor-button-wrapper\">\n\t\t\t\t\t<a class=\"elementor-button elementor-button-link elementor-size-sm\" href=\"https:\/\/operaeucharistica.org\/wp-content\/uploads\/2026\/02\/Bolentin-de-Inscripcion-FMOEI.pdf\">\n\t\t\t\t\t\t<span class=\"elementor-button-content-wrapper\">\n\t\t\t\t\t\t\t\t\t<span class=\"elementor-button-text\">BOLET\u00cdN DE INSCRIPCI\u00d3N<\/span>\n\t\t\t\t\t<\/span>\n\t\t\t\t\t<\/a>\n\t\t\t\t<\/div>\n\t\t\t\t\t\t\t\t<\/div>\n\t\t\t\t<\/div>\n\t\t\t\t<div class=\"elementor-element elementor-element-b1e9b13 elementor-button-success elementor-mobile-align-justify elementor-widget elementor-widget-button\" data-id=\"b1e9b13\" data-element_type=\"widget\" data-e-type=\"widget\" data-widget_type=\"button.default\">\n\t\t\t\t<div class=\"elementor-widget-container\">\n\t\t\t\t\t\t\t\t\t<div class=\"elementor-button-wrapper\">\n\t\t\t\t\t<a class=\"elementor-button elementor-button-link elementor-size-sm\" href=\"https:\/\/reservas.tecumviajes.com\/grupos\/viajes\/12899?grupo=ftima\">\n\t\t\t\t\t\t<span class=\"elementor-button-content-wrapper\">\n\t\t\t\t\t\t\t\t\t<span class=\"elementor-button-text\">APUNTAT\u00c9 YA<\/span>\n\t\t\t\t\t<\/span>\n\t\t\t\t\t<\/a>\n\t\t\t\t<\/div>\n\t\t\t\t\t\t\t\t<\/div>\n\t\t\t\t<\/div>\n\t\t\t\t<\/div>\n\t\t\t\t<\/div>\n\t\t\t\t\t<\/div>\n\t\t\t\t<\/div>\n\t\t<div class=\"elementor-element elementor-element-365da82 e-flex e-con-boxed e-con e-parent\" data-id=\"365da82\" data-element_type=\"container\" data-e-type=\"container\">\n\t\t\t\t\t<div class=\"e-con-inner\">\n\t\t<div class=\"elementor-element elementor-element-1f57535 e-con-full e-flex e-con e-child\" data-id=\"1f57535\" data-element_type=\"container\" data-e-type=\"container\">\n\t\t\t\t<div class=\"elementor-element elementor-element-a40b751 elementor-widget elementor-widget-heading\" data-id=\"a40b751\" data-element_type=\"widget\" data-e-type=\"widget\" data-widget_type=\"heading.default\">\n\t\t\t\t<div class=\"elementor-widget-container\">\n\t\t\t\t\t<h2 class=\"elementor-heading-title elementor-size-default\">\u00a1Peregrinaci\u00f3n y Jornadas de la Federaci\u00f3n 2025!<\/h2>\t\t\t\t<\/div>\n\t\t\t\t<\/div>\n\t\t\t\t<div class=\"elementor-element elementor-element-96a4f85 elementor-widget elementor-widget-text-editor\" data-id=\"96a4f85\" data-element_type=\"widget\" data-e-type=\"widget\" data-widget_type=\"text-editor.default\">\n\t\t\t\t<div class=\"elementor-widget-container\">\n\t\t\t\t\t\t\t\t\t<p style=\"text-align: left;\">Revive todo nuestro camino durante este a\u00f1o de 2025!<\/p><p style=\"text-align: left;\">Desde nuestra peregrinaci\u00f3n a Roma, cruzando la <strong>Puerta Santa<\/strong> y viviendo momentos \u00fanicos ante los milagros eucar\u00edsticos en Italia, hasta nuestro encuentro anual en Valencia, donde <strong>compartimos una experiencia de comuni\u00f3n \u00fanica<\/strong> y profundamente eucar\u00edstica con Jes\u00fas Sacramentado.<\/p>\t\t\t\t\t\t\t\t<\/div>\n\t\t\t\t<\/div>\n\t\t\t\t<div class=\"elementor-element elementor-element-658fdea elementor-button-success elementor-mobile-align-justify elementor-widget elementor-widget-button\" data-id=\"658fdea\" data-element_type=\"widget\" data-e-type=\"widget\" data-widget_type=\"button.default\">\n\t\t\t\t<div class=\"elementor-widget-container\">\n\t\t\t\t\t\t\t\t\t<div class=\"elementor-button-wrapper\">\n\t\t\t\t\t<a class=\"elementor-button elementor-button-link elementor-size-sm\" href=\"https:\/\/operaeucharistica.org\/home\/milagreseucaristicositalia\/\">\n\t\t\t\t\t\t<span class=\"elementor-button-content-wrapper\">\n\t\t\t\t\t\t\t\t\t<span class=\"elementor-button-text\">CONOCE M\u00c1S<\/span>\n\t\t\t\t\t<\/span>\n\t\t\t\t\t<\/a>\n\t\t\t\t<\/div>\n\t\t\t\t\t\t\t\t<\/div>\n\t\t\t\t<\/div>\n\t\t\t\t<\/div>\n\t\t\t\t<div class=\"elementor-element elementor-element-0a4233f elementor-widget__width-inherit elementor-widget elementor-widget-image\" data-id=\"0a4233f\" data-element_type=\"widget\" data-e-type=\"widget\" data-widget_type=\"image.default\">\n\t\t\t\t<div class=\"elementor-widget-container\">\n\t\t\t\t\t\t\t\t\t\t\t\t\t\t\t<img decoding=\"async\" width=\"800\" height=\"631\" src=\"https:\/\/operaeucharistica.org\/wp-content\/uploads\/2025\/12\/ab96e243-fdec-46e7-9e02-23fd16f87e87-1024x808.jpg\" class=\"attachment-large size-large wp-image-3054\" alt=\"\" srcset=\"https:\/\/operaeucharistica.org\/wp-content\/uploads\/2025\/12\/ab96e243-fdec-46e7-9e02-23fd16f87e87-1024x808.jpg 1024w, https:\/\/operaeucharistica.org\/wp-content\/uploads\/2025\/12\/ab96e243-fdec-46e7-9e02-23fd16f87e87-300x237.jpg 300w, https:\/\/operaeucharistica.org\/wp-content\/uploads\/2025\/12\/ab96e243-fdec-46e7-9e02-23fd16f87e87-768x606.jpg 768w, https:\/\/operaeucharistica.org\/wp-content\/uploads\/2025\/12\/ab96e243-fdec-46e7-9e02-23fd16f87e87-1536x1211.jpg 1536w, https:\/\/operaeucharistica.org\/wp-content\/uploads\/2025\/12\/ab96e243-fdec-46e7-9e02-23fd16f87e87.jpg 2048w\" sizes=\"(max-width: 800px) 100vw, 800px\" \/>\t\t\t\t\t\t\t\t\t\t\t\t\t\t\t<\/div>\n\t\t\t\t<\/div>\n\t\t\t\t\t<\/div>\n\t\t\t\t<\/div>\n\t\t<div class=\"elementor-element elementor-element-fcd4e43 e-flex e-con-boxed e-con e-parent\" data-id=\"fcd4e43\" data-element_type=\"container\" data-e-type=\"container\">\n\t\t\t\t\t<div class=\"e-con-inner\">\n\t\t<div class=\"elementor-element elementor-element-05b3586 e-con-full e-flex e-con e-child\" data-id=\"05b3586\" data-element_type=\"container\" data-e-type=\"container\">\n\t\t\t\t<div class=\"elementor-element elementor-element-a6e1d8b elementor-widget__width-inherit elementor-widget elementor-widget-image\" data-id=\"a6e1d8b\" data-element_type=\"widget\" data-e-type=\"widget\" data-widget_type=\"image.default\">\n\t\t\t\t<div class=\"elementor-widget-container\">\n\t\t\t\t\t\t\t\t\t\t\t\t\t\t\t<img decoding=\"async\" width=\"800\" height=\"670\" src=\"https:\/\/operaeucharistica.org\/wp-content\/uploads\/2025\/01\/Sin-titulo-1224-x-1024-px-1024x857.jpg\" class=\"attachment-large size-large wp-image-2116\" alt=\"\" srcset=\"https:\/\/operaeucharistica.org\/wp-content\/uploads\/2025\/01\/Sin-titulo-1224-x-1024-px-1024x857.jpg 1024w, https:\/\/operaeucharistica.org\/wp-content\/uploads\/2025\/01\/Sin-titulo-1224-x-1024-px-300x251.jpg 300w, https:\/\/operaeucharistica.org\/wp-content\/uploads\/2025\/01\/Sin-titulo-1224-x-1024-px-768x643.jpg 768w, https:\/\/operaeucharistica.org\/wp-content\/uploads\/2025\/01\/Sin-titulo-1224-x-1024-px.jpg 1224w\" sizes=\"(max-width: 800px) 100vw, 800px\" \/>\t\t\t\t\t\t\t\t\t\t\t\t\t\t\t<\/div>\n\t\t\t\t<\/div>\n\t\t\t\t<\/div>\n\t\t<div class=\"elementor-element elementor-element-59d483f e-con-full e-flex e-con e-child\" data-id=\"59d483f\" data-element_type=\"container\" data-e-type=\"container\">\n\t\t\t\t<div class=\"elementor-element elementor-element-05668ff elementor-widget-divider--view-line elementor-widget elementor-widget-divider\" data-id=\"05668ff\" data-element_type=\"widget\" data-e-type=\"widget\" data-widget_type=\"divider.default\">\n\t\t\t\t<div class=\"elementor-widget-container\">\n\t\t\t\t\t\t\t<div class=\"elementor-divider\">\n\t\t\t<span class=\"elementor-divider-separator\">\n\t\t\t\t\t\t<\/span>\n\t\t<\/div>\n\t\t\t\t\t\t<\/div>\n\t\t\t\t<\/div>\n\t\t\t\t<div class=\"elementor-element elementor-element-7ef39c4 elementor-widget elementor-widget-heading\" data-id=\"7ef39c4\" data-element_type=\"widget\" data-e-type=\"widget\" data-widget_type=\"heading.default\">\n\t\t\t\t<div class=\"elementor-widget-container\">\n\t\t\t\t\t<h2 class=\"elementor-heading-title elementor-size-default\">Sobre Nosotros <\/h2>\t\t\t\t<\/div>\n\t\t\t\t<\/div>\n\t\t\t\t<div class=\"elementor-element elementor-element-bb35518 elementor-widget elementor-widget-text-editor\" data-id=\"bb35518\" data-element_type=\"widget\" data-e-type=\"widget\" data-widget_type=\"text-editor.default\">\n\t\t\t\t<div class=\"elementor-widget-container\">\n\t\t\t\t\t\t\t\t\t<div class=\"dad65929\"><div class=\"f9bf7997 d7dc56a8 c05b5566\" style=\"text-align: left;\"><div class=\"ds-markdown ds-markdown--block\"><p>La Federaci\u00f3n Mundial de las Obras Eucar\u00edsticas de la Iglesia es una confederaci\u00f3n de asociaciones seglares dedicadas al culto y adoraci\u00f3n del Sant\u00edsimo Sacramento. Nuestro lema,\u00a0<em>\u00ab<strong>Adoremos in Aeternum Sanctissimum Sacramentum<\/strong>\u00ab<\/em>, refleja nuestro compromiso con la difusi\u00f3n de esta devoci\u00f3n. Fomentamos la hermandad entre miembros, apoyamos la creaci\u00f3n de nuevas entidades y trabajamos para mantener un censo actualizado de asociaciones eucar\u00edsticas en todo el mundo. Buscamos colaboraci\u00f3n activa de nuestros miembros para fortalecer esta misi\u00f3n espiritual.<\/p><\/div><\/div><\/div>\t\t\t\t\t\t\t\t<\/div>\n\t\t\t\t<\/div>\n\t\t\t\t<div class=\"elementor-element elementor-element-ae43c6d elementor-button-success elementor-mobile-align-justify elementor-widget elementor-widget-button\" data-id=\"ae43c6d\" data-element_type=\"widget\" data-e-type=\"widget\" data-widget_type=\"button.default\">\n\t\t\t\t<div class=\"elementor-widget-container\">\n\t\t\t\t\t\t\t\t\t<div class=\"elementor-button-wrapper\">\n\t\t\t\t\t<a class=\"elementor-button elementor-button-link elementor-size-sm\" href=\"https:\/\/operaeucharistica.org\/quienessomos\/\/\">\n\t\t\t\t\t\t<span class=\"elementor-button-content-wrapper\">\n\t\t\t\t\t\t\t\t\t<span class=\"elementor-button-text\">CONOCE M\u00c1S<\/span>\n\t\t\t\t\t<\/span>\n\t\t\t\t\t<\/a>\n\t\t\t\t<\/div>\n\t\t\t\t\t\t\t\t<\/div>\n\t\t\t\t<\/div>\n\t\t\t\t<\/div>\n\t\t\t\t\t<\/div>\n\t\t\t\t<\/div>\n\t\t<div class=\"elementor-element elementor-element-7f7d46b e-flex e-con-boxed e-con e-parent\" data-id=\"7f7d46b\" data-element_type=\"container\" data-e-type=\"container\">\n\t\t\t\t\t<div class=\"e-con-inner\">\n\t\t\t\t<div class=\"elementor-element elementor-element-2fbd7f5 elementor-cta--skin-cover elementor-animated-content elementor-bg-transform elementor-bg-transform-zoom-in elementor-widget elementor-widget-call-to-action\" data-id=\"2fbd7f5\" data-element_type=\"widget\" data-e-type=\"widget\" data-widget_type=\"call-to-action.default\">\n\t\t\t\t<div class=\"elementor-widget-container\">\n\t\t\t\t\t\t\t<div class=\"elementor-cta\">\n\t\t\t\t\t<div class=\"elementor-cta__bg-wrapper\">\n\t\t\t\t<div class=\"elementor-cta__bg elementor-bg\" style=\"background-image: url(https:\/\/operaeucharistica.org\/wp-content\/uploads\/2025\/03\/Banner-Revista-de-Moda-Elegante-Negro-1024x512.jpg);\" role=\"img\" aria-label=\"Banner Revista de Moda Elegante Negro\"><\/div>\n\t\t\t\t<div class=\"elementor-cta__bg-overlay\"><\/div>\n\t\t\t<\/div>\n\t\t\t\t\t\t\t<div class=\"elementor-cta__content\">\n\t\t\t\t\n\t\t\t\t\t\t\t\t\t<h2 class=\"elementor-cta__title elementor-cta__content-item elementor-content-item elementor-animated-item--grow\">\n\t\t\t\t\t\t\u00a1\u00danete a nuestro grupo exclusivo de WhatsApp!\t\t\t\t\t<\/h2>\n\t\t\t\t\n\t\t\t\t\t\t\t\t\t<div class=\"elementor-cta__description elementor-cta__content-item elementor-content-item elementor-animated-item--grow\">\n\t\t\t\t\t\tRecibe mensajes de fe, esperanza y devoci\u00f3n a Jes\u00fas Sacramentado, <br>y fortalece tu camino espiritual cada d\u00eda.\t\t\t\t\t<\/div>\n\t\t\t\t\n\t\t\t\t\t\t\t\t\t<div class=\"elementor-cta__button-wrapper elementor-cta__content-item elementor-content-item elementor-animated-item--grow\">\n\t\t\t\t\t<a class=\"elementor-cta__button elementor-button elementor-size-\" href=\"https:\/\/chat.whatsapp.com\/Kc284AXtZ2N7HZAXcOGH8u\">\n\t\t\t\t\t\tEnlace\t\t\t\t\t<\/a>\n\t\t\t\t\t<\/div>\n\t\t\t\t\t\t\t<\/div>\n\t\t\t\t\t\t<\/div>\n\t\t\t\t\t\t<\/div>\n\t\t\t\t<\/div>\n\t\t\t\t\t<\/div>\n\t\t\t\t<\/div>\n\t\t<div class=\"elementor-element elementor-element-776e322 e-flex e-con-boxed e-con e-parent\" data-id=\"776e322\" data-element_type=\"container\" data-e-type=\"container\">\n\t\t\t\t\t<div class=\"e-con-inner\">\n\t\t\t\t<div class=\"elementor-element elementor-element-96f95e5 elementor-cta--skin-cover elementor-animated-content elementor-bg-transform elementor-bg-transform-zoom-in elementor-widget elementor-widget-call-to-action\" data-id=\"96f95e5\" data-element_type=\"widget\" data-e-type=\"widget\" data-widget_type=\"call-to-action.default\">\n\t\t\t\t<div class=\"elementor-widget-container\">\n\t\t\t\t\t\t\t<div class=\"elementor-cta\">\n\t\t\t\t\t<div class=\"elementor-cta__bg-wrapper\">\n\t\t\t\t<div class=\"elementor-cta__bg elementor-bg\" style=\"background-image: url(https:\/\/operaeucharistica.org\/wp-content\/uploads\/2025\/04\/Banner-Revista-de-Moda-Elegante-Negro-1-1024x512.jpg);\" role=\"img\" aria-label=\"Banner Revista de Moda Elegante Negro (1)\"><\/div>\n\t\t\t\t<div class=\"elementor-cta__bg-overlay\"><\/div>\n\t\t\t<\/div>\n\t\t\t\t\t\t\t<div class=\"elementor-cta__content\">\n\t\t\t\t\n\t\t\t\t\t\t\t\t\t<h2 class=\"elementor-cta__title elementor-cta__content-item elementor-content-item elementor-animated-item--grow\">\n\t\t\t\t\t\tMantente al d\u00eda tambi\u00e9n a <br>trav\u00e9s de nuestro canal de noticias\t\t\t\t\t<\/h2>\n\t\t\t\t\n\t\t\t\t\t\t\t\t\t<div class=\"elementor-cta__description elementor-cta__content-item elementor-content-item elementor-animated-item--grow\">\n\t\t\t\t\t\tAccede a reflexiones, oraciones y contenidos que alimentan el alma, <br>directamente desde nuestro canal de noticia.\t\t\t\t\t<\/div>\n\t\t\t\t\n\t\t\t\t\t\t\t\t\t<div class=\"elementor-cta__button-wrapper elementor-cta__content-item elementor-content-item elementor-animated-item--grow\">\n\t\t\t\t\t<a class=\"elementor-cta__button elementor-button elementor-size-\" href=\"https:\/\/whatsapp.com\/channel\/0029Vb5HUkb6GcGH9WMLEM0M\">\n\t\t\t\t\t\tEnlace\t\t\t\t\t<\/a>\n\t\t\t\t\t<\/div>\n\t\t\t\t\t\t\t<\/div>\n\t\t\t\t\t\t<\/div>\n\t\t\t\t\t\t<\/div>\n\t\t\t\t<\/div>\n\t\t\t\t\t<\/div>\n\t\t\t\t<\/div>\n\t\t<div class=\"elementor-element elementor-element-684b472 e-flex e-con-boxed e-con e-parent\" data-id=\"684b472\" data-element_type=\"container\" data-e-type=\"container\">\n\t\t\t\t\t<div class=\"e-con-inner\">\n\t\t\t\t<div class=\"elementor-element elementor-element-20af80d elementor-widget-divider--view-line elementor-widget elementor-widget-divider\" data-id=\"20af80d\" data-element_type=\"widget\" data-e-type=\"widget\" data-widget_type=\"divider.default\">\n\t\t\t\t<div class=\"elementor-widget-container\">\n\t\t\t\t\t\t\t<div class=\"elementor-divider\">\n\t\t\t<span class=\"elementor-divider-separator\">\n\t\t\t\t\t\t<\/span>\n\t\t<\/div>\n\t\t\t\t\t\t<\/div>\n\t\t\t\t<\/div>\n\t\t\t\t<div class=\"elementor-element elementor-element-3b2318f elementor-widget__width-inherit elementor-widget elementor-widget-heading\" data-id=\"3b2318f\" data-element_type=\"widget\" data-e-type=\"widget\" data-widget_type=\"heading.default\">\n\t\t\t\t<div class=\"elementor-widget-container\">\n\t\t\t\t\t<h3 class=\"elementor-heading-title elementor-size-default\">Formaci\u00f3n <\/h3>\t\t\t\t<\/div>\n\t\t\t\t<\/div>\n\t\t\t\t<div class=\"elementor-element elementor-element-960dd62 elementor-widget__width-initial elementor-position-top elementor-widget elementor-widget-image-box\" data-id=\"960dd62\" data-element_type=\"widget\" data-e-type=\"widget\" data-widget_type=\"image-box.default\">\n\t\t\t\t<div class=\"elementor-widget-container\">\n\t\t\t\t\t<div class=\"elementor-image-box-wrapper\"><figure class=\"elementor-image-box-img\"><img loading=\"lazy\" decoding=\"async\" width=\"1224\" height=\"1024\" src=\"https:\/\/operaeucharistica.org\/wp-content\/uploads\/2025\/01\/Sin-titulo-1224-x-1024-px-3.jpg\" class=\"attachment-full size-full wp-image-2132\" alt=\"\" srcset=\"https:\/\/operaeucharistica.org\/wp-content\/uploads\/2025\/01\/Sin-titulo-1224-x-1024-px-3.jpg 1224w, https:\/\/operaeucharistica.org\/wp-content\/uploads\/2025\/01\/Sin-titulo-1224-x-1024-px-3-300x251.jpg 300w, https:\/\/operaeucharistica.org\/wp-content\/uploads\/2025\/01\/Sin-titulo-1224-x-1024-px-3-1024x857.jpg 1024w, https:\/\/operaeucharistica.org\/wp-content\/uploads\/2025\/01\/Sin-titulo-1224-x-1024-px-3-768x643.jpg 768w\" sizes=\"(max-width: 1224px) 100vw, 1224px\" \/><\/figure><div class=\"elementor-image-box-content\"><h3 class=\"elementor-image-box-title\">Espiritualidad <\/h3><p class=\"elementor-image-box-description\">Fe viva y profunda<\/p><\/div><\/div>\t\t\t\t<\/div>\n\t\t\t\t<\/div>\n\t\t\t\t<div class=\"elementor-element elementor-element-e910ce2 elementor-widget__width-initial elementor-position-top elementor-widget elementor-widget-image-box\" data-id=\"e910ce2\" data-element_type=\"widget\" data-e-type=\"widget\" data-widget_type=\"image-box.default\">\n\t\t\t\t<div class=\"elementor-widget-container\">\n\t\t\t\t\t<div class=\"elementor-image-box-wrapper\"><figure class=\"elementor-image-box-img\"><a href=\"https:\/\/operaeucharistica.org\/home\/patrondelafederacion\/\" tabindex=\"-1\"><img loading=\"lazy\" decoding=\"async\" width=\"1224\" height=\"1024\" src=\"https:\/\/operaeucharistica.org\/wp-content\/uploads\/2025\/01\/Sin-titulo-1224-x-1024-px-2.jpg\" class=\"attachment-full size-full wp-image-2130\" alt=\"\" srcset=\"https:\/\/operaeucharistica.org\/wp-content\/uploads\/2025\/01\/Sin-titulo-1224-x-1024-px-2.jpg 1224w, https:\/\/operaeucharistica.org\/wp-content\/uploads\/2025\/01\/Sin-titulo-1224-x-1024-px-2-300x251.jpg 300w, https:\/\/operaeucharistica.org\/wp-content\/uploads\/2025\/01\/Sin-titulo-1224-x-1024-px-2-1024x857.jpg 1024w, https:\/\/operaeucharistica.org\/wp-content\/uploads\/2025\/01\/Sin-titulo-1224-x-1024-px-2-768x643.jpg 768w\" sizes=\"(max-width: 1224px) 100vw, 1224px\" \/><\/a><\/figure><div class=\"elementor-image-box-content\"><h3 class=\"elementor-image-box-title\"><a href=\"https:\/\/operaeucharistica.org\/home\/patrondelafederacion\/\">San Juan Pablo II<\/a><\/h3><p class=\"elementor-image-box-description\">Patr\u00f3n de la Federaci\u00f3n<\/p><\/div><\/div>\t\t\t\t<\/div>\n\t\t\t\t<\/div>\n\t\t\t\t<div class=\"elementor-element elementor-element-dcba967 elementor-widget__width-initial elementor-position-top elementor-widget elementor-widget-image-box\" data-id=\"dcba967\" data-element_type=\"widget\" data-e-type=\"widget\" data-widget_type=\"image-box.default\">\n\t\t\t\t<div class=\"elementor-widget-container\">\n\t\t\t\t\t<div class=\"elementor-image-box-wrapper\"><figure class=\"elementor-image-box-img\"><a href=\"https:\/\/operaeucharistica.org\/home\/?page_id=2787&#038;preview=true\" tabindex=\"-1\"><img loading=\"lazy\" decoding=\"async\" width=\"1224\" height=\"1024\" src=\"https:\/\/operaeucharistica.org\/wp-content\/uploads\/2025\/01\/Sin-titulo-1224-x-1024-px.png\" class=\"attachment-full size-full wp-image-2133\" alt=\"\" srcset=\"https:\/\/operaeucharistica.org\/wp-content\/uploads\/2025\/01\/Sin-titulo-1224-x-1024-px.png 1224w, https:\/\/operaeucharistica.org\/wp-content\/uploads\/2025\/01\/Sin-titulo-1224-x-1024-px-300x251.png 300w, https:\/\/operaeucharistica.org\/wp-content\/uploads\/2025\/01\/Sin-titulo-1224-x-1024-px-1024x857.png 1024w, https:\/\/operaeucharistica.org\/wp-content\/uploads\/2025\/01\/Sin-titulo-1224-x-1024-px-768x643.png 768w\" sizes=\"(max-width: 1224px) 100vw, 1224px\" \/><\/a><\/figure><div class=\"elementor-image-box-content\"><h3 class=\"elementor-image-box-title\"><a href=\"https:\/\/operaeucharistica.org\/home\/?page_id=2787&#038;preview=true\">Publicaciones <\/a><\/h3><p class=\"elementor-image-box-description\"> Palabras que inspiran<\/p><\/div><\/div>\t\t\t\t<\/div>\n\t\t\t\t<\/div>\n\t\t\t\t<div class=\"elementor-element elementor-element-e5f7d18 elementor-widget__width-initial elementor-position-top elementor-widget elementor-widget-image-box\" data-id=\"e5f7d18\" data-element_type=\"widget\" data-e-type=\"widget\" data-widget_type=\"image-box.default\">\n\t\t\t\t<div class=\"elementor-widget-container\">\n\t\t\t\t\t<div class=\"elementor-image-box-wrapper\"><figure class=\"elementor-image-box-img\"><a href=\"https:\/\/operaeucharistica.org\/home\/charlas\/\" tabindex=\"-1\"><img loading=\"lazy\" decoding=\"async\" width=\"1224\" height=\"1024\" src=\"https:\/\/operaeucharistica.org\/wp-content\/uploads\/2025\/01\/Sin-titulo-1224-x-1024-px-4.jpg\" class=\"attachment-full size-full wp-image-2134\" alt=\"\" srcset=\"https:\/\/operaeucharistica.org\/wp-content\/uploads\/2025\/01\/Sin-titulo-1224-x-1024-px-4.jpg 1224w, https:\/\/operaeucharistica.org\/wp-content\/uploads\/2025\/01\/Sin-titulo-1224-x-1024-px-4-300x251.jpg 300w, https:\/\/operaeucharistica.org\/wp-content\/uploads\/2025\/01\/Sin-titulo-1224-x-1024-px-4-1024x857.jpg 1024w, https:\/\/operaeucharistica.org\/wp-content\/uploads\/2025\/01\/Sin-titulo-1224-x-1024-px-4-768x643.jpg 768w\" sizes=\"(max-width: 1224px) 100vw, 1224px\" \/><\/a><\/figure><div class=\"elementor-image-box-content\"><h3 class=\"elementor-image-box-title\"><a href=\"https:\/\/operaeucharistica.org\/home\/charlas\/\">Charlas <\/a><\/h3><p class=\"elementor-image-box-description\">Unidad en la fe<\/p><\/div><\/div>\t\t\t\t<\/div>\n\t\t\t\t<\/div>\n\t\t\t\t<div class=\"elementor-element elementor-element-cb6346e elementor-widget__width-initial elementor-position-top elementor-widget elementor-widget-image-box\" data-id=\"cb6346e\" data-element_type=\"widget\" data-e-type=\"widget\" data-widget_type=\"image-box.default\">\n\t\t\t\t<div class=\"elementor-widget-container\">\n\t\t\t\t\t<div class=\"elementor-image-box-wrapper\"><figure class=\"elementor-image-box-img\"><a href=\"https:\/\/operaeucharistica.org\/articulos\/\" tabindex=\"-1\"><img loading=\"lazy\" decoding=\"async\" width=\"1224\" height=\"1024\" src=\"https:\/\/operaeucharistica.org\/wp-content\/uploads\/2025\/01\/Sin-titulo-1224-x-1024-px-6.jpg\" class=\"attachment-full size-full wp-image-2135\" alt=\"\" srcset=\"https:\/\/operaeucharistica.org\/wp-content\/uploads\/2025\/01\/Sin-titulo-1224-x-1024-px-6.jpg 1224w, https:\/\/operaeucharistica.org\/wp-content\/uploads\/2025\/01\/Sin-titulo-1224-x-1024-px-6-300x251.jpg 300w, https:\/\/operaeucharistica.org\/wp-content\/uploads\/2025\/01\/Sin-titulo-1224-x-1024-px-6-1024x857.jpg 1024w, https:\/\/operaeucharistica.org\/wp-content\/uploads\/2025\/01\/Sin-titulo-1224-x-1024-px-6-768x643.jpg 768w\" sizes=\"(max-width: 1224px) 100vw, 1224px\" \/><\/a><\/figure><div class=\"elementor-image-box-content\"><h3 class=\"elementor-image-box-title\"><a href=\"https:\/\/operaeucharistica.org\/articulos\/\">Meditaciones <\/a><\/h3><p class=\"elementor-image-box-description\">Reflexi\u00f3n para el alma<\/p><\/div><\/div>\t\t\t\t<\/div>\n\t\t\t\t<\/div>\n\t\t\t\t<div class=\"elementor-element elementor-element-f48a0f3 elementor-widget__width-initial elementor-position-top elementor-widget elementor-widget-image-box\" data-id=\"f48a0f3\" data-element_type=\"widget\" data-e-type=\"widget\" data-widget_type=\"image-box.default\">\n\t\t\t\t<div class=\"elementor-widget-container\">\n\t\t\t\t\t<div class=\"elementor-image-box-wrapper\"><figure class=\"elementor-image-box-img\"><a href=\"https:\/\/operaeucharistica.org\/home\/bibliografia\/\" tabindex=\"-1\"><img loading=\"lazy\" decoding=\"async\" width=\"1224\" height=\"1024\" src=\"https:\/\/operaeucharistica.org\/wp-content\/uploads\/2025\/01\/Sin-titulo-1224-x-1024-px-5.jpg\" class=\"attachment-full size-full wp-image-2136\" alt=\"\" srcset=\"https:\/\/operaeucharistica.org\/wp-content\/uploads\/2025\/01\/Sin-titulo-1224-x-1024-px-5.jpg 1224w, https:\/\/operaeucharistica.org\/wp-content\/uploads\/2025\/01\/Sin-titulo-1224-x-1024-px-5-300x251.jpg 300w, https:\/\/operaeucharistica.org\/wp-content\/uploads\/2025\/01\/Sin-titulo-1224-x-1024-px-5-1024x857.jpg 1024w, https:\/\/operaeucharistica.org\/wp-content\/uploads\/2025\/01\/Sin-titulo-1224-x-1024-px-5-768x643.jpg 768w\" sizes=\"(max-width: 1224px) 100vw, 1224px\" \/><\/a><\/figure><div class=\"elementor-image-box-content\"><h3 class=\"elementor-image-box-title\"><a href=\"https:\/\/operaeucharistica.org\/home\/bibliografia\/\">Bibliografia <\/a><\/h3><p class=\"elementor-image-box-description\">Sabidur\u00eda para crecer<\/p><\/div><\/div>\t\t\t\t<\/div>\n\t\t\t\t<\/div>\n\t\t\t\t\t<\/div>\n\t\t\t\t<\/div>\n\t\t<div class=\"elementor-element elementor-element-1c45453 e-flex e-con-boxed e-con e-parent\" data-id=\"1c45453\" data-element_type=\"container\" data-e-type=\"container\" data-settings=\"{&quot;background_background&quot;:&quot;classic&quot;}\">\n\t\t\t\t\t<div class=\"e-con-inner\">\n\t\t<div class=\"elementor-element elementor-element-3dd61f5 e-con-full e-flex e-con e-child\" data-id=\"3dd61f5\" data-element_type=\"container\" data-e-type=\"container\" data-settings=\"{&quot;background_background&quot;:&quot;classic&quot;}\">\n\t\t<div class=\"elementor-element elementor-element-d9c9e1e e-con-full e-flex e-con e-child\" data-id=\"d9c9e1e\" data-element_type=\"container\" data-e-type=\"container\" data-settings=\"{&quot;background_background&quot;:&quot;classic&quot;}\">\n\t\t\t\t<\/div>\n\t\t<div class=\"elementor-element elementor-element-5c67564 e-con-full e-flex e-con e-child\" data-id=\"5c67564\" data-element_type=\"container\" data-e-type=\"container\" data-settings=\"{&quot;background_background&quot;:&quot;classic&quot;}\">\n\t\t\t\t<div class=\"elementor-element elementor-element-2c218b5 elementor-widget elementor-widget-heading\" data-id=\"2c218b5\" data-element_type=\"widget\" data-e-type=\"widget\" data-widget_type=\"heading.default\">\n\t\t\t\t<div class=\"elementor-widget-container\">\n\t\t\t\t\t<h2 class=\"elementor-heading-title elementor-size-default\">V Jornadas Eucar\u00edsticas Interasociaciones<\/h2>\t\t\t\t<\/div>\n\t\t\t\t<\/div>\n\t\t\t\t<div class=\"elementor-element elementor-element-1887b47 elementor-widget elementor-widget-text-editor\" data-id=\"1887b47\" data-element_type=\"widget\" data-e-type=\"widget\" data-widget_type=\"text-editor.default\">\n\t\t\t\t<div class=\"elementor-widget-container\">\n\t\t\t\t\t\t\t\t\t<p class=\"p1\">\u00danete a la <span class=\"s1\"><b>V Jornada Eucar\u00edstica en Valencia<\/b><\/span>, del <span class=\"s1\"><b>21 al 23 de noviembre<\/b><\/span>. Tres d\u00edas de oraci\u00f3n, adoraci\u00f3n y encuentro con Cristo presente en la Eucarist\u00eda. Vive momentos de fe profunda, conferencias inspiradoras y celebraciones que fortalecer\u00e1n tu vida espiritual. \u00a1No pierdas la oportunidad de ser parte de esta experiencia \u00fanica en comunidad!<\/p>\t\t\t\t\t\t\t\t<\/div>\n\t\t\t\t<\/div>\n\t\t\t\t<div class=\"elementor-element elementor-element-737b29f elementor-button-success elementor-mobile-align-justify elementor-widget-mobile__width-inherit elementor-widget elementor-widget-button\" data-id=\"737b29f\" data-element_type=\"widget\" data-e-type=\"widget\" data-widget_type=\"button.default\">\n\t\t\t\t<div class=\"elementor-widget-container\">\n\t\t\t\t\t\t\t\t\t<div class=\"elementor-button-wrapper\">\n\t\t\t\t\t<a class=\"elementor-button elementor-button-link elementor-size-sm\" href=\"https:\/\/operaeucharistica.org\/home\/jornadaseucaristicas\/\">\n\t\t\t\t\t\t<span class=\"elementor-button-content-wrapper\">\n\t\t\t\t\t\t\t\t\t<span class=\"elementor-button-text\">CONOCE M\u00c1S<\/span>\n\t\t\t\t\t<\/span>\n\t\t\t\t\t<\/a>\n\t\t\t\t<\/div>\n\t\t\t\t\t\t\t\t<\/div>\n\t\t\t\t<\/div>\n\t\t\t\t<\/div>\n\t\t\t\t<\/div>\n\t\t\t\t\t<\/div>\n\t\t\t\t<\/div>\n\t\t<div class=\"elementor-element elementor-element-cc6263d e-flex e-con-boxed e-con e-parent\" data-id=\"cc6263d\" data-element_type=\"container\" data-e-type=\"container\">\n\t\t\t\t\t<div class=\"e-con-inner\">\n\t\t\t\t\t<\/div>\n\t\t\t\t<\/div>\n\t\t\t\t<\/div>\n\t\t","protected":false},"excerpt":{"rendered":"<p>Federaci\u00f3n Mundial de las Obras Eucaristicas de la Iglesia Adoremos in Aeternum Sanctissimum Sacramentum DONACIONES SALA DE REUNI\u00d3N \u00a1Prep\u00e1rate para vivir un nuevo camino de fe en 2026! Os proponemos una peregrinaci\u00f3n profundamente centrada en el Inmaculado Coraz\u00f3n de Mar\u00eda y en aquellos que fueron sus ap\u00f3stoles y testigos fieles. Comenzaremos en Coria, donde la [&hellip;]<\/p>\n","protected":false},"author":1,"featured_media":0,"parent":0,"menu_order":0,"comment_status":"closed","ping_status":"closed","template":"","meta":{"_joinchat":[],"footnotes":""},"class_list":["post-2091","page","type-page","status-publish","hentry"],"yoast_head":"<!-- This site is optimized with the Yoast SEO plugin v24.3 - https:\/\/yoast.com\/wordpress\/plugins\/seo\/ -->\n<title>Home - Opera Eucharistica<\/title>\n<meta name=\"robots\" content=\"noindex, follow, max-snippet:-1, max-image-preview:large, max-video-preview:-1\" \/>\n<meta property=\"og:locale\" content=\"es_ES\" \/>\n<meta property=\"og:type\" content=\"article\" \/>\n<meta property=\"og:title\" content=\"Home - Opera Eucharistica\" \/>\n<meta property=\"og:description\" content=\"Federaci\u00f3n Mundial de las Obras Eucaristicas de la Iglesia Adoremos in Aeternum Sanctissimum Sacramentum DONACIONES SALA DE REUNI\u00d3N \u00a1Prep\u00e1rate para vivir un nuevo camino de fe en 2026! Os proponemos una peregrinaci\u00f3n profundamente centrada en el Inmaculado Coraz\u00f3n de Mar\u00eda y en aquellos que fueron sus ap\u00f3stoles y testigos fieles. Comenzaremos en Coria, donde la [&hellip;]\" \/>\n<meta property=\"og:url\" content=\"https:\/\/operaeucharistica.org\/home\/\" \/>\n<meta property=\"og:site_name\" content=\"Opera Eucharistica\" \/>\n<meta property=\"article:publisher\" content=\"https:\/\/www.facebook.com\/ttecumviajes\/\" \/>\n<meta property=\"article:modified_time\" content=\"2026-02-23T21:32:45+00:00\" \/>\n<meta property=\"og:image\" content=\"https:\/\/operaeucharistica.org\/wp-content\/uploads\/2026\/02\/WhatsApp-Image-2026-02-21-at-10.13.09.jpeg\" \/>\n\t<meta property=\"og:image:width\" content=\"1131\" \/>\n\t<meta property=\"og:image:height\" content=\"1600\" \/>\n\t<meta property=\"og:image:type\" content=\"image\/jpeg\" \/>\n<meta name=\"twitter:card\" content=\"summary_large_image\" \/>\n<meta name=\"twitter:label1\" content=\"Tiempo de lectura\" \/>\n\t<meta name=\"twitter:data1\" content=\"5 minutos\" \/>\n<script type=\"application\/ld+json\" class=\"yoast-schema-graph\">{\"@context\":\"https:\/\/schema.org\",\"@graph\":[{\"@type\":\"WebPage\",\"@id\":\"https:\/\/operaeucharistica.org\/home\/\",\"url\":\"https:\/\/operaeucharistica.org\/home\/\",\"name\":\"Home - Opera Eucharistica\",\"isPartOf\":{\"@id\":\"https:\/\/operaeucharistica.org\/home\/#website\"},\"primaryImageOfPage\":{\"@id\":\"https:\/\/operaeucharistica.org\/home\/#primaryimage\"},\"image\":{\"@id\":\"https:\/\/operaeucharistica.org\/home\/#primaryimage\"},\"thumbnailUrl\":\"https:\/\/operaeucharistica.org\/wp-content\/uploads\/2026\/02\/WhatsApp-Image-2026-02-21-at-10.13.09-724x1024.jpeg\",\"datePublished\":\"2025-01-28T18:26:48+00:00\",\"dateModified\":\"2026-02-23T21:32:45+00:00\",\"breadcrumb\":{\"@id\":\"https:\/\/operaeucharistica.org\/home\/#breadcrumb\"},\"inLanguage\":\"es\",\"potentialAction\":[{\"@type\":\"ReadAction\",\"target\":[\"https:\/\/operaeucharistica.org\/home\/\"]}]},{\"@type\":\"ImageObject\",\"inLanguage\":\"es\",\"@id\":\"https:\/\/operaeucharistica.org\/home\/#primaryimage\",\"url\":\"https:\/\/operaeucharistica.org\/wp-content\/uploads\/2026\/02\/WhatsApp-Image-2026-02-21-at-10.13.09-724x1024.jpeg\",\"contentUrl\":\"https:\/\/operaeucharistica.org\/wp-content\/uploads\/2026\/02\/WhatsApp-Image-2026-02-21-at-10.13.09-724x1024.jpeg\"},{\"@type\":\"BreadcrumbList\",\"@id\":\"https:\/\/operaeucharistica.org\/home\/#breadcrumb\",\"itemListElement\":[{\"@type\":\"ListItem\",\"position\":1,\"name\":\"Portada\",\"item\":\"https:\/\/operaeucharistica.org\/home\/\"},{\"@type\":\"ListItem\",\"position\":2,\"name\":\"Home\"}]},{\"@type\":\"WebSite\",\"@id\":\"https:\/\/operaeucharistica.org\/home\/#website\",\"url\":\"https:\/\/operaeucharistica.org\/home\/\",\"name\":\"Tecum Viajes\",\"description\":\"Fundac\u00edon de las Obras Eucaristicas\",\"potentialAction\":[{\"@type\":\"SearchAction\",\"target\":{\"@type\":\"EntryPoint\",\"urlTemplate\":\"https:\/\/operaeucharistica.org\/home\/?s={search_term_string}\"},\"query-input\":{\"@type\":\"PropertyValueSpecification\",\"valueRequired\":true,\"valueName\":\"search_term_string\"}}],\"inLanguage\":\"es\"}]}<\/script>\n<!-- \/ Yoast SEO plugin. -->","yoast_head_json":{"title":"Home - Opera Eucharistica","robots":{"index":"noindex","follow":"follow","max-snippet":"max-snippet:-1","max-image-preview":"max-image-preview:large","max-video-preview":"max-video-preview:-1"},"og_locale":"es_ES","og_type":"article","og_title":"Home - Opera Eucharistica","og_description":"Federaci\u00f3n Mundial de las Obras Eucaristicas de la Iglesia Adoremos in Aeternum Sanctissimum Sacramentum DONACIONES SALA DE REUNI\u00d3N \u00a1Prep\u00e1rate para vivir un nuevo camino de fe en 2026! Os proponemos una peregrinaci\u00f3n profundamente centrada en el Inmaculado Coraz\u00f3n de Mar\u00eda y en aquellos que fueron sus ap\u00f3stoles y testigos fieles. Comenzaremos en Coria, donde la [&hellip;]","og_url":"https:\/\/operaeucharistica.org\/home\/","og_site_name":"Opera Eucharistica","article_publisher":"https:\/\/www.facebook.com\/ttecumviajes\/","article_modified_time":"2026-02-23T21:32:45+00:00","og_image":[{"width":1131,"height":1600,"url":"https:\/\/operaeucharistica.org\/wp-content\/uploads\/2026\/02\/WhatsApp-Image-2026-02-21-at-10.13.09.jpeg","type":"image\/jpeg"}],"twitter_card":"summary_large_image","twitter_misc":{"Tiempo de lectura":"5 minutos"},"schema":{"@context":"https:\/\/schema.org","@graph":[{"@type":"WebPage","@id":"https:\/\/operaeucharistica.org\/home\/","url":"https:\/\/operaeucharistica.org\/home\/","name":"Home - Opera Eucharistica","isPartOf":{"@id":"https:\/\/operaeucharistica.org\/home\/#website"},"primaryImageOfPage":{"@id":"https:\/\/operaeucharistica.org\/home\/#primaryimage"},"image":{"@id":"https:\/\/operaeucharistica.org\/home\/#primaryimage"},"thumbnailUrl":"https:\/\/operaeucharistica.org\/wp-content\/uploads\/2026\/02\/WhatsApp-Image-2026-02-21-at-10.13.09-724x1024.jpeg","datePublished":"2025-01-28T18:26:48+00:00","dateModified":"2026-02-23T21:32:45+00:00","breadcrumb":{"@id":"https:\/\/operaeucharistica.org\/home\/#breadcrumb"},"inLanguage":"es","potentialAction":[{"@type":"ReadAction","target":["https:\/\/operaeucharistica.org\/home\/"]}]},{"@type":"ImageObject","inLanguage":"es","@id":"https:\/\/operaeucharistica.org\/home\/#primaryimage","url":"https:\/\/operaeucharistica.org\/wp-content\/uploads\/2026\/02\/WhatsApp-Image-2026-02-21-at-10.13.09-724x1024.jpeg","contentUrl":"https:\/\/operaeucharistica.org\/wp-content\/uploads\/2026\/02\/WhatsApp-Image-2026-02-21-at-10.13.09-724x1024.jpeg"},{"@type":"BreadcrumbList","@id":"https:\/\/operaeucharistica.org\/home\/#breadcrumb","itemListElement":[{"@type":"ListItem","position":1,"name":"Portada","item":"https:\/\/operaeucharistica.org\/home\/"},{"@type":"ListItem","position":2,"name":"Home"}]},{"@type":"WebSite","@id":"https:\/\/operaeucharistica.org\/home\/#website","url":"https:\/\/operaeucharistica.org\/home\/","name":"Tecum Viajes","description":"Fundac\u00edon de las Obras Eucaristicas","potentialAction":[{"@type":"SearchAction","target":{"@type":"EntryPoint","urlTemplate":"https:\/\/operaeucharistica.org\/home\/?s={search_term_string}"},"query-input":{"@type":"PropertyValueSpecification","valueRequired":true,"valueName":"search_term_string"}}],"inLanguage":"es"}]}},"_links":{"self":[{"href":"https:\/\/operaeucharistica.org\/home\/wp-json\/wp\/v2\/pages\/2091","targetHints":{"allow":["GET"]}}],"collection":[{"href":"https:\/\/operaeucharistica.org\/home\/wp-json\/wp\/v2\/pages"}],"about":[{"href":"https:\/\/operaeucharistica.org\/home\/wp-json\/wp\/v2\/types\/page"}],"author":[{"embeddable":true,"href":"https:\/\/operaeucharistica.org\/home\/wp-json\/wp\/v2\/users\/1"}],"replies":[{"embeddable":true,"href":"https:\/\/operaeucharistica.org\/home\/wp-json\/wp\/v2\/comments?post=2091"}],"version-history":[{"count":160,"href":"https:\/\/operaeucharistica.org\/home\/wp-json\/wp\/v2\/pages\/2091\/revisions"}],"predecessor-version":[{"id":3359,"href":"https:\/\/operaeucharistica.org\/home\/wp-json\/wp\/v2\/pages\/2091\/revisions\/3359"}],"wp:attachment":[{"href":"https:\/\/operaeucharistica.org\/home\/wp-json\/wp\/v2\/media?parent=2091"}],"curies":[{"name":"wp","href":"https:\/\/api.w.org\/{rel}","templated":true}]}}